{"id":908,"date":"2022-08-28T22:10:57","date_gmt":"2022-08-28T20:10:57","guid":{"rendered":"https:\/\/sdf.hr\/?post_type=nada&#038;p=908"},"modified":"2023-03-25T12:22:26","modified_gmt":"2023-03-25T11:22:26","slug":"rolada-od-bundeve","status":"publish","type":"nada","link":"https:\/\/sdf.hr\/hr\/nada\/rolada-od-bundeve\/","title":{"rendered":"Rolada od bundeve"},"content":{"rendered":"<p>Listopad i studeni su u znaku prekrasnih boja koje donosi jesen, a jedna od najljep\u0161ih namirnica s kojom pripremam jela je bundeva. Moram priznati da mi je dra\u017ea u kola\u010dima nego u slanim jelima, \u0161to me poprili\u010dno iznenadilo jer sam bila skepti\u010dna prema toj ideji. No kako se kod nas odr\u017eava Bundevijada, festival posve\u0107en bundevi i jelima od bundeve, ku\u0161ala sam bezbroj jela i slastica pripremljenih od nje i moram re\u0107i da ne znate \u0161to propu\u0161tate ako jo\u0161 niste probali neki bundeva kola\u010d.<\/p>\n<p>U ovom kola\u010du bundeva se krije u so\u010dnom biskvitu, a krema se priprema od krem sira, slatkog vrhnja i meda te ne sadr\u017ei dodatni \u0161e\u0107er. Koristila sam pire pe\u010dene mu\u0161katne tikve, a dobra je i hokaido tikva jer je meso ovih vrsta aromati\u010dno i prekrasne boje. Naravno, mo\u017eete koristiti bundevu koja vam je dostupna. Moj savjet je da bundevu ispe\u010dete u pe\u0107nici (nare\u017eite je na dijelove, o\u010distite od sjemenki, pecite na 180 stupnjeva dok ne omek\u0161a, pa sastru\u017eite s kore slatko meso), pire propasirajte ili izradite \u0161tapnim mikserom i tada ga koristite u jelima i kola\u010dima. Biskvit sam pekla u limu dimenzija 28 puta 40 centimetara pa ako \u0107ete pe\u0107i u ve\u0107em, pove\u0107ajte koli\u010dinu sastojaka.<\/p>\n<h3>Sastojci za roladu od bundeve<\/h3>\n<p><strong><em>Za biskvit<\/em><\/strong><\/p>\n<p>80 g glatkog bra\u0161na<br \/>\n20 g o\u0161trog bra\u0161na<br \/>\n1 \u017eli\u010dica pra\u0161ka za pecivo<br \/>\n1\/2 \u017eli\u010dice sode bikarbone<br \/>\n1 \u017eli\u010dica cimeta<br \/>\nmalo ribanog mu\u0161katnog ora\u0161\u010di\u0107a<br \/>\nmalo mljevenog anisa<br \/>\nprstohvat soli<br \/>\n3 jaja<br \/>\n120 g \u0161e\u0107era<br \/>\n1 burbon vanilija \u0161e\u0107er<br \/>\n150 g pirea pe\u010dene bundeve<\/p>\n<p><strong><em>Za kremu<\/em><\/strong><\/p>\n<p>200 g krem sira<br \/>\n2 dl slatkog vrhnja (mlije\u010dno vrhnje s visokim udjelom masno\u0107e, nezasla\u0111eno)<br \/>\n2 \u017elice meda (koristila sam cvjetni med lokalnog OPG proizvo\u0111a\u010da)<\/p>\n<p><strong><em>Priprema<\/em><\/strong><\/p>\n<p>Uklju\u010dite pe\u0107nicu na 180 stupnjeva. Lim oblo\u017eite masnim papirom koji jo\u0161 malo namastite i pospite bra\u0161nom. U posudu za miksanje stavite cijela jaja i obje vrste \u0161e\u0107era. Dobro izradite smjesu. Smjesi dodajte pire pe\u010dene bundeve i izradite u glatku masu. Sve ostale suhe sastojke pomije\u0161ajte pa pomalo dodajte u smjesu jaja, \u0161e\u0107era i pirea bundeve mije\u0161aju\u0107i dok se sve ne sjedini. Izlijte smjesu u lim oblo\u017een masnim papirom te poravnajte. Obi\u010dno lupim par puta limom o podlogu da se smjesa poravna. Pecite nekih 30 minuta, provjerite \u010da\u010dkalicom je li biskvit gotov. Izvadite biskvit iz lima skupa s papirom, premjestite na \u010distu krpu te sve zajedno zarolajte u roladu. Ostavite da se ohladi.<\/p>\n<p>Za kremu izradite slatko vrhnje dok ne bude \u010dvrsto (pazite da ga ne izradite previ\u0161e jer \u0107e vam se odvojiti i zgrudati masno\u0107a, neka bude kao za \u0161lag), umije\u0161ajte izra\u0111en krem sir s dvije \u017elice meda. Sve pomije\u0161ajte da dobijete glatku kremu.<\/p>\n<p>Ohla\u0111en biskvit odmotajte i odvojite od masnog papira. Nama\u017eite s dvije tre\u0107ine kreme pa ponovo zamotajte roladu. Ostatkom kreme prema\u017eite cijeli kola\u010d. Ukrasite ga po \u017eelji, a ja sam stavila popr\u017eene bu\u010dine sjemenke i malo ribane bijele \u010dokolade. Kola\u010d ohladite, ali prije poslu\u017eivanja ga ostavite 10-ak minuta na sobnoj temperaturi.<\/p>\n<p>Dobar tek!<\/p>\n<p><em>pi\u0161e Valentina Vukadinovi\u0107<\/em><\/p>\n","protected":false},"excerpt":{"rendered":"<p>U ovom kola\u010du bundeva se krije u so\u010dnom biskvitu, a krema se priprema od krem sira, slatkog vrhnja i meda te ne sadr\u017ei dodatni \u0161e\u0107er<\/p>\n","protected":false},"featured_media":3047,"template":"","tags":[42],"atribut":[],"class_list":["post-908","nada","type-nada","status-publish","has-post-thumbnail","hentry","tag-gorski-kotao"],"acf":[],"yoast_head":"<!-- This site is optimized with the Yoast SEO plugin v27.4 - https:\/\/yoast.com\/product\/yoast-seo-wordpress\/ -->\n<title>Rolada od bundeve - SDF - Srpski demokratski forum<\/title>\n<meta name=\"robots\" content=\"index, follow, max-snippet:-1, max-image-preview:large, max-video-preview:-1\" \/>\n<link rel=\"canonical\" href=\"https:\/\/sdf.hr\/hr\/nada\/rolada-od-bundeve\/\" \/>\n<meta property=\"og:locale\" content=\"hr_HR\" \/>\n<meta property=\"og:type\" content=\"article\" \/>\n<meta property=\"og:title\" content=\"Rolada od bundeve - SDF - Srpski demokratski forum\" \/>\n<meta property=\"og:description\" content=\"U ovom kola\u010du bundeva se krije u so\u010dnom biskvitu, a krema se priprema od krem sira, slatkog vrhnja i meda te ne sadr\u017ei dodatni \u0161e\u0107er\" \/>\n<meta property=\"og:url\" content=\"https:\/\/sdf.hr\/hr\/nada\/rolada-od-bundeve\/\" \/>\n<meta property=\"og:site_name\" content=\"SDF - Srpski demokratski forum\" \/>\n<meta property=\"article:modified_time\" content=\"2023-03-25T11:22:26+00:00\" \/>\n<meta property=\"og:image\" content=\"https:\/\/sdf.hr\/wp-content\/uploads\/2022\/08\/Rolada-1-scaled.jpg\" \/>\n\t<meta property=\"og:image:width\" content=\"1244\" \/>\n\t<meta property=\"og:image:height\" content=\"2560\" \/>\n\t<meta property=\"og:image:type\" content=\"image\/jpeg\" \/>\n<meta name=\"twitter:card\" content=\"summary_large_image\" \/>\n<meta name=\"twitter:label1\" content=\"Procijenjeno vrijeme \u010ditanja\" \/>\n\t<meta name=\"twitter:data1\" content=\"3 minute\" \/>\n<script type=\"application\/ld+json\" class=\"yoast-schema-graph\">{\"@context\":\"https:\\\/\\\/schema.org\",\"@graph\":[{\"@type\":\"WebPage\",\"@id\":\"https:\\\/\\\/sdf.hr\\\/hr\\\/nada\\\/rolada-od-bundeve\\\/\",\"url\":\"https:\\\/\\\/sdf.hr\\\/hr\\\/nada\\\/rolada-od-bundeve\\\/\",\"name\":\"Rolada od bundeve - SDF - Srpski demokratski forum\",\"isPartOf\":{\"@id\":\"https:\\\/\\\/sdf.hr\\\/#website\"},\"primaryImageOfPage\":{\"@id\":\"https:\\\/\\\/sdf.hr\\\/hr\\\/nada\\\/rolada-od-bundeve\\\/#primaryimage\"},\"image\":{\"@id\":\"https:\\\/\\\/sdf.hr\\\/hr\\\/nada\\\/rolada-od-bundeve\\\/#primaryimage\"},\"thumbnailUrl\":\"https:\\\/\\\/sdf.hr\\\/wp-content\\\/uploads\\\/2022\\\/08\\\/Rolada-1-scaled.jpg\",\"datePublished\":\"2022-08-28T20:10:57+00:00\",\"dateModified\":\"2023-03-25T11:22:26+00:00\",\"breadcrumb\":{\"@id\":\"https:\\\/\\\/sdf.hr\\\/hr\\\/nada\\\/rolada-od-bundeve\\\/#breadcrumb\"},\"inLanguage\":\"hr\",\"potentialAction\":[{\"@type\":\"ReadAction\",\"target\":[\"https:\\\/\\\/sdf.hr\\\/hr\\\/nada\\\/rolada-od-bundeve\\\/\"]}]},{\"@type\":\"ImageObject\",\"inLanguage\":\"hr\",\"@id\":\"https:\\\/\\\/sdf.hr\\\/hr\\\/nada\\\/rolada-od-bundeve\\\/#primaryimage\",\"url\":\"https:\\\/\\\/sdf.hr\\\/wp-content\\\/uploads\\\/2022\\\/08\\\/Rolada-1-scaled.jpg\",\"contentUrl\":\"https:\\\/\\\/sdf.hr\\\/wp-content\\\/uploads\\\/2022\\\/08\\\/Rolada-1-scaled.jpg\",\"width\":1244,\"height\":2560},{\"@type\":\"BreadcrumbList\",\"@id\":\"https:\\\/\\\/sdf.hr\\\/hr\\\/nada\\\/rolada-od-bundeve\\\/#breadcrumb\",\"itemListElement\":[{\"@type\":\"ListItem\",\"position\":1,\"name\":\"Po\u010detna stranica\",\"item\":\"https:\\\/\\\/sdf.hr\\\/hr\\\/\"},{\"@type\":\"ListItem\",\"position\":2,\"name\":\"Nada\",\"item\":\"https:\\\/\\\/sdf.hr\\\/nada\\\/\"},{\"@type\":\"ListItem\",\"position\":3,\"name\":\"Rolada od bundeve\"}]},{\"@type\":\"WebSite\",\"@id\":\"https:\\\/\\\/sdf.hr\\\/#website\",\"url\":\"https:\\\/\\\/sdf.hr\\\/\",\"name\":\"SDF - Srpski demokratski forum\",\"description\":\"Srpski demokratski forum\",\"publisher\":{\"@id\":\"https:\\\/\\\/sdf.hr\\\/#organization\"},\"potentialAction\":[{\"@type\":\"SearchAction\",\"target\":{\"@type\":\"EntryPoint\",\"urlTemplate\":\"https:\\\/\\\/sdf.hr\\\/?s={search_term_string}\"},\"query-input\":{\"@type\":\"PropertyValueSpecification\",\"valueRequired\":true,\"valueName\":\"search_term_string\"}}],\"inLanguage\":\"hr\"},{\"@type\":\"Organization\",\"@id\":\"https:\\\/\\\/sdf.hr\\\/#organization\",\"name\":\"SDF - Srpski demokratski forum\",\"url\":\"https:\\\/\\\/sdf.hr\\\/\",\"logo\":{\"@type\":\"ImageObject\",\"inLanguage\":\"hr\",\"@id\":\"https:\\\/\\\/sdf.hr\\\/#\\\/schema\\\/logo\\\/image\\\/\",\"url\":\"https:\\\/\\\/sdf.hr\\\/wp-content\\\/uploads\\\/2021\\\/07\\\/logo-hr.svg\",\"contentUrl\":\"https:\\\/\\\/sdf.hr\\\/wp-content\\\/uploads\\\/2021\\\/07\\\/logo-hr.svg\",\"width\":271,\"height\":100,\"caption\":\"SDF - Srpski demokratski forum\"},\"image\":{\"@id\":\"https:\\\/\\\/sdf.hr\\\/#\\\/schema\\\/logo\\\/image\\\/\"}}]}<\/script>\n<!-- \/ Yoast SEO plugin. -->","yoast_head_json":{"title":"Rolada od bundeve - SDF - Srpski demokratski forum","robots":{"index":"index","follow":"follow","max-snippet":"max-snippet:-1","max-image-preview":"max-image-preview:large","max-video-preview":"max-video-preview:-1"},"canonical":"https:\/\/sdf.hr\/hr\/nada\/rolada-od-bundeve\/","og_locale":"hr_HR","og_type":"article","og_title":"Rolada od bundeve - SDF - Srpski demokratski forum","og_description":"U ovom kola\u010du bundeva se krije u so\u010dnom biskvitu, a krema se priprema od krem sira, slatkog vrhnja i meda te ne sadr\u017ei dodatni \u0161e\u0107er","og_url":"https:\/\/sdf.hr\/hr\/nada\/rolada-od-bundeve\/","og_site_name":"SDF - Srpski demokratski forum","article_modified_time":"2023-03-25T11:22:26+00:00","og_image":[{"width":1244,"height":2560,"url":"https:\/\/sdf.hr\/wp-content\/uploads\/2022\/08\/Rolada-1-scaled.jpg","type":"image\/jpeg"}],"twitter_card":"summary_large_image","twitter_misc":{"Procijenjeno vrijeme \u010ditanja":"3 minute"},"schema":{"@context":"https:\/\/schema.org","@graph":[{"@type":"WebPage","@id":"https:\/\/sdf.hr\/hr\/nada\/rolada-od-bundeve\/","url":"https:\/\/sdf.hr\/hr\/nada\/rolada-od-bundeve\/","name":"Rolada od bundeve - SDF - Srpski demokratski forum","isPartOf":{"@id":"https:\/\/sdf.hr\/#website"},"primaryImageOfPage":{"@id":"https:\/\/sdf.hr\/hr\/nada\/rolada-od-bundeve\/#primaryimage"},"image":{"@id":"https:\/\/sdf.hr\/hr\/nada\/rolada-od-bundeve\/#primaryimage"},"thumbnailUrl":"https:\/\/sdf.hr\/wp-content\/uploads\/2022\/08\/Rolada-1-scaled.jpg","datePublished":"2022-08-28T20:10:57+00:00","dateModified":"2023-03-25T11:22:26+00:00","breadcrumb":{"@id":"https:\/\/sdf.hr\/hr\/nada\/rolada-od-bundeve\/#breadcrumb"},"inLanguage":"hr","potentialAction":[{"@type":"ReadAction","target":["https:\/\/sdf.hr\/hr\/nada\/rolada-od-bundeve\/"]}]},{"@type":"ImageObject","inLanguage":"hr","@id":"https:\/\/sdf.hr\/hr\/nada\/rolada-od-bundeve\/#primaryimage","url":"https:\/\/sdf.hr\/wp-content\/uploads\/2022\/08\/Rolada-1-scaled.jpg","contentUrl":"https:\/\/sdf.hr\/wp-content\/uploads\/2022\/08\/Rolada-1-scaled.jpg","width":1244,"height":2560},{"@type":"BreadcrumbList","@id":"https:\/\/sdf.hr\/hr\/nada\/rolada-od-bundeve\/#breadcrumb","itemListElement":[{"@type":"ListItem","position":1,"name":"Po\u010detna stranica","item":"https:\/\/sdf.hr\/hr\/"},{"@type":"ListItem","position":2,"name":"Nada","item":"https:\/\/sdf.hr\/nada\/"},{"@type":"ListItem","position":3,"name":"Rolada od bundeve"}]},{"@type":"WebSite","@id":"https:\/\/sdf.hr\/#website","url":"https:\/\/sdf.hr\/","name":"SDF - Srpski demokratski forum","description":"Srpski demokratski forum","publisher":{"@id":"https:\/\/sdf.hr\/#organization"},"potentialAction":[{"@type":"SearchAction","target":{"@type":"EntryPoint","urlTemplate":"https:\/\/sdf.hr\/?s={search_term_string}"},"query-input":{"@type":"PropertyValueSpecification","valueRequired":true,"valueName":"search_term_string"}}],"inLanguage":"hr"},{"@type":"Organization","@id":"https:\/\/sdf.hr\/#organization","name":"SDF - Srpski demokratski forum","url":"https:\/\/sdf.hr\/","logo":{"@type":"ImageObject","inLanguage":"hr","@id":"https:\/\/sdf.hr\/#\/schema\/logo\/image\/","url":"https:\/\/sdf.hr\/wp-content\/uploads\/2021\/07\/logo-hr.svg","contentUrl":"https:\/\/sdf.hr\/wp-content\/uploads\/2021\/07\/logo-hr.svg","width":271,"height":100,"caption":"SDF - Srpski demokratski forum"},"image":{"@id":"https:\/\/sdf.hr\/#\/schema\/logo\/image\/"}}]}},"_links":{"self":[{"href":"https:\/\/sdf.hr\/hr\/wp-json\/wp\/v2\/nada\/908","targetHints":{"allow":["GET"]}}],"collection":[{"href":"https:\/\/sdf.hr\/hr\/wp-json\/wp\/v2\/nada"}],"about":[{"href":"https:\/\/sdf.hr\/hr\/wp-json\/wp\/v2\/types\/nada"}],"wp:featuredmedia":[{"embeddable":true,"href":"https:\/\/sdf.hr\/hr\/wp-json\/wp\/v2\/media\/3047"}],"wp:attachment":[{"href":"https:\/\/sdf.hr\/hr\/wp-json\/wp\/v2\/media?parent=908"}],"wp:term":[{"taxonomy":"post_tag","embeddable":true,"href":"https:\/\/sdf.hr\/hr\/wp-json\/wp\/v2\/tags?post=908"},{"taxonomy":"atribut","embeddable":true,"href":"https:\/\/sdf.hr\/hr\/wp-json\/wp\/v2\/atribut?post=908"}],"curies":[{"name":"wp","href":"https:\/\/api.w.org\/{rel}","templated":true}]}}