{"id":924,"date":"2022-08-28T22:39:16","date_gmt":"2022-08-28T20:39:16","guid":{"rendered":"https:\/\/sdf.hr\/nada\/nije-u-redu-u-uredu\/"},"modified":"2023-03-23T15:07:51","modified_gmt":"2023-03-23T14:07:51","slug":"nije-u-redu-u-uredu","status":"publish","type":"nada","link":"https:\/\/sdf.hr\/hr\/nada\/nije-u-redu-u-uredu\/","title":{"rendered":"Nije u redu u uredu"},"content":{"rendered":"<p>&#8220;Dobila sam otkaz \u010dim sam \u0161efu rekla da sam trudna.&#8221;<\/p>\n<p>&#8220;Kad sam i\u0161la na bolovanje zbog bolesti djeteta, dobila sam prigovor da bi ve\u0107 bilo dosta tih bolovanja. Neka dam djeci ne\u0161to za ja\u010danje imuniteta!&#8221;<\/p>\n<p>&#8220;Odjednom te maknu s popisa za povi\u0161icu jer ide\u0161 na porodiljni. Kad se vrati\u0161 na posao po\u010dinje\u0161 s dna, kao da si tek po\u010dela raditi.&#8221;<\/p>\n<p>Ovo su samo neka od iskustava koje su \u017eene podijelile s Centrom za edukaciju, savjetovanje i istra\u017eivanje (CESI), nevladinom organizacijom koja stoji iza teku\u0107e kampanje o neravnopravnom polo\u017eaju \u017eena u svijetu rada. Kampanja dolazi ususret dugoo\u010dekivanim izmjenama Zakona o radu, koji se zadnji put mijenjao 2014. godine.<\/p>\n<p>Anamarija Tkal\u010dec, voditeljica programa Socijalna pravda i jednake mogu\u0107nosti pri CESI-ju, i Lana Ku\u010der, suradnica na istom programu, zajedni\u010dki su nam objasnile da su unutar kampanje pod nazivom &#8220;Nije u redu u uredu!&#8221; pokrenule i peticiju (https:\/\/nijeuredu.com\/#potpisi) za bolju za\u0161titu trudnica i osoba koje koriste rodiljni ili roditeljski dopust jer ih postoje\u0107i Zakon o radu od otkaza \u0161titi samo 15 dana nakon prestanka tih uvjeta.<\/p>\n<p>\u2014 Kako prema dostupnim istra\u017eivanjima oko 55 posto trudnica i rodilja ostaje bez posla, pokazalo se da se postoje\u0107a odredba i rok od 15 dana nisu adekvatni. Ona se u praksi kr\u0161i, ali i zbog kratkog roka za\u0161tite, ne ostvaruje svoju svrhu za\u0161tite ove specifi\u010dne i ranjive skupine. Zato tra\u017eimo da se navedeni rok produlji na minimalno godinu dana kako bi se osigurala ve\u0107a pravna i financijska sigurnost roditelja &#8211; isti\u010du Tkal\u010dec i Ku\u010der, a dodaju i da \u0107e se u nastavku projekta nastaviti zalagati za pobolj\u0161anje svih odredbi Zakona koje utje\u010du na ostvarenje rodne ravnopravnosti na radnom mjestu.<\/p>\n<p>CESI ve\u0107 deset godina ima besplatno pravno savjetovali\u0161te koje poma\u017ee \u017eenama u ostvarenju radnih i socijalnih prava te vodi internetski portal Radnica.org. Diskriminacija se na tom polju, ka\u017eu na\u0161e sugovornice, naj\u010de\u0161\u0107e manifestira kroz otkazivanje ili neobnavljanje ugovora o radu zbog trudno\u0107e ili maj\u010dinstva, premje\u0161tanje na radna mjesta s nepovoljnijim uvjetima rada, nemogu\u0107nost napredovanja pri povratku s rodiljnog ili roditeljskog dopusta, kao i nerazumijevanje pitanja uskla\u0111ivanja privatnog i poslovnog \u017eivota.<\/p>\n<p>\u2014 Poseban aspekt ove diskriminacije \u017eena \u010dine uznemiravanje i spolno uznemiravanje -nastavljaju one.<\/p>\n<p>\u010cesta pojava su i negativni i neprimjereni komentari o maj\u010dinstvu te &#8220;nezakonita pitanja o planiraju obitelji&#8221; pri zapo\u0161ljavanju. Sli\u010dne pritu\u017ebe kao udruga CESI zaprima i pravobraniteljica za ravnopravnost spolova. Prema njenom posljednjem godi\u0161njem izvje\u0161taju, najvi\u0161e prijava, \u010dak 48,5 posto, vezano je uz podru\u010dje rada, zapo\u0161ljavanja i socijalne sigurnosti. Izme\u0111u ostalih, pravobraniteljici se obratila \u017eena koja smatra da je diskriminirana temeljem spola i dobi na svom radnom mjestu u medijskoj ku\u0107i kao javnom servisu, odnosno da je premje\u0161tena s radnog mjesta voditeljice u emisiji i zamijenjena sa \u017eenskom osobom mla\u0111e \u017eivotne dobi, &#8220;za razliku od mu\u0161kih voditelja koji su s obzirom na svoju dob i spol zadr\u017eani na istim radnim mjestima&#8221;.<\/p>\n<p>Tu je i medicinska sestra zaposlena u jednoj kaznionici koja se po\u017ealila da je \u017ertva vi\u0161egodi\u0161njeg spolnog uznemiravanja i nametljivog pona\u0161anja jednog zatvorenika, a da joj pri tom ustanova u kojoj je zaposlena nije osigurala u\u010dinkovitu i pravodobnu za\u0161titu. Zbog spolnog uznemiravanja policijskih slu\u017ebenica pravobraniteljica je zaprimila anonimnu pritu\u017ebu na postupanje na\u010delnika jedne postaje grani\u010dne policije. No kada je radi detaljnih provjera navoda i poduzimanja mjera nadle\u017enoj policijskoj upravi uz zahtjev za istragom dostavljena kopija anonimne prijave, iz dostavljenog o\u010ditovanja nadle\u017ene policijske uprave, izvijestila je pravobraniteljica, &#8220;proizlazilo je da isti nisu izvr\u0161ili provjere niti jednog navoda iz anonimne pritu\u017ebe, ve\u0107 da su samo na\u010delniku omogu\u0107ili kompletan uvid u prijavu, te njegovo opovrgavanje svih optu\u017ebi uzeli kao dovoljan dokaz&#8221;.<\/p>\n<p>Anamarija Tkal\u010dec i Lana Ku\u010der tvrde da, bez obzira o koliko niskoj ili visokoj radnoj poziciji se radilo, ako se osoba na\u0111e u diskriminatornom polo\u017eaju, to je &#8220;jednako te\u0161ko i mu\u010dno&#8221;. Pritom je dokazivanje diskriminacije izuzetno te\u017eak proces.<\/p>\n<p>\u2014 U na\u0161em radu primje\u0107ujemo da iako radnice odmah prepoznaju diskriminaciju, i dalje ih manji broj to prijavljuje nadle\u017enim tijelima. Razlozi koje navode za to su nepovjerenje u pravosudni sustav i institucije, strah od otkaza i mobinga, nepoznavanje vlastitih prava. \u010cesto navode i kako \u017eele izbje\u0107i dodatan stres koji \u0107e im time biti prouzro\u010den &#8211; obja\u0161njavaju one.<\/p>\n<p>Poslodavci koji bi, smatraju na\u0161e sugovornice, trebali kreirati &#8220;politike i sustave koji \u0107e biti rodno osvije\u0161teni i okru\u017eenje u kojem \u0107e diskriminacija biti neprihvatljiva&#8221;, \u010desto ne pokazuju spremnost za rje\u0161avanje ovih problema te je uo\u010deno da u kompanijama naj\u010de\u0161\u0107e ne postoje ili se ne provode politike i postupci koji bi detaljnije ure\u0111ivali pitanje za\u0161tite od diskriminacije. Stoga smatraju da je potrebno kontinuirano osvje\u0161tavati poslodavce o ovim problemima te im ponuditi alate kako bi se sprije\u010dilo da do ovakvih situacija dolazi, ali i da je isto tako va\u017eno &#8220;adekvatno sankcionirati one koji kr\u0161e zakone&#8221;. Dodaju i da dr\u017eava tako\u0111er u svemu ima veliku odgovornost jer &#8220;na nacionalnoj razini nema politike koje bi se sustavno bavile pitanjem uskla\u0111ivanja privatnog i poslovnog \u017eivota, a kojima bi se dao jasan smjer poslodavcima kako smanjiti diskriminatorne prakse koje poga\u0111aju prvenstveno \u017eene&#8221;.<\/p>\n<p>Do sada je peticijom koju je pokrenuo CESI skupljeno vi\u0161e od 16.000 potpisa. Po zavr\u0161etku kampanje uru\u010dit \u0107e prikupljene potpise Ministarstvu rada, mirovinskog sustava, obitelji i socijalne politike kako bi se u predstoje\u0107im izmjenama Zakona o radu provele &#8220;nu\u017ene izmjene koje \u0107e doprinijeti tome da na\u0161e dru\u0161tvo postane ravnopravnije i pravednije&#8221;.<\/p>\n<p>Da bi se unaprijedio polo\u017eaj \u017eena na tr\u017ei\u0161tu rada, va\u017eno im je da s time upoznaju javnost i uklju\u010de &#8220;\u0161to vi\u0161e razli\u010ditih aktera poput radnika i radnica, poslodavaca, nevladinih organizacija, sindikata, politi\u010dkih stranaka, ali i sve gra\u0111ane i gra\u0111anke&#8221;. Kampanji CESI-ja su se pridru\u017eili i neki poslodavci ,&#8221;koji su prepoznali rodnu ravnopravnost kao vrijednost koju provode i \u017eele promicati u svojim kompanijama&#8221;.<\/p>\n<p>\u2014 Samo kontinuiranim radom u ovom podru\u010dju kroz edukacije, pru\u017eanje podr\u0161ke radnicima i radnicama te pobolj\u0161anje zakonodavnog okvira mo\u017eemo unaprijediti ostvarenje na\u010dela rodne ravnopravnosti &#8211; zaklju\u010duju na\u0161e sugovornice.<\/p>\n<p><em>pi\u0161e Anja Vladisavljevi\u0107<\/em><\/p>\n","protected":false},"excerpt":{"rendered":"<p>Ususret izmjenama Zakona o radu, CESI je pokrenuo kampanju za bolju za\u0161titu radnica i radnika koji koriste roditeljski dopust. Diskriminacija se na tom polju naj\u010de\u0161\u0107e manifestira kroz otkazivanje ili neobnavljanje ugovora o radu te nemogu\u0107nost napredovanja<\/p>\n","protected":false},"featured_media":3025,"template":"","tags":[130],"atribut":[],"class_list":["post-924","nada","type-nada","status-publish","has-post-thumbnail","hentry","tag-tema"],"acf":[],"yoast_head":"<!-- This site is optimized with the Yoast SEO plugin v27.4 - https:\/\/yoast.com\/product\/yoast-seo-wordpress\/ -->\n<title>Nije u redu u uredu - SDF - Srpski demokratski forum<\/title>\n<meta name=\"robots\" content=\"index, follow, max-snippet:-1, max-image-preview:large, max-video-preview:-1\" \/>\n<link rel=\"canonical\" href=\"https:\/\/sdf.hr\/hr\/nada\/nije-u-redu-u-uredu\/\" \/>\n<meta property=\"og:locale\" content=\"hr_HR\" \/>\n<meta property=\"og:type\" content=\"article\" \/>\n<meta property=\"og:title\" content=\"Nije u redu u uredu - SDF - Srpski demokratski forum\" \/>\n<meta property=\"og:description\" content=\"Ususret izmjenama Zakona o radu, CESI je pokrenuo kampanju za bolju za\u0161titu radnica i radnika koji koriste roditeljski dopust. Diskriminacija se na tom polju naj\u010de\u0161\u0107e manifestira kroz otkazivanje ili neobnavljanje ugovora o radu te nemogu\u0107nost napredovanja\" \/>\n<meta property=\"og:url\" content=\"https:\/\/sdf.hr\/hr\/nada\/nije-u-redu-u-uredu\/\" \/>\n<meta property=\"og:site_name\" content=\"SDF - Srpski demokratski forum\" \/>\n<meta property=\"article:modified_time\" content=\"2023-03-23T14:07:51+00:00\" \/>\n<meta property=\"og:image\" content=\"https:\/\/sdf.hr\/wp-content\/uploads\/2022\/08\/CESI-2.jpg\" \/>\n\t<meta property=\"og:image:width\" content=\"1022\" \/>\n\t<meta property=\"og:image:height\" content=\"710\" \/>\n\t<meta property=\"og:image:type\" content=\"image\/jpeg\" \/>\n<meta name=\"twitter:card\" content=\"summary_large_image\" \/>\n<meta name=\"twitter:label1\" content=\"Procijenjeno vrijeme \u010ditanja\" \/>\n\t<meta name=\"twitter:data1\" content=\"5 minuta\" \/>\n<script type=\"application\/ld+json\" class=\"yoast-schema-graph\">{\"@context\":\"https:\\\/\\\/schema.org\",\"@graph\":[{\"@type\":\"WebPage\",\"@id\":\"https:\\\/\\\/sdf.hr\\\/hr\\\/nada\\\/nije-u-redu-u-uredu\\\/\",\"url\":\"https:\\\/\\\/sdf.hr\\\/hr\\\/nada\\\/nije-u-redu-u-uredu\\\/\",\"name\":\"Nije u redu u uredu - SDF - Srpski demokratski forum\",\"isPartOf\":{\"@id\":\"https:\\\/\\\/sdf.hr\\\/#website\"},\"primaryImageOfPage\":{\"@id\":\"https:\\\/\\\/sdf.hr\\\/hr\\\/nada\\\/nije-u-redu-u-uredu\\\/#primaryimage\"},\"image\":{\"@id\":\"https:\\\/\\\/sdf.hr\\\/hr\\\/nada\\\/nije-u-redu-u-uredu\\\/#primaryimage\"},\"thumbnailUrl\":\"https:\\\/\\\/sdf.hr\\\/wp-content\\\/uploads\\\/2022\\\/08\\\/CESI-2.jpg\",\"datePublished\":\"2022-08-28T20:39:16+00:00\",\"dateModified\":\"2023-03-23T14:07:51+00:00\",\"breadcrumb\":{\"@id\":\"https:\\\/\\\/sdf.hr\\\/hr\\\/nada\\\/nije-u-redu-u-uredu\\\/#breadcrumb\"},\"inLanguage\":\"hr\",\"potentialAction\":[{\"@type\":\"ReadAction\",\"target\":[\"https:\\\/\\\/sdf.hr\\\/hr\\\/nada\\\/nije-u-redu-u-uredu\\\/\"]}]},{\"@type\":\"ImageObject\",\"inLanguage\":\"hr\",\"@id\":\"https:\\\/\\\/sdf.hr\\\/hr\\\/nada\\\/nije-u-redu-u-uredu\\\/#primaryimage\",\"url\":\"https:\\\/\\\/sdf.hr\\\/wp-content\\\/uploads\\\/2022\\\/08\\\/CESI-2.jpg\",\"contentUrl\":\"https:\\\/\\\/sdf.hr\\\/wp-content\\\/uploads\\\/2022\\\/08\\\/CESI-2.jpg\",\"width\":1022,\"height\":710,\"caption\":\"Jumbo plakati koji su se ovih dana pojavili na ulicama ve\u0107ih gradova (Foto: CESI)\"},{\"@type\":\"BreadcrumbList\",\"@id\":\"https:\\\/\\\/sdf.hr\\\/hr\\\/nada\\\/nije-u-redu-u-uredu\\\/#breadcrumb\",\"itemListElement\":[{\"@type\":\"ListItem\",\"position\":1,\"name\":\"Po\u010detna stranica\",\"item\":\"https:\\\/\\\/sdf.hr\\\/hr\\\/\"},{\"@type\":\"ListItem\",\"position\":2,\"name\":\"Nada\",\"item\":\"https:\\\/\\\/sdf.hr\\\/nada\\\/\"},{\"@type\":\"ListItem\",\"position\":3,\"name\":\"Nije u redu u uredu\"}]},{\"@type\":\"WebSite\",\"@id\":\"https:\\\/\\\/sdf.hr\\\/#website\",\"url\":\"https:\\\/\\\/sdf.hr\\\/\",\"name\":\"SDF - Srpski demokratski forum\",\"description\":\"Srpski demokratski forum\",\"publisher\":{\"@id\":\"https:\\\/\\\/sdf.hr\\\/#organization\"},\"potentialAction\":[{\"@type\":\"SearchAction\",\"target\":{\"@type\":\"EntryPoint\",\"urlTemplate\":\"https:\\\/\\\/sdf.hr\\\/?s={search_term_string}\"},\"query-input\":{\"@type\":\"PropertyValueSpecification\",\"valueRequired\":true,\"valueName\":\"search_term_string\"}}],\"inLanguage\":\"hr\"},{\"@type\":\"Organization\",\"@id\":\"https:\\\/\\\/sdf.hr\\\/#organization\",\"name\":\"SDF - Srpski demokratski forum\",\"url\":\"https:\\\/\\\/sdf.hr\\\/\",\"logo\":{\"@type\":\"ImageObject\",\"inLanguage\":\"hr\",\"@id\":\"https:\\\/\\\/sdf.hr\\\/#\\\/schema\\\/logo\\\/image\\\/\",\"url\":\"https:\\\/\\\/sdf.hr\\\/wp-content\\\/uploads\\\/2021\\\/07\\\/logo-hr.svg\",\"contentUrl\":\"https:\\\/\\\/sdf.hr\\\/wp-content\\\/uploads\\\/2021\\\/07\\\/logo-hr.svg\",\"width\":271,\"height\":100,\"caption\":\"SDF - Srpski demokratski forum\"},\"image\":{\"@id\":\"https:\\\/\\\/sdf.hr\\\/#\\\/schema\\\/logo\\\/image\\\/\"}}]}<\/script>\n<!-- \/ Yoast SEO plugin. -->","yoast_head_json":{"title":"Nije u redu u uredu - SDF - Srpski demokratski forum","robots":{"index":"index","follow":"follow","max-snippet":"max-snippet:-1","max-image-preview":"max-image-preview:large","max-video-preview":"max-video-preview:-1"},"canonical":"https:\/\/sdf.hr\/hr\/nada\/nije-u-redu-u-uredu\/","og_locale":"hr_HR","og_type":"article","og_title":"Nije u redu u uredu - SDF - Srpski demokratski forum","og_description":"Ususret izmjenama Zakona o radu, CESI je pokrenuo kampanju za bolju za\u0161titu radnica i radnika koji koriste roditeljski dopust. Diskriminacija se na tom polju naj\u010de\u0161\u0107e manifestira kroz otkazivanje ili neobnavljanje ugovora o radu te nemogu\u0107nost napredovanja","og_url":"https:\/\/sdf.hr\/hr\/nada\/nije-u-redu-u-uredu\/","og_site_name":"SDF - Srpski demokratski forum","article_modified_time":"2023-03-23T14:07:51+00:00","og_image":[{"width":1022,"height":710,"url":"https:\/\/sdf.hr\/wp-content\/uploads\/2022\/08\/CESI-2.jpg","type":"image\/jpeg"}],"twitter_card":"summary_large_image","twitter_misc":{"Procijenjeno vrijeme \u010ditanja":"5 minuta"},"schema":{"@context":"https:\/\/schema.org","@graph":[{"@type":"WebPage","@id":"https:\/\/sdf.hr\/hr\/nada\/nije-u-redu-u-uredu\/","url":"https:\/\/sdf.hr\/hr\/nada\/nije-u-redu-u-uredu\/","name":"Nije u redu u uredu - SDF - Srpski demokratski forum","isPartOf":{"@id":"https:\/\/sdf.hr\/#website"},"primaryImageOfPage":{"@id":"https:\/\/sdf.hr\/hr\/nada\/nije-u-redu-u-uredu\/#primaryimage"},"image":{"@id":"https:\/\/sdf.hr\/hr\/nada\/nije-u-redu-u-uredu\/#primaryimage"},"thumbnailUrl":"https:\/\/sdf.hr\/wp-content\/uploads\/2022\/08\/CESI-2.jpg","datePublished":"2022-08-28T20:39:16+00:00","dateModified":"2023-03-23T14:07:51+00:00","breadcrumb":{"@id":"https:\/\/sdf.hr\/hr\/nada\/nije-u-redu-u-uredu\/#breadcrumb"},"inLanguage":"hr","potentialAction":[{"@type":"ReadAction","target":["https:\/\/sdf.hr\/hr\/nada\/nije-u-redu-u-uredu\/"]}]},{"@type":"ImageObject","inLanguage":"hr","@id":"https:\/\/sdf.hr\/hr\/nada\/nije-u-redu-u-uredu\/#primaryimage","url":"https:\/\/sdf.hr\/wp-content\/uploads\/2022\/08\/CESI-2.jpg","contentUrl":"https:\/\/sdf.hr\/wp-content\/uploads\/2022\/08\/CESI-2.jpg","width":1022,"height":710,"caption":"Jumbo plakati koji su se ovih dana pojavili na ulicama ve\u0107ih gradova (Foto: CESI)"},{"@type":"BreadcrumbList","@id":"https:\/\/sdf.hr\/hr\/nada\/nije-u-redu-u-uredu\/#breadcrumb","itemListElement":[{"@type":"ListItem","position":1,"name":"Po\u010detna stranica","item":"https:\/\/sdf.hr\/hr\/"},{"@type":"ListItem","position":2,"name":"Nada","item":"https:\/\/sdf.hr\/nada\/"},{"@type":"ListItem","position":3,"name":"Nije u redu u uredu"}]},{"@type":"WebSite","@id":"https:\/\/sdf.hr\/#website","url":"https:\/\/sdf.hr\/","name":"SDF - Srpski demokratski forum","description":"Srpski demokratski forum","publisher":{"@id":"https:\/\/sdf.hr\/#organization"},"potentialAction":[{"@type":"SearchAction","target":{"@type":"EntryPoint","urlTemplate":"https:\/\/sdf.hr\/?s={search_term_string}"},"query-input":{"@type":"PropertyValueSpecification","valueRequired":true,"valueName":"search_term_string"}}],"inLanguage":"hr"},{"@type":"Organization","@id":"https:\/\/sdf.hr\/#organization","name":"SDF - Srpski demokratski forum","url":"https:\/\/sdf.hr\/","logo":{"@type":"ImageObject","inLanguage":"hr","@id":"https:\/\/sdf.hr\/#\/schema\/logo\/image\/","url":"https:\/\/sdf.hr\/wp-content\/uploads\/2021\/07\/logo-hr.svg","contentUrl":"https:\/\/sdf.hr\/wp-content\/uploads\/2021\/07\/logo-hr.svg","width":271,"height":100,"caption":"SDF - Srpski demokratski forum"},"image":{"@id":"https:\/\/sdf.hr\/#\/schema\/logo\/image\/"}}]}},"_links":{"self":[{"href":"https:\/\/sdf.hr\/hr\/wp-json\/wp\/v2\/nada\/924","targetHints":{"allow":["GET"]}}],"collection":[{"href":"https:\/\/sdf.hr\/hr\/wp-json\/wp\/v2\/nada"}],"about":[{"href":"https:\/\/sdf.hr\/hr\/wp-json\/wp\/v2\/types\/nada"}],"wp:featuredmedia":[{"embeddable":true,"href":"https:\/\/sdf.hr\/hr\/wp-json\/wp\/v2\/media\/3025"}],"wp:attachment":[{"href":"https:\/\/sdf.hr\/hr\/wp-json\/wp\/v2\/media?parent=924"}],"wp:term":[{"taxonomy":"post_tag","embeddable":true,"href":"https:\/\/sdf.hr\/hr\/wp-json\/wp\/v2\/tags?post=924"},{"taxonomy":"atribut","embeddable":true,"href":"https:\/\/sdf.hr\/hr\/wp-json\/wp\/v2\/atribut?post=924"}],"curies":[{"name":"wp","href":"https:\/\/api.w.org\/{rel}","templated":true}]}}