{"id":926,"date":"2022-08-28T22:43:39","date_gmt":"2022-08-28T20:43:39","guid":{"rendered":"https:\/\/sdf.hr\/?post_type=nada&#038;p=926"},"modified":"2023-03-23T15:05:29","modified_gmt":"2023-03-23T14:05:29","slug":"bista-za-ljubicu","status":"publish","type":"nada","link":"https:\/\/sdf.hr\/hr\/nada\/bista-za-ljubicu\/","title":{"rendered":"Bista za Ljubicu"},"content":{"rendered":"<p>Partizanka, studentkinja, narodna heriona, Li\u010danka. Sve to je bila, a sasvim sigurno jo\u0161 mnogo toga je mogla biti Ljubica Gerovac iz Jezerana, da njen \u017eivot nije 1942. tragi\u010dno okon\u010dan u 22. godini u borbi s usta\u0161ama. Ime Ljubica Gerovac bilo je posa\u0111eno u nazivima ulica, \u0161kola, vrti\u0107a i kulturno-umjetni\u010dkih dru\u0161tava \u0161irom Hrvatske. Ratnica i svestrana studentkinja do\u017eivjela je drugu smrt po\u010detkom 1990-ih kada su joj ime izbrisali, a biste s njenim likom obezglavili. Primjerice, statua u zagreba\u010dkom Cvjetnom naselju, rad kipara Ivana Saboli\u0107a, naprosto je nestala prije 30-ak godina. Ulica Ljubice Gerovac na istom mjestu postala je Odranska, a nekada\u0161nja mjesna zajednica nazvana po njenom imenu danas se zove Mjesni odbor Savski kuti. Istu sudbinu do\u017eivjele su sve njezine slavne drugarice, kao i antifa\u0161isti srpskog porijekla \u010dija su imena preko no\u0107i prestala biti sastavni dio uli\u010dne onomastike i kolektivnog identiteta.<\/p>\n<p>U oktobru ove godine, u Mjesnom odboru koji je nekad nosio Ljubi\u010dino ime, pokrenuta je ohrabruju\u0107a inicijativa. Predsjednica Tatjana Grgas govori da je namjera i zadatak njenog MO-a vratiti bistu Ljubice Gerovac na mjesto gdje je nekad bila.<\/p>\n<p>\u2014 Na sjednici smo donijeli zaklju\u010dak o vra\u0107anju uklonjene biste, na postolje koje je i dalje tamo, uz sam ulaz u Studentski dom &#8220;Cvjetno naselje&#8221;. Tra\u017eili smo da se utvrdi lokacija biste, odnosno je li ona negdje propisno pohranjena. Ukoliko nema mogu\u0107nosti pronalaska biste ili originalnog kalupa, na\u0161a ideja je da predlo\u017eimo raspisivanje natje\u010daja za izradu biste ili nekog idejnog rje\u0161enja za studente Akademije likovnih umjetnosti. To je zasad obustavljeno jer nema nikakve javne nabave. Predlo\u017eili smo da mjesna samouprava provjeri podatke s Gradskom upravom, ali u odgovoru je navedeno da oni ni\u0161ta ne znaju &#8211; otkrila je Grgas po\u010detne korake.<\/p>\n<p>Dodaje da je njoj dobro poznato tko je bila Ljubica Gerovac, no da mla\u0111i ljudi nisu upu\u0107eni. Zato nije lo\u0161e prisjetiti se. Ro\u0111ena 1919. podno Velike Kapele, kao najstarija od \u0161estero djece te\u017eaka Anke i Mile Gerovca, Ljubica je svoje obrazovanje zapo\u010dela sa \u0161est godina. Ve\u0107 u drugom razredu Trgova\u010dke akademije u Zagrebu dobiva prvu nagradu za temu &#8220;Kriza kapitalizma&#8221;, koja je iznosila 300 tada\u0161njih dinara. Za toliku svotu mogla se kupiti krava, pi\u0161e njena najmla\u0111a sestra Vera Gerovac-Bla\u017eevi\u0107 u monografiji &#8220;Narodni heroj Ljubica Gerovac&#8221; iz 1983. U srednjoj \u0161koli po\u010dinje njen politi\u010dki, revolucionarni rad i op\u0161irno usvajanje marksisti\u010dke literature. Prvi slu\u010daj politi\u010dke represije Ljubica je do\u017eivjela vrlo rano, s nepunih 16 godina. Godine 1935. \u017eandari su upali u ku\u0107u Gerovaca i prona\u0161li &#8220;zabranjenu literaturu&#8221; u njenim osobnim stvarima. Bio je to po\u010detak progonstva koji nije prestao do njene smrti.<\/p>\n<p>Zagreba\u010dka policija je bila obavje\u0161tena o njenom pritvoru, pa je odmah zabranila Ljubici pravo upisa tre\u0107eg razreda u Zagrebu. \u0160kolovanje je nastavila u Banja Luci, a u hrvatski glavni grad se vratila 1938. kada je upisala Ekonomsko-komercijalnu visoku \u0161kolu, dana\u0161nji Ekonomski fakultet. U tom periodu intenzivno se bavila partijskim radom te se zaposlila u redakciji lista Selja\u010dka misao. Dostupni podaci govore da se posebno zbli\u017eila s glavnim urednikom Martinom Franeki\u0107em, robija\u0161em i komunistom iz Slavonije. Ina\u010de, Franeki\u0107 po\u010diva u nekoj od velebitskih jama. Usta\u0161e su ga deportirali iz Lepoglave u logor Jadovno u ljeto 1941.<\/p>\n<figure id=\"attachment_3020\" aria-describedby=\"caption-attachment-3020\" style=\"width: 1055px\" class=\"wp-caption alignnone\"><img loading=\"lazy\" decoding=\"async\" class=\"wp-image-3020 size-full\" src=\"https:\/\/sdf.hr\/wp-content\/uploads\/2022\/08\/Gerovac.jpg\" alt=\"\" width=\"1055\" height=\"1693\" srcset=\"https:\/\/sdf.hr\/wp-content\/uploads\/2022\/08\/Gerovac.jpg 1055w, https:\/\/sdf.hr\/wp-content\/uploads\/2022\/08\/Gerovac-187x300.jpg 187w, https:\/\/sdf.hr\/wp-content\/uploads\/2022\/08\/Gerovac-638x1024.jpg 638w, https:\/\/sdf.hr\/wp-content\/uploads\/2022\/08\/Gerovac-768x1232.jpg 768w, https:\/\/sdf.hr\/wp-content\/uploads\/2022\/08\/Gerovac-957x1536.jpg 957w\" sizes=\"auto, (max-width: 1055px) 100vw, 1055px\" \/><figcaption id=\"caption-attachment-3020\" class=\"wp-caption-text\">Ljubica Gerovac<\/figcaption><\/figure>\n<p>Prolje\u0107e te zloglasne godine Ljubica do\u010dekuje u Lici. Usta\u0161ki re\u017eim preuzeo je od biv\u0161eg sve \u0161to je imalo veze s komunistima. Svirepi li\u010dki usta\u0161e, isti oni koji su organizirali masovna krvoproli\u0107a po srpskim selima, u gospi\u0107kom zatvoru i u Jadovnu, odmah su krenuli u lov na Ljubicu. Njena ku\u0107a im je stalno bila na meti, pa se ubrzo morala preseliti duboko u \u0161umu. I\u0161\u010ditavaju\u0107i njenu biografiju i pisma koja je razmjenjivala s roditeljima prije rata, primjetna je sna\u017ena obiteljska povezanost, privr\u017eenost ideji antifa\u0161izma i prezir vladaju\u0107e klase.<\/p>\n<p>&#8220;Znaju dobro gospoda koliko je \u0161tete po njih da seljak ne\u0161to zna, da je on obrazovan! Zbog toga i nastoje da djeca siroma\u0161nih seljaka i radnika ostanu bez svijesti i znanja. Oni su licemjerni, u\u010dini\u0107e ne\u0161to samo malo da bi time mnogo svoga zla prikrili. Oni \u0107e se napraviti prijateljima sirotinje, pa \u0107e pomo\u0107i jednog ili dva \u010dovjeka, i odmah sutradan trubi\u0107e njihove novine (a sve su njihove) kako je sirotinji dobro dok ima ovakvih ljudi&#8221;, pisala je Ljubica 1937.<\/p>\n<p>Ohrabrivala je roditelje, trudila se u tom dopisivanju popraviti \u010dak i njihove me\u0111usobne odnose. Kudila je oca zbog grubog pona\u0161anja prema majci i bra\u0107i. Posebno je dirljivo i mo\u0107no kako je Ljubica komunicirala zrelo i ravnopravno s roditeljima, prije svega s ocem, kritikuju\u0107i njihovo pona\u0161anje, prenose\u0107i im politi\u010dke ideje i poruke da \u0107e, primjerice, od prve pla\u0107e odvojiti novac za o\u010devu pu\u0161ku. Bra\u0107i i sestrama je poru\u010divala da se igraju, bacaju na karte, ali i da pro\u010ditaju \u0161togod.<\/p>\n<p>Stoga ne treba \u010duditi \u0161to je Ljubica bila predvodnica oru\u017eanog otpora, a ostali uku\u0107ani su u to tako\u0111er bili involvirani. Bra\u0107a Vlado i Joso bili su joj glavni obavje\u0161tajci. Joso je u borbi ostao bez desne ruke, Vlado je poginuo u 16. godini \u017eivota, a oca Milu ubili su sakriveni usta\u0161e u ljeto 1946. Ankica je cijeli rat provela u Dvanaestoj slavonskoj brigadi, kasnije je postala oficir OZNE. Majka Anka bila je predsjednica li\u010dkog AF\u017d-a.<\/p>\n<p>Ljubi\u010dina Brinjska \u010deta je oja\u010dala u prvih nekoliko mjeseci rata. Brinjski kotar je krajem 1941. imao 76 SKOJ-evaca, a Brinjska \u010deta jo\u0161 13. Od ukupnog broja u SKOJ-u je bila 41 omladinka. &#8220;Ljubica je stekla glas narodnog junaka \u010dudesnih sposobnosti. Pri\u010dalo se da ima oklop od \u010delika. To je bio narod po selima koji ju je volio i \u010duvao&#8221;, pi\u0161e sestra Vera.<\/p>\n<p>&#8220;Treba razbiti kod naroda uvjerenje da pred Talijanima ne treba bje\u017eati, da oni nikome ni\u0161ta ne\u0107e u\u010diniti&#8221;, govorila je Ljubica na redovnim sastancima u Vodote\u010du. &#8220;Narodu, a posebno omladini, mora biti jasno tko je okupator i \u0161to ho\u0107e. Robovi ne\u0107emo biti&#8221;, dodala je. O popisu Srba u NDH i pokr\u0161tavanju je kazala: &#8220;To je najve\u0107a obmana koju oru\u017ejem treba razbiti. Jedinstvo naroda nam je najva\u017enije i taj zadatak stalno moramo imati na umu.&#8221; Drugovima je govorila o formiranju vojni\u010dkih jedinica, o rukovanju oru\u017ejem, a sve to je podupirala teorijom, nagla\u0161avaju\u0107i da se mora poznavati historija KPJ.<\/p>\n<p>Umrla je tragi\u010dnom smr\u0107u u borbi s usta\u0161ama 16. aprila 1942. u zaseoku Holjevci u Jezeranima. Nekoliko metaka ispalila je prema svojim protivnicama, a onaj zadnji sa\u010duvala je za sebe, odlu\u010dna da ne padne u ruke usta\u0161a koji su je htjeli \u017eivu. Dostojanstveno je sahranjena u Jezeranima tek 1947. zajedno s ocem i bratom. U \u010dlanku o njenoj pogibiji, u listu \u017dene u borbi, navodi se da je Ljubica bila &#8220;divan primjer \u017eenske borbenosti i svijesti&#8221;.<\/p>\n<p>Sestra Ankica zadnji put je vidjela Ljubicu krajem 1941. Nosila joj je o\u010devo pismo u dobro skriveni \u0161tab u Tu\u017eevi\u0107u. &#8220;Otpratila me do Vodote\u010da. Izljubile smo se, kraj na\u0161eg susreta stezao me u grlu. Zagazila sam polucipelama u meku povr\u0161inu snijega. Svakih nekoliko koraka okretala sam se da je ponovo vidim. Odlazila sam i plakala, a ona je stajala na istom mjestu i suzdr\u017eano mi mahala. U bijelom d\u017eemperu i bijeloj janje\u0107oj \u0161ubari u bjelini snijega po kojem nitko nije gazio, \u010dinila mi se kao privi\u0111enje. Bjelinu je samo lomio \u010duperak njene kose i tamna suknja. Kad sam ve\u0107 bila oko pola kilometra daleko, na snijegu je bila samo jedna to\u010dkica. Bijelog d\u017eempera i \u0161ubare vi\u0161e nije bilo&#8230; \u0160to li je ona tada osje\u0107ala? Nikada se vi\u0161e nismo vidjele. Ali svakog snijega mislim da \u0107e se odnekud vratiti u bijelom d\u017eemperu i bijeloj janje\u0107oj \u0161ubari ispod koje viri tamna kovr\u010da kose.&#8221;<\/p>\n<p>Ulica Ljubice Gerovac postoji jo\u0161 samo na dvije lokacije, i to izvan Hrvatske. Jedna se nalazi u Banja Luci i vodi na Partizansko groblje. Ba\u010dki Brestovac, malo mjesto u op\u0107ini Od\u017eaci u Vojvodini, kada se gleda na Google mapi izgleda bajkovito. Pored Lenjinove i Titove, tu su i ulice s imenima Ljubice Gerovac, Sr\u0111ana Uzelca, Ivice Lovin\u010di\u0107a, Rade Kon\u010dara i Pere Grubora. Stvar je u tome da je ovo mjesta\u0161ce naseljeno Li\u010danima iz brinjskog i koreni\u010dkog kraja.<\/p>\n<p>Nekoliko stotina kilometara dalje situacija je skroz suprotna. Prije \u010detiri godine iz spomen-parka u Vodote\u010du ukradene su biste Ljubice Gerovac, Sr\u0111ana Uzelca i Ivice Lovin\u010di\u0107a. Saznajemo da one nikad nisu vra\u0107ene te da nadle\u017ene slu\u017ebe park nisu pokosile i o\u010distile dvije godine. A sugovornik iz Jezerana kazao je da je spomenik Ljubici Gerovac &#8220;odselio&#8221;.<\/p>\n<p>\u2014 Gdje? &#8211; pitali smo.<\/p>\n<p>\u2014 A \u0161to znam &#8211; \u010dulo se s druge strane.<\/p>\n<p><em>pi\u0161e Anja Ko\u017eul<\/em><\/p>\n","protected":false},"excerpt":{"rendered":"<p>Ime narodne heroine Ljubice Gerovac, koja je u svojoj 22. godini poginula u borbi s usta\u0161ama, po\u010detkom 1990-ih uklonjeno je iz javnosti. Mjesni odbor Savski kuti na zagreba\u010dkom Trnju, koji je nekada nosio Ljubi\u010dino ime, pokrenuo je inicijativu za vra\u0107anje njene biste<\/p>\n","protected":false},"featured_media":3022,"template":"","tags":[136],"atribut":[],"class_list":["post-926","nada","type-nada","status-publish","has-post-thumbnail","hentry","tag-portret"],"acf":[],"yoast_head":"<!-- This site is optimized with the Yoast SEO plugin v27.4 - https:\/\/yoast.com\/product\/yoast-seo-wordpress\/ -->\n<title>Bista za Ljubicu - SDF - Srpski demokratski forum<\/title>\n<meta name=\"robots\" content=\"index, follow, max-snippet:-1, max-image-preview:large, max-video-preview:-1\" \/>\n<link rel=\"canonical\" href=\"https:\/\/sdf.hr\/hr\/nada\/bista-za-ljubicu\/\" \/>\n<meta property=\"og:locale\" content=\"hr_HR\" \/>\n<meta property=\"og:type\" content=\"article\" \/>\n<meta property=\"og:title\" content=\"Bista za Ljubicu - SDF - Srpski demokratski forum\" \/>\n<meta property=\"og:description\" content=\"Ime narodne heroine Ljubice Gerovac, koja je u svojoj 22. godini poginula u borbi s usta\u0161ama, po\u010detkom 1990-ih uklonjeno je iz javnosti. Mjesni odbor Savski kuti na zagreba\u010dkom Trnju, koji je nekada nosio Ljubi\u010dino ime, pokrenuo je inicijativu za vra\u0107anje njene biste\" \/>\n<meta property=\"og:url\" content=\"https:\/\/sdf.hr\/hr\/nada\/bista-za-ljubicu\/\" \/>\n<meta property=\"og:site_name\" content=\"SDF - Srpski demokratski forum\" \/>\n<meta property=\"article:modified_time\" content=\"2023-03-23T14:05:29+00:00\" \/>\n<meta property=\"og:image\" content=\"https:\/\/sdf.hr\/wp-content\/uploads\/2022\/08\/Ljubica_Antifasisticki-vjesnik-1.jpg\" \/>\n\t<meta property=\"og:image:width\" content=\"992\" \/>\n\t<meta property=\"og:image:height\" content=\"1065\" \/>\n\t<meta property=\"og:image:type\" content=\"image\/jpeg\" \/>\n<meta name=\"twitter:card\" content=\"summary_large_image\" \/>\n<meta name=\"twitter:label1\" content=\"Procijenjeno vrijeme \u010ditanja\" \/>\n\t<meta name=\"twitter:data1\" content=\"8 minuta\" \/>\n<script type=\"application\/ld+json\" class=\"yoast-schema-graph\">{\"@context\":\"https:\\\/\\\/schema.org\",\"@graph\":[{\"@type\":\"WebPage\",\"@id\":\"https:\\\/\\\/sdf.hr\\\/hr\\\/nada\\\/bista-za-ljubicu\\\/\",\"url\":\"https:\\\/\\\/sdf.hr\\\/hr\\\/nada\\\/bista-za-ljubicu\\\/\",\"name\":\"Bista za Ljubicu - SDF - Srpski demokratski forum\",\"isPartOf\":{\"@id\":\"https:\\\/\\\/sdf.hr\\\/#website\"},\"primaryImageOfPage\":{\"@id\":\"https:\\\/\\\/sdf.hr\\\/hr\\\/nada\\\/bista-za-ljubicu\\\/#primaryimage\"},\"image\":{\"@id\":\"https:\\\/\\\/sdf.hr\\\/hr\\\/nada\\\/bista-za-ljubicu\\\/#primaryimage\"},\"thumbnailUrl\":\"https:\\\/\\\/sdf.hr\\\/wp-content\\\/uploads\\\/2022\\\/08\\\/Ljubica_Antifasisticki-vjesnik-1.jpg\",\"datePublished\":\"2022-08-28T20:43:39+00:00\",\"dateModified\":\"2023-03-23T14:05:29+00:00\",\"breadcrumb\":{\"@id\":\"https:\\\/\\\/sdf.hr\\\/hr\\\/nada\\\/bista-za-ljubicu\\\/#breadcrumb\"},\"inLanguage\":\"hr\",\"potentialAction\":[{\"@type\":\"ReadAction\",\"target\":[\"https:\\\/\\\/sdf.hr\\\/hr\\\/nada\\\/bista-za-ljubicu\\\/\"]}]},{\"@type\":\"ImageObject\",\"inLanguage\":\"hr\",\"@id\":\"https:\\\/\\\/sdf.hr\\\/hr\\\/nada\\\/bista-za-ljubicu\\\/#primaryimage\",\"url\":\"https:\\\/\\\/sdf.hr\\\/wp-content\\\/uploads\\\/2022\\\/08\\\/Ljubica_Antifasisticki-vjesnik-1.jpg\",\"contentUrl\":\"https:\\\/\\\/sdf.hr\\\/wp-content\\\/uploads\\\/2022\\\/08\\\/Ljubica_Antifasisticki-vjesnik-1.jpg\",\"width\":992,\"height\":1065,\"caption\":\"Ukradena bista u Vodote\u010du (Foto: Antifa\u0161isti\u010dki vjesnik)\"},{\"@type\":\"BreadcrumbList\",\"@id\":\"https:\\\/\\\/sdf.hr\\\/hr\\\/nada\\\/bista-za-ljubicu\\\/#breadcrumb\",\"itemListElement\":[{\"@type\":\"ListItem\",\"position\":1,\"name\":\"Po\u010detna stranica\",\"item\":\"https:\\\/\\\/sdf.hr\\\/hr\\\/\"},{\"@type\":\"ListItem\",\"position\":2,\"name\":\"Nada\",\"item\":\"https:\\\/\\\/sdf.hr\\\/nada\\\/\"},{\"@type\":\"ListItem\",\"position\":3,\"name\":\"Bista za Ljubicu\"}]},{\"@type\":\"WebSite\",\"@id\":\"https:\\\/\\\/sdf.hr\\\/#website\",\"url\":\"https:\\\/\\\/sdf.hr\\\/\",\"name\":\"SDF - Srpski demokratski forum\",\"description\":\"Srpski demokratski forum\",\"publisher\":{\"@id\":\"https:\\\/\\\/sdf.hr\\\/#organization\"},\"potentialAction\":[{\"@type\":\"SearchAction\",\"target\":{\"@type\":\"EntryPoint\",\"urlTemplate\":\"https:\\\/\\\/sdf.hr\\\/?s={search_term_string}\"},\"query-input\":{\"@type\":\"PropertyValueSpecification\",\"valueRequired\":true,\"valueName\":\"search_term_string\"}}],\"inLanguage\":\"hr\"},{\"@type\":\"Organization\",\"@id\":\"https:\\\/\\\/sdf.hr\\\/#organization\",\"name\":\"SDF - Srpski demokratski forum\",\"url\":\"https:\\\/\\\/sdf.hr\\\/\",\"logo\":{\"@type\":\"ImageObject\",\"inLanguage\":\"hr\",\"@id\":\"https:\\\/\\\/sdf.hr\\\/#\\\/schema\\\/logo\\\/image\\\/\",\"url\":\"https:\\\/\\\/sdf.hr\\\/wp-content\\\/uploads\\\/2021\\\/07\\\/logo-hr.svg\",\"contentUrl\":\"https:\\\/\\\/sdf.hr\\\/wp-content\\\/uploads\\\/2021\\\/07\\\/logo-hr.svg\",\"width\":271,\"height\":100,\"caption\":\"SDF - Srpski demokratski forum\"},\"image\":{\"@id\":\"https:\\\/\\\/sdf.hr\\\/#\\\/schema\\\/logo\\\/image\\\/\"}}]}<\/script>\n<!-- \/ Yoast SEO plugin. -->","yoast_head_json":{"title":"Bista za Ljubicu - SDF - Srpski demokratski forum","robots":{"index":"index","follow":"follow","max-snippet":"max-snippet:-1","max-image-preview":"max-image-preview:large","max-video-preview":"max-video-preview:-1"},"canonical":"https:\/\/sdf.hr\/hr\/nada\/bista-za-ljubicu\/","og_locale":"hr_HR","og_type":"article","og_title":"Bista za Ljubicu - SDF - Srpski demokratski forum","og_description":"Ime narodne heroine Ljubice Gerovac, koja je u svojoj 22. godini poginula u borbi s usta\u0161ama, po\u010detkom 1990-ih uklonjeno je iz javnosti. Mjesni odbor Savski kuti na zagreba\u010dkom Trnju, koji je nekada nosio Ljubi\u010dino ime, pokrenuo je inicijativu za vra\u0107anje njene biste","og_url":"https:\/\/sdf.hr\/hr\/nada\/bista-za-ljubicu\/","og_site_name":"SDF - Srpski demokratski forum","article_modified_time":"2023-03-23T14:05:29+00:00","og_image":[{"width":992,"height":1065,"url":"https:\/\/sdf.hr\/wp-content\/uploads\/2022\/08\/Ljubica_Antifasisticki-vjesnik-1.jpg","type":"image\/jpeg"}],"twitter_card":"summary_large_image","twitter_misc":{"Procijenjeno vrijeme \u010ditanja":"8 minuta"},"schema":{"@context":"https:\/\/schema.org","@graph":[{"@type":"WebPage","@id":"https:\/\/sdf.hr\/hr\/nada\/bista-za-ljubicu\/","url":"https:\/\/sdf.hr\/hr\/nada\/bista-za-ljubicu\/","name":"Bista za Ljubicu - SDF - Srpski demokratski forum","isPartOf":{"@id":"https:\/\/sdf.hr\/#website"},"primaryImageOfPage":{"@id":"https:\/\/sdf.hr\/hr\/nada\/bista-za-ljubicu\/#primaryimage"},"image":{"@id":"https:\/\/sdf.hr\/hr\/nada\/bista-za-ljubicu\/#primaryimage"},"thumbnailUrl":"https:\/\/sdf.hr\/wp-content\/uploads\/2022\/08\/Ljubica_Antifasisticki-vjesnik-1.jpg","datePublished":"2022-08-28T20:43:39+00:00","dateModified":"2023-03-23T14:05:29+00:00","breadcrumb":{"@id":"https:\/\/sdf.hr\/hr\/nada\/bista-za-ljubicu\/#breadcrumb"},"inLanguage":"hr","potentialAction":[{"@type":"ReadAction","target":["https:\/\/sdf.hr\/hr\/nada\/bista-za-ljubicu\/"]}]},{"@type":"ImageObject","inLanguage":"hr","@id":"https:\/\/sdf.hr\/hr\/nada\/bista-za-ljubicu\/#primaryimage","url":"https:\/\/sdf.hr\/wp-content\/uploads\/2022\/08\/Ljubica_Antifasisticki-vjesnik-1.jpg","contentUrl":"https:\/\/sdf.hr\/wp-content\/uploads\/2022\/08\/Ljubica_Antifasisticki-vjesnik-1.jpg","width":992,"height":1065,"caption":"Ukradena bista u Vodote\u010du (Foto: Antifa\u0161isti\u010dki vjesnik)"},{"@type":"BreadcrumbList","@id":"https:\/\/sdf.hr\/hr\/nada\/bista-za-ljubicu\/#breadcrumb","itemListElement":[{"@type":"ListItem","position":1,"name":"Po\u010detna stranica","item":"https:\/\/sdf.hr\/hr\/"},{"@type":"ListItem","position":2,"name":"Nada","item":"https:\/\/sdf.hr\/nada\/"},{"@type":"ListItem","position":3,"name":"Bista za Ljubicu"}]},{"@type":"WebSite","@id":"https:\/\/sdf.hr\/#website","url":"https:\/\/sdf.hr\/","name":"SDF - Srpski demokratski forum","description":"Srpski demokratski forum","publisher":{"@id":"https:\/\/sdf.hr\/#organization"},"potentialAction":[{"@type":"SearchAction","target":{"@type":"EntryPoint","urlTemplate":"https:\/\/sdf.hr\/?s={search_term_string}"},"query-input":{"@type":"PropertyValueSpecification","valueRequired":true,"valueName":"search_term_string"}}],"inLanguage":"hr"},{"@type":"Organization","@id":"https:\/\/sdf.hr\/#organization","name":"SDF - Srpski demokratski forum","url":"https:\/\/sdf.hr\/","logo":{"@type":"ImageObject","inLanguage":"hr","@id":"https:\/\/sdf.hr\/#\/schema\/logo\/image\/","url":"https:\/\/sdf.hr\/wp-content\/uploads\/2021\/07\/logo-hr.svg","contentUrl":"https:\/\/sdf.hr\/wp-content\/uploads\/2021\/07\/logo-hr.svg","width":271,"height":100,"caption":"SDF - Srpski demokratski forum"},"image":{"@id":"https:\/\/sdf.hr\/#\/schema\/logo\/image\/"}}]}},"_links":{"self":[{"href":"https:\/\/sdf.hr\/hr\/wp-json\/wp\/v2\/nada\/926","targetHints":{"allow":["GET"]}}],"collection":[{"href":"https:\/\/sdf.hr\/hr\/wp-json\/wp\/v2\/nada"}],"about":[{"href":"https:\/\/sdf.hr\/hr\/wp-json\/wp\/v2\/types\/nada"}],"wp:featuredmedia":[{"embeddable":true,"href":"https:\/\/sdf.hr\/hr\/wp-json\/wp\/v2\/media\/3022"}],"wp:attachment":[{"href":"https:\/\/sdf.hr\/hr\/wp-json\/wp\/v2\/media?parent=926"}],"wp:term":[{"taxonomy":"post_tag","embeddable":true,"href":"https:\/\/sdf.hr\/hr\/wp-json\/wp\/v2\/tags?post=926"},{"taxonomy":"atribut","embeddable":true,"href":"https:\/\/sdf.hr\/hr\/wp-json\/wp\/v2\/atribut?post=926"}],"curies":[{"name":"wp","href":"https:\/\/api.w.org\/{rel}","templated":true}]}}