{"id":937,"date":"2022-08-28T22:53:35","date_gmt":"2022-08-28T20:53:35","guid":{"rendered":"https:\/\/sdf.hr\/?post_type=nada&#038;p=937"},"modified":"2023-03-23T14:58:17","modified_gmt":"2023-03-23T13:58:17","slug":"goranska-manestra","status":"publish","type":"nada","link":"https:\/\/sdf.hr\/hr\/nada\/goranska-manestra\/","title":{"rendered":"Goranska mane\u0161tra"},"content":{"rendered":"<p>Mane\u0161tra je autohtono, ju\u0161no istarsko jelo od povr\u0107a koje u svom sastavu ima kukuruz. U ovoj goranskoj varijanti se priprema s je\u010dmom, porilukom i doma\u0107im, suhim kobasicama. Ovo jelo \u0107e vas doista okrijepiti \u010dak i ako, poput mene, ne volite poriluk. Moja &#8220;ljubav&#8221; prema poriluku se\u017ee jo\u0161 u djetinjstvo kada to povr\u0107e nisam mogla vidjeti ni nacrtano. Kako to s godinama biva, dajem mu priliku da me odu\u0161evi pa se sve \u010de\u0161\u0107e na\u0111e i u mom tanjuru. U ovom jelu mi ba\u0161 prija pa probajte i vi. Krepko varivo sam obogatila s malo popr\u017eenog \u0161peka i prepe\u010denim kruhom.<\/p>\n<p>Je\u010dam, ri\u010det ili kako se kod nas ka\u017ee, ka\u0161a, vrlo je zahvalna i zdrava \u017eitarica. Koristi se u proizvodnji piva, a mnoga jela iz bakine kuhinje sadr\u017ee ba\u0161 je\u010dam. Odrasla sam na li\u010dkom grahu s je\u010dmom pa me uvijek uhvati nostalgija kada u svojoj kuhinji pripremam tu \u017eitaricu. Je\u010dam sadr\u017ei mnoge minerale i vitamine (A, D, E i ve\u0107e koli\u010dine B12 vitamina), lako je probavljiv te pogoduje odr\u017eavanju crijevne mikroflore. Je\u010dam mo\u017eete dodavati u razna povrtna variva, ali i hladne salate.<\/p>\n<p><strong><em>Sastojci za goransku mane\u0161tru (za 2 do 3 osobe)<\/em><\/strong><\/p>\n<p>1 \u017elica masti (ili ulja)<br \/>\n1 mladi luk<br \/>\n1 krumpir<br \/>\n1 mrkva<br \/>\n1 mala konzerva kukuruza<br \/>\n1 poriluk (ako je ve\u0107i, dovoljno je pola)<br \/>\n80 g je\u010dma<br \/>\n2 \u2014 3 suhe kobasice (koristila sam doma\u0107e, dimljene)<br \/>\ntemeljac ili voda (cca 30 \u2014 400 ml)<br \/>\nsol i papar<br \/>\n30 g \u0161peka<\/p>\n<p><strong><em>Priprema<\/em><\/strong><\/p>\n<p>U posudi rastopite i zagrijte masno\u0107u pa popr\u017eite kobasice narezane na koluti\u0107e. Dodajte nasjeckan mladi luk i poriluk pa popr\u017eite sve zajedno par minuta. Dodajte je\u010dam i pirjajte da se je\u010dam potpuno oblo\u017ei masno\u0107om i upije okuse. Za ovo vam je dovoljno par minuta. Dodajte nasjeckanu mrkvu i krumpir pa podlijte temeljcem ili vodom. Poklopljeno kuhajte na laganoj vatri povremeno mije\u0161aju\u0107i i po potrebi dodajte jo\u0161 teku\u0107ine. Ja sam teku\u0107inu dolijevala postupno jer sam \u017eeljela gu\u0161\u0107e jelo.<\/p>\n<p>Je\u010dmu je potrebno nekih 30 \u2014 40 minuta kuhanja. Pred kraj kuhanja dodajte kukuruz te za\u010dinite po ukusu. Prokuhajte jo\u0161 pet minuta. Za to vrijeme mo\u017eete popr\u017eiti kockice \u0161peka na suhoj tavi dok ne budu hrskave. Na toj masno\u0107i popr\u017eite \u0161nite kruha. Jelo poslu\u017eite uz popr\u017eeni \u0161pek i prepe\u010deni kruh.<\/p>\n<p>Dobar tek!<\/p>\n<p><em>pi\u0161e Valentina Vukadinovi\u0107<\/em><\/p>\n","protected":false},"excerpt":{"rendered":"<p>Mane\u0161tra je autohtono, ju\u0161no istarsko jelo od povr\u0107a koje u svom sastavu ima kukuruz. U ovoj goranskoj varijanti se priprema s je\u010dmom, porilukom i doma\u0107im, suhim kobasicama<\/p>\n","protected":false},"featured_media":3015,"template":"","tags":[42],"atribut":[],"class_list":["post-937","nada","type-nada","status-publish","has-post-thumbnail","hentry","tag-gorski-kotao"],"acf":[],"yoast_head":"<!-- This site is optimized with the Yoast SEO plugin v27.4 - https:\/\/yoast.com\/product\/yoast-seo-wordpress\/ -->\n<title>Goranska mane\u0161tra - SDF - Srpski demokratski forum<\/title>\n<meta name=\"robots\" content=\"index, follow, max-snippet:-1, max-image-preview:large, max-video-preview:-1\" \/>\n<link rel=\"canonical\" href=\"https:\/\/sdf.hr\/hr\/nada\/goranska-manestra\/\" \/>\n<meta property=\"og:locale\" content=\"hr_HR\" \/>\n<meta property=\"og:type\" content=\"article\" \/>\n<meta property=\"og:title\" content=\"Goranska mane\u0161tra - SDF - Srpski demokratski forum\" \/>\n<meta property=\"og:description\" content=\"Mane\u0161tra je autohtono, ju\u0161no istarsko jelo od povr\u0107a koje u svom sastavu ima kukuruz. U ovoj goranskoj varijanti se priprema s je\u010dmom, porilukom i doma\u0107im, suhim kobasicama\" \/>\n<meta property=\"og:url\" content=\"https:\/\/sdf.hr\/hr\/nada\/goranska-manestra\/\" \/>\n<meta property=\"og:site_name\" content=\"SDF - Srpski demokratski forum\" \/>\n<meta property=\"article:modified_time\" content=\"2023-03-23T13:58:17+00:00\" \/>\n<meta property=\"og:image\" content=\"https:\/\/sdf.hr\/wp-content\/uploads\/2022\/08\/Manestra-1-scaled.jpeg\" \/>\n\t<meta property=\"og:image:width\" content=\"2560\" \/>\n\t<meta property=\"og:image:height\" content=\"1244\" \/>\n\t<meta property=\"og:image:type\" content=\"image\/jpeg\" \/>\n<meta name=\"twitter:card\" content=\"summary_large_image\" \/>\n<meta name=\"twitter:label1\" content=\"Procijenjeno vrijeme \u010ditanja\" \/>\n\t<meta name=\"twitter:data1\" content=\"2 minute\" \/>\n<script type=\"application\/ld+json\" class=\"yoast-schema-graph\">{\"@context\":\"https:\\\/\\\/schema.org\",\"@graph\":[{\"@type\":\"WebPage\",\"@id\":\"https:\\\/\\\/sdf.hr\\\/hr\\\/nada\\\/goranska-manestra\\\/\",\"url\":\"https:\\\/\\\/sdf.hr\\\/hr\\\/nada\\\/goranska-manestra\\\/\",\"name\":\"Goranska mane\u0161tra - SDF - Srpski demokratski forum\",\"isPartOf\":{\"@id\":\"https:\\\/\\\/sdf.hr\\\/#website\"},\"primaryImageOfPage\":{\"@id\":\"https:\\\/\\\/sdf.hr\\\/hr\\\/nada\\\/goranska-manestra\\\/#primaryimage\"},\"image\":{\"@id\":\"https:\\\/\\\/sdf.hr\\\/hr\\\/nada\\\/goranska-manestra\\\/#primaryimage\"},\"thumbnailUrl\":\"https:\\\/\\\/sdf.hr\\\/wp-content\\\/uploads\\\/2022\\\/08\\\/Manestra-1-scaled.jpeg\",\"datePublished\":\"2022-08-28T20:53:35+00:00\",\"dateModified\":\"2023-03-23T13:58:17+00:00\",\"breadcrumb\":{\"@id\":\"https:\\\/\\\/sdf.hr\\\/hr\\\/nada\\\/goranska-manestra\\\/#breadcrumb\"},\"inLanguage\":\"hr\",\"potentialAction\":[{\"@type\":\"ReadAction\",\"target\":[\"https:\\\/\\\/sdf.hr\\\/hr\\\/nada\\\/goranska-manestra\\\/\"]}]},{\"@type\":\"ImageObject\",\"inLanguage\":\"hr\",\"@id\":\"https:\\\/\\\/sdf.hr\\\/hr\\\/nada\\\/goranska-manestra\\\/#primaryimage\",\"url\":\"https:\\\/\\\/sdf.hr\\\/wp-content\\\/uploads\\\/2022\\\/08\\\/Manestra-1-scaled.jpeg\",\"contentUrl\":\"https:\\\/\\\/sdf.hr\\\/wp-content\\\/uploads\\\/2022\\\/08\\\/Manestra-1-scaled.jpeg\",\"width\":2560,\"height\":1244},{\"@type\":\"BreadcrumbList\",\"@id\":\"https:\\\/\\\/sdf.hr\\\/hr\\\/nada\\\/goranska-manestra\\\/#breadcrumb\",\"itemListElement\":[{\"@type\":\"ListItem\",\"position\":1,\"name\":\"Po\u010detna stranica\",\"item\":\"https:\\\/\\\/sdf.hr\\\/hr\\\/\"},{\"@type\":\"ListItem\",\"position\":2,\"name\":\"Nada\",\"item\":\"https:\\\/\\\/sdf.hr\\\/nada\\\/\"},{\"@type\":\"ListItem\",\"position\":3,\"name\":\"Goranska mane\u0161tra\"}]},{\"@type\":\"WebSite\",\"@id\":\"https:\\\/\\\/sdf.hr\\\/#website\",\"url\":\"https:\\\/\\\/sdf.hr\\\/\",\"name\":\"SDF - Srpski demokratski forum\",\"description\":\"Srpski demokratski forum\",\"publisher\":{\"@id\":\"https:\\\/\\\/sdf.hr\\\/#organization\"},\"potentialAction\":[{\"@type\":\"SearchAction\",\"target\":{\"@type\":\"EntryPoint\",\"urlTemplate\":\"https:\\\/\\\/sdf.hr\\\/?s={search_term_string}\"},\"query-input\":{\"@type\":\"PropertyValueSpecification\",\"valueRequired\":true,\"valueName\":\"search_term_string\"}}],\"inLanguage\":\"hr\"},{\"@type\":\"Organization\",\"@id\":\"https:\\\/\\\/sdf.hr\\\/#organization\",\"name\":\"SDF - Srpski demokratski forum\",\"url\":\"https:\\\/\\\/sdf.hr\\\/\",\"logo\":{\"@type\":\"ImageObject\",\"inLanguage\":\"hr\",\"@id\":\"https:\\\/\\\/sdf.hr\\\/#\\\/schema\\\/logo\\\/image\\\/\",\"url\":\"https:\\\/\\\/sdf.hr\\\/wp-content\\\/uploads\\\/2021\\\/07\\\/logo-hr.svg\",\"contentUrl\":\"https:\\\/\\\/sdf.hr\\\/wp-content\\\/uploads\\\/2021\\\/07\\\/logo-hr.svg\",\"width\":271,\"height\":100,\"caption\":\"SDF - Srpski demokratski forum\"},\"image\":{\"@id\":\"https:\\\/\\\/sdf.hr\\\/#\\\/schema\\\/logo\\\/image\\\/\"}}]}<\/script>\n<!-- \/ Yoast SEO plugin. -->","yoast_head_json":{"title":"Goranska mane\u0161tra - SDF - Srpski demokratski forum","robots":{"index":"index","follow":"follow","max-snippet":"max-snippet:-1","max-image-preview":"max-image-preview:large","max-video-preview":"max-video-preview:-1"},"canonical":"https:\/\/sdf.hr\/hr\/nada\/goranska-manestra\/","og_locale":"hr_HR","og_type":"article","og_title":"Goranska mane\u0161tra - SDF - Srpski demokratski forum","og_description":"Mane\u0161tra je autohtono, ju\u0161no istarsko jelo od povr\u0107a koje u svom sastavu ima kukuruz. U ovoj goranskoj varijanti se priprema s je\u010dmom, porilukom i doma\u0107im, suhim kobasicama","og_url":"https:\/\/sdf.hr\/hr\/nada\/goranska-manestra\/","og_site_name":"SDF - Srpski demokratski forum","article_modified_time":"2023-03-23T13:58:17+00:00","og_image":[{"width":2560,"height":1244,"url":"https:\/\/sdf.hr\/wp-content\/uploads\/2022\/08\/Manestra-1-scaled.jpeg","type":"image\/jpeg"}],"twitter_card":"summary_large_image","twitter_misc":{"Procijenjeno vrijeme \u010ditanja":"2 minute"},"schema":{"@context":"https:\/\/schema.org","@graph":[{"@type":"WebPage","@id":"https:\/\/sdf.hr\/hr\/nada\/goranska-manestra\/","url":"https:\/\/sdf.hr\/hr\/nada\/goranska-manestra\/","name":"Goranska mane\u0161tra - SDF - Srpski demokratski forum","isPartOf":{"@id":"https:\/\/sdf.hr\/#website"},"primaryImageOfPage":{"@id":"https:\/\/sdf.hr\/hr\/nada\/goranska-manestra\/#primaryimage"},"image":{"@id":"https:\/\/sdf.hr\/hr\/nada\/goranska-manestra\/#primaryimage"},"thumbnailUrl":"https:\/\/sdf.hr\/wp-content\/uploads\/2022\/08\/Manestra-1-scaled.jpeg","datePublished":"2022-08-28T20:53:35+00:00","dateModified":"2023-03-23T13:58:17+00:00","breadcrumb":{"@id":"https:\/\/sdf.hr\/hr\/nada\/goranska-manestra\/#breadcrumb"},"inLanguage":"hr","potentialAction":[{"@type":"ReadAction","target":["https:\/\/sdf.hr\/hr\/nada\/goranska-manestra\/"]}]},{"@type":"ImageObject","inLanguage":"hr","@id":"https:\/\/sdf.hr\/hr\/nada\/goranska-manestra\/#primaryimage","url":"https:\/\/sdf.hr\/wp-content\/uploads\/2022\/08\/Manestra-1-scaled.jpeg","contentUrl":"https:\/\/sdf.hr\/wp-content\/uploads\/2022\/08\/Manestra-1-scaled.jpeg","width":2560,"height":1244},{"@type":"BreadcrumbList","@id":"https:\/\/sdf.hr\/hr\/nada\/goranska-manestra\/#breadcrumb","itemListElement":[{"@type":"ListItem","position":1,"name":"Po\u010detna stranica","item":"https:\/\/sdf.hr\/hr\/"},{"@type":"ListItem","position":2,"name":"Nada","item":"https:\/\/sdf.hr\/nada\/"},{"@type":"ListItem","position":3,"name":"Goranska mane\u0161tra"}]},{"@type":"WebSite","@id":"https:\/\/sdf.hr\/#website","url":"https:\/\/sdf.hr\/","name":"SDF - Srpski demokratski forum","description":"Srpski demokratski forum","publisher":{"@id":"https:\/\/sdf.hr\/#organization"},"potentialAction":[{"@type":"SearchAction","target":{"@type":"EntryPoint","urlTemplate":"https:\/\/sdf.hr\/?s={search_term_string}"},"query-input":{"@type":"PropertyValueSpecification","valueRequired":true,"valueName":"search_term_string"}}],"inLanguage":"hr"},{"@type":"Organization","@id":"https:\/\/sdf.hr\/#organization","name":"SDF - Srpski demokratski forum","url":"https:\/\/sdf.hr\/","logo":{"@type":"ImageObject","inLanguage":"hr","@id":"https:\/\/sdf.hr\/#\/schema\/logo\/image\/","url":"https:\/\/sdf.hr\/wp-content\/uploads\/2021\/07\/logo-hr.svg","contentUrl":"https:\/\/sdf.hr\/wp-content\/uploads\/2021\/07\/logo-hr.svg","width":271,"height":100,"caption":"SDF - Srpski demokratski forum"},"image":{"@id":"https:\/\/sdf.hr\/#\/schema\/logo\/image\/"}}]}},"_links":{"self":[{"href":"https:\/\/sdf.hr\/hr\/wp-json\/wp\/v2\/nada\/937","targetHints":{"allow":["GET"]}}],"collection":[{"href":"https:\/\/sdf.hr\/hr\/wp-json\/wp\/v2\/nada"}],"about":[{"href":"https:\/\/sdf.hr\/hr\/wp-json\/wp\/v2\/types\/nada"}],"wp:featuredmedia":[{"embeddable":true,"href":"https:\/\/sdf.hr\/hr\/wp-json\/wp\/v2\/media\/3015"}],"wp:attachment":[{"href":"https:\/\/sdf.hr\/hr\/wp-json\/wp\/v2\/media?parent=937"}],"wp:term":[{"taxonomy":"post_tag","embeddable":true,"href":"https:\/\/sdf.hr\/hr\/wp-json\/wp\/v2\/tags?post=937"},{"taxonomy":"atribut","embeddable":true,"href":"https:\/\/sdf.hr\/hr\/wp-json\/wp\/v2\/atribut?post=937"}],"curies":[{"name":"wp","href":"https:\/\/api.w.org\/{rel}","templated":true}]}}