{"id":943,"date":"2022-08-29T12:56:52","date_gmt":"2022-08-29T10:56:52","guid":{"rendered":"https:\/\/sdf.hr\/?post_type=nada&#038;p=943"},"modified":"2023-03-23T14:42:52","modified_gmt":"2023-03-23T13:42:52","slug":"ljiljana-nikolovska-fali-mi-split-kojeg-vise-nema","status":"publish","type":"nada","link":"https:\/\/sdf.hr\/hr\/nada\/ljiljana-nikolovska-fali-mi-split-kojeg-vise-nema\/","title":{"rendered":"Ljiljana Nikolovska: Fali mi Split kojeg vi\u0161e nema"},"content":{"rendered":"<p>Ljiljana Nikolovska ro\u0111ena je 1964. u Splitu. Imala je 19 godina kad se pridru\u017eila grupi Magazin kao pjeva\u010dica, a te 1983. na Splitskom festivalu Magazin je izveo pjesmu &#8220;Kokolo&#8221;. Istoimeni album, objavljen krajem godine, dosegnuo je platinastu nakladu, a Magazin je postao jedan od najpopularnijih bendova u Jugoslaviji te je do dan danas ostao simbolom muzi\u010dkih osamdesetih. Ljiljana 1990. seli u SAD, a od 1995. sa suprugom \u017eivi i radi u San Pedru u Kaliforniji. Uz rad u muzi\u010dkom studiju, Nikolovska je bila politi\u010dki aktivna kao volonterka u kampanjama Bernija Sandersa, jednog od kandidata Demokratske stranke na predizborima za predsjednika SAD-a 2016. i 2020. godine. U hrvatski se politi\u010dki \u017eivot uklju\u010dila kandidirav\u0161i se na zadnjim parlamentarnim izborima u VIII. jedinici ispred Radni\u010dke fronte. U Hrvatsku dolazi sve rje\u0111e, pa smo razgovor vodili <em>online<\/em>. Ali, kako nam je otkrila, u\u017eiva u <em>online<\/em> komunikaciji i umre\u017eavanju, pa zbog njene neposrednosti imamo osje\u0107aj kao da ispijamo kavu na splitskoj Rivi.<\/p>\n<p><strong>Krenimo od va\u0161e svakodnevice \u2013 u San Pedru \u017eivite sa suprugom, sinom i ma\u010dkama. U vi\u0161e ste navrata spominjali da u\u017eivate u svom vrtu i radu u studiju. Kako izgleda va\u0161 \u017eivot danas i je li Kalifornija, kako nam je obe\u0107ala pjesma, &#8220;samo Coca-Cola i sjaj&#8221;?<\/strong><\/p>\n<p>Ovo sa suprugom, sinom i ma\u010dkama zvu\u010di idili\u010dno, svi\u0111a mi se. Usput, \u010dekam da Coca-Cola izumi Cocktu, izbirljiva sam kada je rije\u010d o doziranju dnevnih otrova, pogotovo ako su u pitanju kompanije koje u toj mjeri zaga\u0111uju planetu i kradu vodu. Naravno da Kalifornija nije samo sjajna, ali ono \u0161to mi je va\u017eno jest da je progresivna i to je ono \u0161to me za nju ve\u017ee. Ve\u017ee me i obitelj, glazba, zajednica, ogromno neprobojno klupko ideja, kreacije, optimizma, ideala, suradnje i aktivizma koji ovdje nikada ne spava, hiljade malih &#8220;komuna&#8221; s vlastitim komunikacijskim kanalima koje monopolisti\u010dki <em>mainstream<\/em> skoro ni ne dodiruje. Kalifornija ima puno problema, ali ih za razliku od mnogih drugih zajednica poku\u0161ava rije\u0161iti. Iskreno, uvijek mi je \u010dudno kada me netko pita ne\u0161to o mom \u017eivotu, kome je to zanimljivo, ali da, njega \u010dine obitelj, ku\u0107a, studijski rad, aktivizam, koled\u017e, vrt i kratka putovanja kada stignemo. \u0160to re\u0107i o Kaliforniji nakon Eaglesa: <em>&#8216;Relax&#8217;, said the night man, &#8216;We are programmed to receive. You can check-out any time you like, But you can never leave!&#8217;<\/em><\/p>\n<p><strong>Dosta vremena provodite u studiju. Koliko je pandemija utjecala na va\u0161 studijski rad? Osim produciranja projekata drugih muzi\u010dara, radite li i vlastite projekte?<\/strong><\/p>\n<p>Pandemija je promijenila studijski rad u smislu grupnih snimanja u\u017eivo, onemogu\u0107ila je i nastupe, ali dana\u0161nja je tehnologija popunila ve\u0107inu rupa. Prije 15-ak godina si recimo trebao na mjesec dana ugostiti i smjestiti cijeli bend iz Napulja, Buenos Airesa ili New Yorka s kojim sura\u0111uje\u0161, danas jedni drugima jednostavno proslje\u0111ujemo materijale. Vlastite projekte trenutno samo sakupljam. U moru materijala i sadr\u017eaja koji nas okru\u017euje, \u010desto mi netko do\u0111e s fantasti\u010dnom idejom koju minimalno obradim i spremim &#8220;za kasnije&#8221;. Previ\u0161e ideja, premalo vremena&#8230; Trenutno mi je prioritet zavr\u0161iti porodi\u010dnu biografiju prije nego djeca postanu punoljetna. Zvu\u010di pomalo privilegirano u ovim \u0161okantnim i morbidnim vremenima.<\/p>\n<h3>Magazin ne pamtim kao fenomen<\/h3>\n<p><strong>Ne\u0107emo vas pitati \u0161to mislite o dana\u0161njem Magazinu, ali nas zanima kakvu muziku volite slu\u0161ati i postoji li neki doma\u0107i muzi\u010dar ili muzi\u010darka s kojim jo\u0161 niste imali prilike sura\u0111ivati, a htjeli biste?<\/strong><\/p>\n<p>Gitarista i basista nekog originalnog benda sami ne mogu vi\u0161e tvoriti taj isti bend. Mo\u017eda je \u0161teta ne koristiti prepoznatljiv naziv dok god je mogu\u0107e, ali to je dvosjekli ma\u010d jer prodaje\u0161 ne\u0161to \u010dega vi\u0161e nema, nije va\u017eno je li ovo novo bolje ili lo\u0161ije, druga\u010dije je. I to se uvijek osjeti. Ljude za muziku ve\u017eu sje\u0107anja i emocije i na ovakvom pristupu mo\u017ee\u0161 kratkoro\u010dno profitirati, ali dugoro\u010dno gubi\u0161 identitet. Slu\u0161am sve \u0161to mi prija, a muziku dijelim na dobru, lo\u0161u, dosadnu i magi\u010dnu. Sve se da i\u0161\u010ditati iz te \u010detiri kategorije. Ba\u0161 me zanima jeste li imali koga u vidu kada ste me pitali za suradnju?<\/p>\n<p><strong>Pale su mi napamet sjajne doma\u0107e kantautorice, od Sare Renar, preko Nine Romi\u0107 do Luce.<\/strong><\/p>\n<p>Pa hvala na ideji! \u0160to se dosada\u0161njih suradnji ti\u010de, prije par godina radili smo na kompilaciji s Du\u0161anom Koji\u0107em Kojom i Disciplinom ki\u010dme i sa sjajnim mladim muzi\u010darem i producentom Vaskom Atanasoskim. Tako\u0111er, suradnju predla\u017eemo i onima za koje se zainteresira \u017eivu\u0107a punk legenda i jedan od na\u0161ih stalnih producenata Mike Watt. Sigurno bi mi bilo gu\u0161t raditi s malim Matijom Dedi\u0107em i Vasilom Had\u017eimanovim. Meni su uvijek zanimljivi i Edo Maajka i TBF, a vjerojatno \u0107u u budu\u0107nosti ne\u0161to napraviti s Davorom Toljom za Radni\u010dku frontu, spori smo, ali planiramo. Nezahvalno mi je pri\u010dati o suradnjama i mogu\u0107im suradnjama jer ne mogu nikako spomenuti sve sjajne autore i izvo\u0111a\u010de, ali oko zajedni\u010dkog rada imam samo jedno pravilo. Ako nismo frendovi, ne mo\u017eemo raditi. Frend je meni netko koga ne mora\u0161 dobro poznavati, ali si uzajamno \u017eelite sve najbolje. Nemam ni ambiciju ni motivaciju za drugi tip rada.<\/p>\n<p>Vratimo se malo u sretniju pro\u0161lost. Na Facebooku ste pisali kako vam je otac iz Splita donio staru zna\u010dku &#8220;Estradni radnik Jugoslavije&#8221;. Kako je bilo biti jedna od najpoznatijih estradnih radnica Jugoslavije 1980-ih i kako sebi obja\u0161njavate fenomen tada\u0161njeg Magazina?<\/p>\n<p>&#8220;Zaslu\u017eni estradni radnik SFRJ&#8221; nije bila samo zna\u010dka, ve\u0107 dr\u017eavno priznati umjetni\u010dki status koji je bio vezan uz odre\u0111ene beneficije, stambene, penzione i sli\u010dno. Nekada su postojali vrlo striktni uslovi za dobivanje takvog statusa, sje\u0107am se da su ga naprimjer odbili pjeva\u010dici Lidiji Per\u010dan. Oliver je, mislim, na ra\u010dun njega 1987. dobio svoje potkrovlje u Splitu, a status je stekao godinu dana prije bubnjara Magazina Ante Mileti\u0107a i mene, s tim da je moj devedesetih potpuno izbrisan iz hrvatskog registra. No nebitno, to sam i o\u010dekivala od tada\u0161nje vlasti. Magazin ne pamtim kao fenomen. Znam samo da smo konstantno putovali, znali smo imati po dva-tri, \u010dak i \u010detiri koncerta dnevno, nekad u dva razli\u010dita grada u istom danu. Valjda kada nema\u0161 vremena sebe ugledati na televiziji, nema\u0161 predod\u017ebu o nekom statusu i popularnosti. Dodu\u0161e, sje\u0107am se da nas je ba\u0161 veselilo kada bismo na putu u kombiju \u010duli neku na\u0161u stvar na lokalnom radiju, pogotovo nakon onog nagradnog fijaska s &#8220;Pi\u0161i mi&#8221; na Zagrebfestu 1985. godine, kada je publika napustila Lisinski jer nismo pobijedili.<\/p>\n<p><strong>Koja su vam najdra\u017ea sje\u0107anja iz tog perioda?<\/strong><\/p>\n<p>Publika, ta interakcija je bila neopisiva. Magazin je bila i neka mama u publici kojoj nije smetala cura na pozornici u konfekcijskom odjelcu, dijete, koje je voljelo na\u0161e plesne parodije, svekrva, koja nije skrivala da tako\u0111er ide na koncert, kapetan trajekta ili voza\u010d autobusa kojega je putnik zamolio da poja\u010da radio i nitko se nije bunio. Ne znam, mladost i entuzijazam skoro uvijek na\u0111u plodno tlo, \u010dak i kad je ponekad ono \u0161to radi\u0161 nemu\u0161to ili pateti\u010dno umotano, a i toga smo imali napretek. Kada se sjetim nekih od tekstova, zgrozim se, ali bilo je tu i par bezvremenskih, tako da mi nije \u017eao. Prijem\u010divost tih pjesama mo\u017eda le\u017ei i u njihovom, tada neobi\u010dnom, specifi\u010dnom miksu popa i folka, koji je kreiran u suradnji s velikim brojem ljudi iz bran\u0161e, za razliku od ekskluzivne manufakture kojom se autori u regiji bave od devedesetih.<\/p>\n<p><strong>Kako je izgledao muzi\u010dki rad prije, kako je vi nazivate, ekskluzivne manufakture?<\/strong><\/p>\n<p>Pa bez Nenada Nin\u010devi\u0107a, Zvonimira Stipi\u010di\u0107a Mi\u0161a, kasnije Marine Tucakovi\u0107, Hrvoja Hegedu\u0161i\u0107a, Mate Do\u0161ena, Vesne Sre\u0107kovi\u0107, Gabi Novak, \u017deljka i Kre\u0161imira \u017dindari\u0107a, Ksenije Erker, \u017deljka Brodari\u0107a-Jappe, Damira Mihanovi\u0107a \u0106ubija, Vedrana Bo\u017ei\u0107a, Zdenka Runji\u0107a, Hrvoja Gr\u010devi\u0107a Grge, Vladimira Bubi\u0107a Bubija i jo\u0161 hrpe ljudi, mogla bih nabrajati do sutra, ono \u0161to smo svi poznavali kao Magazin ne bi ni zna\u010dilo ni zvu\u010dalo isto. Veliki je broj ljudi doprinosio svojom kreativno\u0161\u0107u, pomagao u promociji. Razumijem ja dana\u0161nju matematiku, od ne\u010dega treba \u017eivjeti, ali ne razumijem tu novu autorsku ekskluzivu. \u0160to vi\u0161e ljudi, ve\u0107i je dijapazon ideja, kvalitetniji odabir materijala za albume. Smanjiti ovakav tim na nekoliko ljudi umjetni\u010dki nema nikakvog smisla.<\/p>\n<p><strong>Iz bolje u lo\u0161iju pro\u0161lost \u2013 u Ameriku ste odselili godinu dana prije rata. Koje je va\u0161e iskustvo \u017eivota devedesetih i pra\u0107enja situacije u biv\u0161oj dr\u017eavi s drugog kontinenta, pogotovo s obzirom na to da su va\u0161i roditelji u to vrijeme izgubili stan u Splitu samo zbog &#8220;krivog&#8221; prezimena?<\/strong><\/p>\n<p>Da, odselila sam se 1990., ali smo tek bili zavr\u0161avali album &#8220;Dobro jutro&#8221; pa sam se \u010desto vra\u0107ala i odra\u0111ivala promo turneje tokom 1991., dok Danijela nije bila spremna za nastupe. Dolazila sam redovito sve do 1996., kada me bend zamolio da im se pridru\u017eim na jo\u0161 par ga\u017ea u Hrvatskoj i Sloveniji. Sje\u0107am se da nam je 1991. na vrata u stanu u Splitu pokucala nekakva patrola. U\u0161li su, pozdravili, \u010dula sam jednoga kako dovikuje nekom s vrata: &#8220;Nema problema, ovo su roditelji na\u0161e Ljilje!&#8221; Pristojno nas pozdrave i odu. Idu\u0107i koji su se pojavili bili su crnoko\u0161ulja\u0161i. To ne bi bio toliki problem da imamo iole nezavisno sudstvo, ali na\u017ealost, istina je obratna. Nakon 22 godine su\u0111enja, koje je moje roditelje ko\u0161talo \u017eivota, pobijedili smo na sudu, ali roditelji nikada nisu dobili bar nekakvu ispriku, a kamoli od\u0161tetu za taj sramotni proces. Ako radniku ili penzioneru mora\u0161 ukrasti da bi stvorio dr\u017eavu, nisi dr\u017eavnik, nego obi\u010dan \u0161vercer zmijskog ulja za upalu desni. Jasno mi je da su se ljudi tada bojali svega i sva\u010dega kada su u pitanju drugi, nejasno mi je zbog \u010dega danas ne reagiraju kada su u pitanju njihovi vlastiti \u017eivoti.<\/p>\n<h3>Sve zemlje nastale raspadom SFRJ su na\u0161e<\/h3>\n<p><strong>Aktivni ste na dru\u0161tvenim mre\u017eama. Koristili ste My Space, a sada imate pravu malu virtualnu zajednicu na Facebooku u kojoj razgovarate sa svojim fanovima i prijateljima. Koliko vam je povezivanje s ljudima iz Hrvatske i ostatka biv\u0161e Jugoslavije va\u017eno?<\/strong><\/p>\n<p>Mladima je to apstrakcija, ali mi smo generacija koja je ulazila na net utipkavaju\u0107i k\u020fd. Imali smo ne\u0161to \u0161to se zvalo WebTV, priklju\u010dili bi se na TV ekran i <em>dial-up<\/em> zemljanu \u017eicu i koristili internet. Tako da sam otpo\u010detka <em>online<\/em>, da. A Facebook mi slu\u017ei uglavnom za zabavu, razgovor, tu i tamo razmjenu informacija jer pripadam velikim grupama aktivista i svaki medij nam je u toj ulozi koristan. Ali prije nego se razve\u017eem o aktivizmu, recite mi vi imam li, prate\u0107i preko dru\u0161tvenih mre\u017ea i portala, iskrivljenu sliku neima\u0161tine u biv\u0161im jugoslavenskim zemljama ili je situacija zbilja na egzistencijalnom i mentalnom rubu?<\/p>\n<p><strong>Da skratimo \u2013 nemate iskrivljenu sliku. Ali, vratimo se jo\u0161 malo va\u0161em aktivisti\u010dkom radu, \u0161to vas je potaknulo da se priklju\u010dite kampanji Bernija Sandersa?<\/strong><\/p>\n<p>Odakle da krenem \u2013 u SAD-u ima\u0161 pravo na izbor izme\u0111u 3272 ljuta umaka u du\u0107anu, a nema\u0161 pravo na zdrave zube. Dostupno zdravstvo ne postoji. Dr\u017eavni vrti\u0107i, pla\u0107eni rodiljni dopust ili bolovanje ne postoje. Minimalna satnica se nije mijenjala u zadnjih 12 godina, a prije toga je porasla za jedan dolar. Zatvora ima deset puta vi\u0161e nego osnovnih \u0161kola jer su profitni. Zakone nam otvoreno, direktno sastavljaju i dostavljaju naftni, farmaceutski, ratni i Wall Street lobisti. Sedamstotinjak ljudi posjeduje preko 90 posto zemlje. Sre\u0107om, sve im se ovih dana pomalo obija o glavu jer su Amerikanci tokom pandemije odlu\u010dili da im je dosta i sada odbijaju raditi za kikiriki. Jedan McDonald&#8217;s ili Starbucks najednom mogu ponuditi tri puta ve\u0107u satnicu nego prije godinu dana, a svejedno im nedostaje radnika. Mi se kao najbogatija federacija na svijetu bukvalno raspadamo. Imamo nesta\u0161ice i inflacije kao Jugoslavija osamdesetih. I zato Bernie i zato demokratski socijalizam. Volontirala sam na obje predsjedni\u010dke kampanje Bernija Sandersa preko tzv. Online Response Teama, &#8220;\u0107elija&#8221; koje su slu\u017eile za internetski marketing, povezivanje i organizaciju aktivista na terenu. Na taj je na\u010din radilo preko \u010detiri milijuna volontera, a organizirao nas je kalifornijski demokratski kongresmen Ro Khanna, da bismo s vremenom sami preuzimali vo\u0111enje razli\u010ditih kanala. Ove se veze nisu pokidale ni nakon izbora, i danas aktivno vodim jedan tim.<\/p>\n<p><strong>Mo\u017ee li se uop\u0107e situacija u SAD-u uspore\u0111ivati s jednom europskom (polu)periferijom?<\/strong><\/p>\n<p>Mislim da mi \u017eivimo va\u0161u budu\u0107nost i to me boli jer je vi ne vidite. Zdravstvo se u svim ex Yu zemljama raspada da bi ga tajkuni pod parolom &#8220;Vidi\u0161 da ne \u0161ljaka!&#8221; privatizirali, a onda vi\u0161e nema pravila, bolesnik postaje potpuno nebitan. A sve te fore su milijun puta oprobane i prili\u010dno jeftine \u2013 postepeno smanjuje\u0161 ulaganja da bi ne\u0161to prestalo biti funkcionalno, vi\u010de\u0161 &#8220;Vatra!&#8221; i proda\u0161 privatniku. Na kraju od obi\u010dne uli\u010dne lopu\u017ee, makar na kratko, postane\u0161 kapitalisti\u010dki heroj, a kada ljudi shvate \u0161to se doga\u0111a, bude kasno. Zato me boli gledati \u0161to se doga\u0111a u mojim zemljama, jer sve su to moje zemlje, svi\u0111alo se to nekome ili ne. Sve zemlje nastale raspadom SFRJ su na\u0161e. Znaju me Ameri pitati kako je netko &#8220;na\u0161&#8221; ako je iz Travnika ili Skopja. A kako nije?<\/p>\n<h3>Radni\u010dka fronta ima integritet<\/h3>\n<p><strong>Javno podr\u017eavate rad Radni\u010dke fronte, podr\u017eali se i predsjedni\u010dku kandidaturu Katarine Peovi\u0107 pa na koncu i bili kandidatkinja na parlamentarnim izborima tada\u0161nje zeleno-lijeve koalicije za VIII. izbornu jedinicu. \u0160to vas je posebno privuklo u programu RF-a da ste se odlu\u010dili aktivno anga\u017eirati?<\/strong><\/p>\n<p>Radni\u010dka fronta je autenti\u010dna, mlada, progresivna, nepotkupljiva i ima <em>fucking<\/em> integritet. Ostavite ovo <em>fucking<\/em>, psovke slu\u017ee da se njima koristimo. A integritet je u politici stvarno rijetkost. Kra\u0107e bi mi bilo re\u0107i s \u010dime se ne sla\u017eem u njihovoj politici, jer sla\u017eem s cijelim programom, osim dvije, tri sitnice. Posljednja smo tri desetlje\u0107a reciklirali uvijek iste ljude pa mi je \u010dak i \u010dudno pitanje za\u0161to sada RF. Katarina Peovi\u0107 mi je kao predstavnica neke nove struje upala u oko s obzirom na to da sam pratila doma\u0107u politi\u010dku scenu pa smo se po\u010dele dopisivati, upoznala me s ostalim aktivnim RF-ovcima i pitala me bi li se priklju\u010dila, na \u0161to sam rado pristala. Nekad se ljutim na njih jer ne govore dovoljno javno koliko zapravo svakodnevno poma\u017eu na terenu, kontaktiraju radnike i radnice, doniraju, glasa\u010di nisu ni svjesni da oni jedini novac koji dobiju u Saboru ne stavljaju u svoj d\u017eep. Twain je napisa- &#8220;Po\u0161ten \u010dovjek u politici svijetli kao svjetionik.&#8221; Tako i oni.<\/p>\n<p><strong>Lokalpatriotizam i da ho\u0107emo ne mo\u017eemo izbje\u0107i, pola doma\u0107e diskografije u\u010di nas da je veza sa Splitom i Dalmacijom neraskidiva koliko god daleko odemo. \u0160to vam najvi\u0161e nedostaje kada pomislite na Split?<\/strong><\/p>\n<p>Nedostaje mi stari Split kojeg vi\u0161e nema. Grad humora, be\u0161tima, serenada i suza, barki, kamena, cementa i zelenila, ru\u017ea, jorgovana i tratin\u010dica, grad koji je proizvodio od najbolje krafne na svijetu do prekooceanskog broda. Nedostaje mi refu\u017eo bijela \u010dokolada u Bona\u010di\u0107a koju sam kupovala s \u0107a\u0107om, Splitsko ljeto na kojem sam nastupala s baletnim studijom. Ljeti smo mi klinci cijelu sezonu na ulicama izigravali bobije i od turista u\u010dili sve strane jezike u hodu, a jedini cilj je bio pred jesen nekako do\u0107i do para za Super Rifle u \u0161vercera. Bio je to grad s velikim lutkarskim kazali\u0161tima, knji\u017earama, sje\u0107am ga se punog arzelinki, pamtim naivce, di\u0161peto\u017ee i genijalce, klape po kantunima, hrpu djece na ulicama i pla\u017eama, plesnjake i disko, mjesne zajednice, pune ba\u0161te doma\u0107ih ljudi. Raznolik, otvoren i zajebantski grad, grad u kojem su redikuli bili selebritiji, a selebritiji samo dica iz ulice, Lepin i Smojin grad, ponekad zlo\u010dest, ali na kraju nikada ni nepravedan ni crn. Bio je to grad svih boja u kojem si bio ismijan u lice, a branjen iza le\u0111a. Kada ste spominjali fenomen Magazina, ma Split je bio fenomen, i zato su ga prvog \u017ertvovali, kao da su cijeli grad bacili u more.<\/p>\n<p><strong>U ime svih fanova &#8220;starog&#8221; Magazina, kojim biste stihovima zavr\u0161ili ovaj intervju?<\/strong><\/p>\n<p>Osim one na\u0161e &#8220;Motori, motori&#8221;, koju svi znaju (smijeh), evo jamice joj i dalje krase lice kao ljubice. Ali ne mo\u017eemo ovako zavr\u0161iti, s kojim biste vi stihovima u ime svih fanova bilo koje verzije Magazina zavr\u0161ili intervju?<\/p>\n<p><strong>Mo\u017ee za ovu priliku &#8220;vjetrovi zapuhali, narodi se budili&#8221;?<\/strong><\/p>\n<p>Apsolutno.<\/p>\n<p><em>razgovarala Vedrana Bibi\u0107<\/em><\/p>\n","protected":false},"excerpt":{"rendered":"<p>Bio je to grad humora, be\u0161tima, serenada i suza, barki, kamena, cementa i zelenila, ru\u017ea, jorgovana i tratin\u010dica, grad koji je proizvodio od najbolje krafne na svijetu do prekooceanskog broda. Bio je fenomen i zato su ga prvog \u017ertvovali<\/p>\n","protected":false},"featured_media":3012,"template":"","tags":[29],"atribut":[],"class_list":["post-943","nada","type-nada","status-publish","has-post-thumbnail","hentry","tag-intervju"],"acf":[],"yoast_head":"<!-- This site is optimized with the Yoast SEO plugin v27.4 - https:\/\/yoast.com\/product\/yoast-seo-wordpress\/ -->\n<title>Ljiljana Nikolovska: Fali mi Split kojeg vi\u0161e nema - SDF - Srpski demokratski forum<\/title>\n<meta name=\"robots\" content=\"index, follow, max-snippet:-1, max-image-preview:large, max-video-preview:-1\" \/>\n<link rel=\"canonical\" href=\"https:\/\/sdf.hr\/hr\/nada\/ljiljana-nikolovska-fali-mi-split-kojeg-vise-nema\/\" \/>\n<meta property=\"og:locale\" content=\"hr_HR\" \/>\n<meta property=\"og:type\" content=\"article\" \/>\n<meta property=\"og:title\" content=\"Ljiljana Nikolovska: Fali mi Split kojeg vi\u0161e nema - SDF - Srpski demokratski forum\" \/>\n<meta property=\"og:description\" content=\"Bio je to grad humora, be\u0161tima, serenada i suza, barki, kamena, cementa i zelenila, ru\u017ea, jorgovana i tratin\u010dica, grad koji je proizvodio od najbolje krafne na svijetu do prekooceanskog broda. Bio je fenomen i zato su ga prvog \u017ertvovali\" \/>\n<meta property=\"og:url\" content=\"https:\/\/sdf.hr\/hr\/nada\/ljiljana-nikolovska-fali-mi-split-kojeg-vise-nema\/\" \/>\n<meta property=\"og:site_name\" content=\"SDF - Srpski demokratski forum\" \/>\n<meta property=\"article:modified_time\" content=\"2023-03-23T13:42:52+00:00\" \/>\n<meta property=\"og:image\" content=\"https:\/\/sdf.hr\/wp-content\/uploads\/2022\/08\/Nikolovska_Tony-Mazich.jpg\" \/>\n\t<meta property=\"og:image:width\" content=\"2095\" \/>\n\t<meta property=\"og:image:height\" content=\"1513\" \/>\n\t<meta property=\"og:image:type\" content=\"image\/jpeg\" \/>\n<meta name=\"twitter:card\" content=\"summary_large_image\" \/>\n<meta name=\"twitter:label1\" content=\"Procijenjeno vrijeme \u010ditanja\" \/>\n\t<meta name=\"twitter:data1\" content=\"14 minuta\" \/>\n<script type=\"application\/ld+json\" class=\"yoast-schema-graph\">{\"@context\":\"https:\\\/\\\/schema.org\",\"@graph\":[{\"@type\":\"WebPage\",\"@id\":\"https:\\\/\\\/sdf.hr\\\/hr\\\/nada\\\/ljiljana-nikolovska-fali-mi-split-kojeg-vise-nema\\\/\",\"url\":\"https:\\\/\\\/sdf.hr\\\/hr\\\/nada\\\/ljiljana-nikolovska-fali-mi-split-kojeg-vise-nema\\\/\",\"name\":\"Ljiljana Nikolovska: Fali mi Split kojeg vi\u0161e nema - SDF - Srpski demokratski forum\",\"isPartOf\":{\"@id\":\"https:\\\/\\\/sdf.hr\\\/#website\"},\"primaryImageOfPage\":{\"@id\":\"https:\\\/\\\/sdf.hr\\\/hr\\\/nada\\\/ljiljana-nikolovska-fali-mi-split-kojeg-vise-nema\\\/#primaryimage\"},\"image\":{\"@id\":\"https:\\\/\\\/sdf.hr\\\/hr\\\/nada\\\/ljiljana-nikolovska-fali-mi-split-kojeg-vise-nema\\\/#primaryimage\"},\"thumbnailUrl\":\"https:\\\/\\\/sdf.hr\\\/wp-content\\\/uploads\\\/2022\\\/08\\\/Nikolovska_Tony-Mazich.jpg\",\"datePublished\":\"2022-08-29T10:56:52+00:00\",\"dateModified\":\"2023-03-23T13:42:52+00:00\",\"breadcrumb\":{\"@id\":\"https:\\\/\\\/sdf.hr\\\/hr\\\/nada\\\/ljiljana-nikolovska-fali-mi-split-kojeg-vise-nema\\\/#breadcrumb\"},\"inLanguage\":\"hr\",\"potentialAction\":[{\"@type\":\"ReadAction\",\"target\":[\"https:\\\/\\\/sdf.hr\\\/hr\\\/nada\\\/ljiljana-nikolovska-fali-mi-split-kojeg-vise-nema\\\/\"]}]},{\"@type\":\"ImageObject\",\"inLanguage\":\"hr\",\"@id\":\"https:\\\/\\\/sdf.hr\\\/hr\\\/nada\\\/ljiljana-nikolovska-fali-mi-split-kojeg-vise-nema\\\/#primaryimage\",\"url\":\"https:\\\/\\\/sdf.hr\\\/wp-content\\\/uploads\\\/2022\\\/08\\\/Nikolovska_Tony-Mazich.jpg\",\"contentUrl\":\"https:\\\/\\\/sdf.hr\\\/wp-content\\\/uploads\\\/2022\\\/08\\\/Nikolovska_Tony-Mazich.jpg\",\"width\":2095,\"height\":1513,\"caption\":\"Foto: Tony Mazich\\\/Hanzo Studios\"},{\"@type\":\"BreadcrumbList\",\"@id\":\"https:\\\/\\\/sdf.hr\\\/hr\\\/nada\\\/ljiljana-nikolovska-fali-mi-split-kojeg-vise-nema\\\/#breadcrumb\",\"itemListElement\":[{\"@type\":\"ListItem\",\"position\":1,\"name\":\"Po\u010detna stranica\",\"item\":\"https:\\\/\\\/sdf.hr\\\/hr\\\/\"},{\"@type\":\"ListItem\",\"position\":2,\"name\":\"Nada\",\"item\":\"https:\\\/\\\/sdf.hr\\\/nada\\\/\"},{\"@type\":\"ListItem\",\"position\":3,\"name\":\"Ljiljana Nikolovska: Fali mi Split kojeg vi\u0161e nema\"}]},{\"@type\":\"WebSite\",\"@id\":\"https:\\\/\\\/sdf.hr\\\/#website\",\"url\":\"https:\\\/\\\/sdf.hr\\\/\",\"name\":\"SDF - Srpski demokratski forum\",\"description\":\"Srpski demokratski forum\",\"publisher\":{\"@id\":\"https:\\\/\\\/sdf.hr\\\/#organization\"},\"potentialAction\":[{\"@type\":\"SearchAction\",\"target\":{\"@type\":\"EntryPoint\",\"urlTemplate\":\"https:\\\/\\\/sdf.hr\\\/?s={search_term_string}\"},\"query-input\":{\"@type\":\"PropertyValueSpecification\",\"valueRequired\":true,\"valueName\":\"search_term_string\"}}],\"inLanguage\":\"hr\"},{\"@type\":\"Organization\",\"@id\":\"https:\\\/\\\/sdf.hr\\\/#organization\",\"name\":\"SDF - Srpski demokratski forum\",\"url\":\"https:\\\/\\\/sdf.hr\\\/\",\"logo\":{\"@type\":\"ImageObject\",\"inLanguage\":\"hr\",\"@id\":\"https:\\\/\\\/sdf.hr\\\/#\\\/schema\\\/logo\\\/image\\\/\",\"url\":\"https:\\\/\\\/sdf.hr\\\/wp-content\\\/uploads\\\/2021\\\/07\\\/logo-hr.svg\",\"contentUrl\":\"https:\\\/\\\/sdf.hr\\\/wp-content\\\/uploads\\\/2021\\\/07\\\/logo-hr.svg\",\"width\":271,\"height\":100,\"caption\":\"SDF - Srpski demokratski forum\"},\"image\":{\"@id\":\"https:\\\/\\\/sdf.hr\\\/#\\\/schema\\\/logo\\\/image\\\/\"}}]}<\/script>\n<!-- \/ Yoast SEO plugin. -->","yoast_head_json":{"title":"Ljiljana Nikolovska: Fali mi Split kojeg vi\u0161e nema - SDF - Srpski demokratski forum","robots":{"index":"index","follow":"follow","max-snippet":"max-snippet:-1","max-image-preview":"max-image-preview:large","max-video-preview":"max-video-preview:-1"},"canonical":"https:\/\/sdf.hr\/hr\/nada\/ljiljana-nikolovska-fali-mi-split-kojeg-vise-nema\/","og_locale":"hr_HR","og_type":"article","og_title":"Ljiljana Nikolovska: Fali mi Split kojeg vi\u0161e nema - SDF - Srpski demokratski forum","og_description":"Bio je to grad humora, be\u0161tima, serenada i suza, barki, kamena, cementa i zelenila, ru\u017ea, jorgovana i tratin\u010dica, grad koji je proizvodio od najbolje krafne na svijetu do prekooceanskog broda. Bio je fenomen i zato su ga prvog \u017ertvovali","og_url":"https:\/\/sdf.hr\/hr\/nada\/ljiljana-nikolovska-fali-mi-split-kojeg-vise-nema\/","og_site_name":"SDF - Srpski demokratski forum","article_modified_time":"2023-03-23T13:42:52+00:00","og_image":[{"width":2095,"height":1513,"url":"https:\/\/sdf.hr\/wp-content\/uploads\/2022\/08\/Nikolovska_Tony-Mazich.jpg","type":"image\/jpeg"}],"twitter_card":"summary_large_image","twitter_misc":{"Procijenjeno vrijeme \u010ditanja":"14 minuta"},"schema":{"@context":"https:\/\/schema.org","@graph":[{"@type":"WebPage","@id":"https:\/\/sdf.hr\/hr\/nada\/ljiljana-nikolovska-fali-mi-split-kojeg-vise-nema\/","url":"https:\/\/sdf.hr\/hr\/nada\/ljiljana-nikolovska-fali-mi-split-kojeg-vise-nema\/","name":"Ljiljana Nikolovska: Fali mi Split kojeg vi\u0161e nema - SDF - Srpski demokratski forum","isPartOf":{"@id":"https:\/\/sdf.hr\/#website"},"primaryImageOfPage":{"@id":"https:\/\/sdf.hr\/hr\/nada\/ljiljana-nikolovska-fali-mi-split-kojeg-vise-nema\/#primaryimage"},"image":{"@id":"https:\/\/sdf.hr\/hr\/nada\/ljiljana-nikolovska-fali-mi-split-kojeg-vise-nema\/#primaryimage"},"thumbnailUrl":"https:\/\/sdf.hr\/wp-content\/uploads\/2022\/08\/Nikolovska_Tony-Mazich.jpg","datePublished":"2022-08-29T10:56:52+00:00","dateModified":"2023-03-23T13:42:52+00:00","breadcrumb":{"@id":"https:\/\/sdf.hr\/hr\/nada\/ljiljana-nikolovska-fali-mi-split-kojeg-vise-nema\/#breadcrumb"},"inLanguage":"hr","potentialAction":[{"@type":"ReadAction","target":["https:\/\/sdf.hr\/hr\/nada\/ljiljana-nikolovska-fali-mi-split-kojeg-vise-nema\/"]}]},{"@type":"ImageObject","inLanguage":"hr","@id":"https:\/\/sdf.hr\/hr\/nada\/ljiljana-nikolovska-fali-mi-split-kojeg-vise-nema\/#primaryimage","url":"https:\/\/sdf.hr\/wp-content\/uploads\/2022\/08\/Nikolovska_Tony-Mazich.jpg","contentUrl":"https:\/\/sdf.hr\/wp-content\/uploads\/2022\/08\/Nikolovska_Tony-Mazich.jpg","width":2095,"height":1513,"caption":"Foto: Tony Mazich\/Hanzo Studios"},{"@type":"BreadcrumbList","@id":"https:\/\/sdf.hr\/hr\/nada\/ljiljana-nikolovska-fali-mi-split-kojeg-vise-nema\/#breadcrumb","itemListElement":[{"@type":"ListItem","position":1,"name":"Po\u010detna stranica","item":"https:\/\/sdf.hr\/hr\/"},{"@type":"ListItem","position":2,"name":"Nada","item":"https:\/\/sdf.hr\/nada\/"},{"@type":"ListItem","position":3,"name":"Ljiljana Nikolovska: Fali mi Split kojeg vi\u0161e nema"}]},{"@type":"WebSite","@id":"https:\/\/sdf.hr\/#website","url":"https:\/\/sdf.hr\/","name":"SDF - Srpski demokratski forum","description":"Srpski demokratski forum","publisher":{"@id":"https:\/\/sdf.hr\/#organization"},"potentialAction":[{"@type":"SearchAction","target":{"@type":"EntryPoint","urlTemplate":"https:\/\/sdf.hr\/?s={search_term_string}"},"query-input":{"@type":"PropertyValueSpecification","valueRequired":true,"valueName":"search_term_string"}}],"inLanguage":"hr"},{"@type":"Organization","@id":"https:\/\/sdf.hr\/#organization","name":"SDF - Srpski demokratski forum","url":"https:\/\/sdf.hr\/","logo":{"@type":"ImageObject","inLanguage":"hr","@id":"https:\/\/sdf.hr\/#\/schema\/logo\/image\/","url":"https:\/\/sdf.hr\/wp-content\/uploads\/2021\/07\/logo-hr.svg","contentUrl":"https:\/\/sdf.hr\/wp-content\/uploads\/2021\/07\/logo-hr.svg","width":271,"height":100,"caption":"SDF - Srpski demokratski forum"},"image":{"@id":"https:\/\/sdf.hr\/#\/schema\/logo\/image\/"}}]}},"_links":{"self":[{"href":"https:\/\/sdf.hr\/hr\/wp-json\/wp\/v2\/nada\/943","targetHints":{"allow":["GET"]}}],"collection":[{"href":"https:\/\/sdf.hr\/hr\/wp-json\/wp\/v2\/nada"}],"about":[{"href":"https:\/\/sdf.hr\/hr\/wp-json\/wp\/v2\/types\/nada"}],"wp:featuredmedia":[{"embeddable":true,"href":"https:\/\/sdf.hr\/hr\/wp-json\/wp\/v2\/media\/3012"}],"wp:attachment":[{"href":"https:\/\/sdf.hr\/hr\/wp-json\/wp\/v2\/media?parent=943"}],"wp:term":[{"taxonomy":"post_tag","embeddable":true,"href":"https:\/\/sdf.hr\/hr\/wp-json\/wp\/v2\/tags?post=943"},{"taxonomy":"atribut","embeddable":true,"href":"https:\/\/sdf.hr\/hr\/wp-json\/wp\/v2\/atribut?post=943"}],"curies":[{"name":"wp","href":"https:\/\/api.w.org\/{rel}","templated":true}]}}