{"id":949,"date":"2022-08-29T13:01:48","date_gmt":"2022-08-29T11:01:48","guid":{"rendered":"https:\/\/sdf.hr\/?post_type=nada&#038;p=949"},"modified":"2023-03-23T14:40:14","modified_gmt":"2023-03-23T13:40:14","slug":"sva-su-tijela-lijepa","status":"publish","type":"nada","link":"https:\/\/sdf.hr\/hr\/nada\/sva-su-tijela-lijepa\/","title":{"rendered":"Sva su tijela lijepa"},"content":{"rendered":"<p>Dok su mnogima fotografije vitkih, isklesanih i njegovanih \u2013 uglavnom \u017eenskih \u2013 tijela jo\u0161 jedan podsjetnik da njihovo vlastito tijelo nije dovoljno &#8220;lijepo&#8221;, pa im dodatno gomilaju frustracije i nesigurnosti, Jeleni Dimitrijevi\u0107 one su povod za \u0161alu, ali i preispitivanje nametnutih standarda ljepote na dru\u0161tvenim mre\u017eama.<\/p>\n<p>Dimitrijevi\u0107, koju korisnici dru\u0161tvenih mre\u017ea iz Srbije, ali i \u0161ire, poznaju po Instagram profilu Lelena, svoje pratitelje odu\u0161evljava jednostavnim i efektnim vizualima koji razotkrivaju ogroman jaz izme\u0111u slika na dru\u0161tvenim mre\u017eama i stvarnosti. Kola\u017eiranjem fotografija na kojima suprotstavlja dvije verzije sebe, onu stvarnu i &#8220;instagramsku&#8221;, Dimitrijevi\u0107 pokazuje koliko napora je potrebno da se postigne po\u017eeljan instagramski sadr\u017eaj. To uklju\u010duje odabir garderobe, \u0161minkanje, namje\u0161tanje u neudobnim i neprirodnim pozama, pomni odabir ambijenta, a onda i zavr\u0161ne trikove poput filtriranja i digitalnog uljep\u0161avanja fotografija.<\/p>\n<p>\u2014 Inspiracija zaista dolazi sa svih strana, ali me definitivno najvi\u0161e inspiri\u0161u savr\u0161ene Instagram slike za koje svi znamo da u realnosti ne izgledaju tako, pa onda gledam da na sme\u0161an i pou\u010dan na\u010din poka\u017eem i realnu stranu. Jer moramo biti svesni da realnost postoji za svakoga, samo \u0161to je ve\u0107ina ljudi ne prikazuje na dru\u0161tvenim mre\u017eama &#8211; rekla je Dimitrijevi\u0107 za Nadu.<\/p>\n<p>\u2014 Svojim slikama i videima pre svega \u017eelim da nasmejem ljude, da ih podsetim na realan \u017eivot i na to da se njega ne treba stideti. \u017delim da poka\u017eem devojkama da je normalno da na\u0161e telo izgleda druga\u010dije kada poziramo i kada je opu\u0161teno. Normalno je da imamo strije ili mali stoma\u010di\u0107 &#8211; ka\u017ee Dimitrijevi\u0107.<\/p>\n<p>Dodaje da ljudima \u017eeli pokazati da je &#8220;mnogo va\u017enije da budemo sre\u0107ni i zadovoljni sobom nego to kako je na\u0161a slika na dru\u0161tvenim mre\u017eama ispala i koliko je lajkova skupila&#8221;.<\/p>\n<p>\u2014 Tako\u0111e su tu i aplikacije za doradu fotografije koje dodatno uti\u010du na ljude i spre\u010davaju ih u tome da izbacuju svoje realne slike. Kada vidimo sve te &#8220;savr\u0161ene&#8221; slike koje su dora\u0111ene, krenemo da gubimo ose\u0107aj sigurnosti u na\u0161e realne, opu\u0161tene slike, jer mislimo da nismo dovoljno dobri ako se ne uklopimo u neke aktuelne trendove na dru\u0161tvenim mre\u017eama. Zato moramo vi\u0161e da cenimo sebe i svoje telo jer je \u017eivot mnogo vi\u0161e od samo jedne Instagram fotografije &#8211; poru\u010duje.<\/p>\n<p>Jelena Dimitrijevi\u0107 ka\u017ee da su reakcije pratiteljica i pratitelja samo pozitivne, a da je najvi\u0161e obraduju poruke djevojaka koje su zbog njenih objava &#8220;zavolele svoje telo i realan \u017eivot&#8221;. Smatra da su dru\u0161tvene mre\u017ee dobro sredstvo za pokretanje promjena u promi\u0161ljanju tjelesnosti, ali da je na\u017ealost jo\u0161 uvijek jako malo ljudi, pogotovo na Balkanu, koji progovaraju o toj temi.<\/p>\n<p>U Hrvatskoj je tako\u0111er rijetkost da se o tome javno govori, no nekoliko pojedinki poku\u0161ava to promijeniti. Me\u0111u njima je i poznata influencerica iz Rijeke Pamela Perki\u0107 kojoj je tako\u0111er Instagram glavna platforma za problematiziranje aktualnih estetskih standarda i osna\u017eivanje \u017eena koje se u njih ne uklapaju. Inzistira na tome da su sva tijela lijepa, a, kako je govorila za doma\u0107e medije, svoje tijelo ne skriva i ne pokazuje ga onakvim kakvo nije.<\/p>\n<p>Ono \u0161to Perkovi\u0107 promi\u010de popularno se naziva <em>body positivity<\/em>, a ozna\u010dava pozitivno mi\u0161ljenje o vlastitom tijelu kakvih god proporcija ono bilo. Ta ideja se po\u010dinje razvijati kasnih 1960-ih u Americi, kada je osnovana NAAFA &#8211; Nacionalno udru\u017eenje za pomo\u0107 pretilim Amerikancima, danas poznata kao Nacionalno udru\u017eenje za promoviranje prihva\u0107anja debljine &#8211; koja se fokusirala na ukidanje stigme i diskriminacije ljudi na temelju njihove veli\u010dine ili tjelesne te\u017eine.<\/p>\n<p>Od ranih 2000-ih zagovaranje <em>body positivityja<\/em> premje\u0161ta se u virtualni prostor, a najve\u0107i zamah dobiva procvatom dru\u0161tvenih mre\u017ea. Za pripadnice i pripadnike ranjivih dru\u0161tvenih i dobnih skupina takav tip sadr\u017eaja otvara priliku za pronalaskom novih uzora, podr\u0161ke i pomo\u0107i prije nego odlutaju u svijet nezdravih prehrambenih re\u017eima, izgladnjivanja ili vje\u017ebanja do iznemoglosti. No pred <em>body positive<\/em> aktivistkinjama i podr\u017eavateljicama jo\u0161 uvijek stoje veliki izazovi, s obzirom na to da internet vrvi slikama koje odr\u017eavaju davno uspostavljene tjelesne norme, a <em>body shaming<\/em>, ili posramljivanje zbog vanjskog izgleda, jedan je od naj\u010de\u0161\u0107ih oblika nasilja na internetu.<\/p>\n<figure id=\"attachment_3009\" aria-describedby=\"caption-attachment-3009\" style=\"width: 1242px\" class=\"wp-caption alignnone\"><img loading=\"lazy\" decoding=\"async\" class=\"wp-image-3009 size-full\" src=\"https:\/\/sdf.hr\/wp-content\/uploads\/2022\/08\/Jelena1.jpg\" alt=\"\" width=\"1242\" height=\"1242\" srcset=\"https:\/\/sdf.hr\/wp-content\/uploads\/2022\/08\/Jelena1.jpg 1242w, https:\/\/sdf.hr\/wp-content\/uploads\/2022\/08\/Jelena1-300x300.jpg 300w, https:\/\/sdf.hr\/wp-content\/uploads\/2022\/08\/Jelena1-1024x1024.jpg 1024w, https:\/\/sdf.hr\/wp-content\/uploads\/2022\/08\/Jelena1-150x150.jpg 150w, https:\/\/sdf.hr\/wp-content\/uploads\/2022\/08\/Jelena1-768x768.jpg 768w\" sizes=\"auto, (max-width: 1242px) 100vw, 1242px\" \/><figcaption id=\"caption-attachment-3009\" class=\"wp-caption-text\">&#8220;Gledam da na sme\u0161an i pou\u010dan na\u010din poka\u017eem i realnu stranu&#8221; \u2013 jedan od kola\u017ea Jelene Dimitrijevi\u0107<\/figcaption><\/figure>\n<p>S takvim tipom posramljivanja suo\u010dila se ljetos srpska pjeva\u010dica i skladateljica Kristina Kova\u010d nakon \u0161to je na dru\u0161tvenim mre\u017eama objavila fotografiju sebe i svoje maloljetne k\u0107eri s ljetovanja. Unato\u010d tome \u0161to su obje krasili lijepi osmjesi i vedrina, Kova\u010d je primila negativne kritike i &#8220;\u0161okirala&#8221; tabloide jer je bila \u2013 bez \u0161minke. &#8220;Nekada\u0161nja zgodna brineta vidno ostarila i propala&#8221;, pisalo se o njoj. No lavina negativnih komentara potaknula je jo\u0161 ve\u0107u lavinu podr\u0161ke na dru\u0161tvenim mre\u017eama kojoj su se priklju\u010dile poznate \u017eene \u0161irom regije, poziraju\u0107i nena\u0161minkane i nasmije\u0161ene pod oznakom #prirodna\u017eena.<\/p>\n<p>&#8220;Ni u snu nisam mogla da se nadam ovolikom odzivu predivnih, naj\u0161arenijih \u017eena \u2013 starih, mladih, sedih, ofarbanih, onih koje vole da se srede, onih koje to radije ne \u010dine, majki, \u0107erki, sestara, drugarica, iz celog regiona\u2026 Sve nas, spojila je ta jedna, jako bitna stvar \u2013 nepristajanje na to da budemo izlo\u017eene ismevanju, oka\u010dene na stub srama, progla\u0161ene propalim, ru\u017enim, zapu\u0161tenim \u2013 ako nismo na svakoj fotografiji, u svakom trenutku isfrizirane, lepo na\u0161minkane, uredne, ispeglane, _______ popunite same dalje&#8221;, napisala je Kova\u010d nakon velikog virtualnog odaziva.<\/p>\n<p>Napomenula je i da ta spontana akcija nipo\u0161to ne zna\u010di zagovaranje zapu\u0161tenosti i nebrige o sebi, podjele na &#8220;prirodne&#8221; i &#8220;neprirodne&#8221; \u017eene, nego da je cilj da mediji i dru\u0161tvo shvate da \u017eene imaju pravo i slobodu da izgledaju &#8220;kako \u017eele u datom trenutku&#8221;.<\/p>\n<p>Sa sli\u010dnom vrstom kritike suo\u010davaju se i zagovornice <em>body positivity<\/em> pristupa: predbacuje im se da njeguju nezdravi \u017eivotni stil i pretilost. U jednoj od svojih objava, Pamela Perki\u0107 se osvrnula na taj tip kritike i objasnila da osobe koje su po ne\u010dijoj percepciji &#8220;predebele&#8221; ne poti\u010du i ne promoviraju debljanje nego, kao i svi drugi, &#8220;samo \u017eive i \u017eele biti tretirane i voljene jednako&#8221;. Dodala je da to ne zna\u010di da su takvi ljudi manje zdravi i da &#8220;jedini zdravstveni problemi koje mogu imati proizlaze iz njihove te\u017eine&#8221;.<\/p>\n<p>Marinella Matej\u010di\u0107, aktivistkinja iz Rijeke, u suradnji s kolegicama i partnericama iz Platforme za reproduktivnu pravdu pokrenula je nekoliko kampanja na dru\u0161tvenim mre\u017eama koje se bore protiv diskriminacije \u017eena, a prisjetila se kako je okida\u010d za jednu od posljednjih bilo upravo posramljivanje kolegice zbog njenog fizi\u010dkog izgleda. Radi se o kampanji #\u017eeneujavnomprostoru, u koju se uklju\u010dio velik broj \u017eena koje su podijelile iskustva seksualnog ili druge vrste uznemiravanja u vlastitom okru\u017eenju.<\/p>\n<p>\u2014 Sama kampanja jeste po\u010dela jer su kolegici Mariji Trcol dobacivali na ulici jer ne zadovoljava standardne norme ljepote koje o\u010dekuju, u tom specifi\u010dnom slu\u010daju, stariji mu\u0161karci koji su odlu\u010dili urlati na nju. \u017dene koje \u017eive s kilogramima koji odstupaju od onoga \u0161to je dru\u0161tveno zadano pisale su kako su \u010desto meta verbalnih napada upravo radi tih istih kilograma. One \u017eene \u010dija tijela ne zadovoljavaju patrijarhalne norme u pravilu do\u017eivljavaju ve\u0107u koli\u010dinu seksizma i poni\u017eavanja u javnom prostoru od onih koje se nalaze unutar tih iluzija o tome \u0161to je lijepo \u2013 rekla nam je Matej\u010di\u0107.<\/p>\n<p><em>Body positivity<\/em> i propitivanje nametnutih standarda ljepote, dakle, nude vi\u0161e u\u010dinaka od onog na individualnoj razini \u2013 podizanje samopouzdanja i prihva\u0107anje vlastitog tijela takvim kakvo jest \u2013 jer kritika nametnutih standarda ljepote ti\u010de se i sustava u kojem \u017eivimo, kapitalizma i patrijarhata.<\/p>\n<p>S druge strane, kako to ve\u0107 biva unutar kapitalizma, ideje <em>body positivitija<\/em> prisvojile su modne i kozmeti\u010dke industrije te multinacionalne korporacije. Mnoge od njih danas koriste utjecaj <em>body positive<\/em> influencera na dru\u0161tvenim mre\u017eama kako bi promovirali svoje proizvode. Kompanija Mattel koja je desetlje\u0107ima proizvodila lutke Barbie prepoznatljive po preuskim struki\u0107ima i bujnom poprsju, lansirala je 2016. liniju lutaka Fashionistas koje su se pojavile s ne\u0161to druga\u010dijim oblicima tijela, boje ko\u017ee i o\u010diju. Vjerojatno se svi sje\u0107amo i televizijskih reklama za kozmeti\u010dke proizvode britanskog brenda Dove u kojima su se, izme\u0111u ostalih, pojavljivale i \u017eene s oblinama, najavljuju\u0107i tako zaokret u poimanju \u017eenske ljepote.<\/p>\n<p>Ostaje, naravno, i pitanje koliko je kompanijama koje posluju pod profitnim imperativom i te\u017ee pro\u0161irenju tr\u017ei\u0161ta uistinu va\u017eno poticanje \u017eena na pozitivan stav o vlastitoj vanj\u0161tini, s obzirom na to da nisu do kraja uklju\u010dive. Njihovi modeli mo\u017eda nemaju tjelesne proporcije tipi\u010dnog modela, dok sve ostalo, kao \u0161to se da vidjeti \u2013 pravilne crte lica, besprijekoran ten, njegovana kosa \u2013 ne odska\u010de od zadanog standarda.<\/p>\n<p>Matej\u010di\u0107 ka\u017ee da komercijalne kampanje koje &#8220;slave&#8221; razli\u010ditosti tijela propu\u0161taju moment onoga \u0161to bi nazvali &#8220;neestetskim&#8221;, odnosno &#8220;kontinuirano slave taj zacrtani standard ljepote neovisno o tome kojeg je oblika \u017eensko tijelo&#8221;. Pita se i kada \u0107emo tamo vidjeti osobu koja nema pravilne o\u010di, ima preveliki nos ili neobi\u010dan razmak izme\u0111u o\u010diju.<\/p>\n<p>\u2014 Kada \u0107emo vidjeti nebinarnu osobu koja ru\u0161i ideje o tome \u0161to je lijepo u svoj svojoj divoti? Ho\u0107emo li ikada vidjeti one obi\u010dne osobe koje svaki dan sre\u0107emo na ulici, svih oblika i svih boja ko\u017ee, s nestandardnim frizurama, \u0161minkom, odje\u0107om? Nadam se, uskoro &#8211; dodaje.<\/p>\n<p>Na\u0161a sugovornica vjeruje da se prvenstveno kroz odgoj i preodgoj mo\u017ee do\u0107i do toga da &#8220;odustanemo od ideje zlatnog reza i toga \u0161to bi trebalo biti lijepo&#8221;. Svi i sve smo lijepe, tvrdi, a dru\u0161tvo je to koje nas uvjerava u suprotno.<\/p>\n<p>Na pitanje ho\u0107e li se javno mnijenje ikad preoblikovati tako da ljudi zaista vjeruju da su sva tijela lijepa i je li mogu\u0107 svijet u kojemu ne postoji (ne)po\u017eeljan oblik \u017eenskog tijela, Matej\u010di\u0107 odgovara s optimizmom.<\/p>\n<p>\u2014 Iskreno, nadam se da da. Nadam se da \u0107e se djevoj\u010dice u nekom momentu prestati \u0161tipati za trbuh i govoriti im se da su bucke i tako ih o\u0161te\u0107ivati za cijeli \u017eivot. Nadam se da \u0107e \u017eene mo\u0107i nositi minice bez obzira na oblik nogu. Nadam se da \u0107e \u017eene mo\u0107i postojati u prostoru, a da ih se ne prosu\u0111uje po tome kako izgledaju &#8211; ka\u017ee.<\/p>\n<p>\u2014 Naravno, minica je samo simbol, simbol slobode, kao \u0161to nam i povijesni izvori pokazuju \u2013 napominje i isti\u010de da \u017eene moraju imati pravo nositi \u0161to \u017eele, kada \u017eele, iz kojeg god razloga.<\/p>\n<p>\u2014 Imamo pravo na dostojanstveno postojanje bez obzira na to zadovoljavamo li nametnute norme ili ne. Zapravo, treba ukinuti norme i pustiti ljude, poglavito \u017eene, da \u017eive svoje najbolje \u017eivote neoptere\u0107ene od toga \u0161to bi dru\u0161tvo moglo re\u0107i. Dru\u0161tvo ima puno va\u017enijih problema od toga na koji na\u010din se ne\u010dije tijelo nalazi u prostoru &#8211; zaklju\u010duje Matej\u010di\u0107.<\/p>\n<p><em>pi\u0161e Anja Vladisavljevi\u0107<\/em><\/p>\n","protected":false},"excerpt":{"rendered":"<p>Body shaming \u010dest je oblik nasilja na internetu, a body positive aktivistkinje protiv toga se bore kritikom nametnutih standarda ljepote. &#8220;\u017delim da poka\u017eem devojkama da je normalno da na\u0161e telo izgleda druga\u010dije kada poziramo i kada je opu\u0161teno. Normalno je da imamo strije ili mali stoma\u010di\u0107&#8221;, ka\u017ee srpska influencerica Jelena Dimitrijevi\u0107<\/p>\n","protected":false},"featured_media":3007,"template":"","tags":[130],"atribut":[],"class_list":["post-949","nada","type-nada","status-publish","has-post-thumbnail","hentry","tag-tema"],"acf":[],"yoast_head":"<!-- This site is optimized with the Yoast SEO plugin v27.4 - https:\/\/yoast.com\/product\/yoast-seo-wordpress\/ -->\n<title>Sva su tijela lijepa - SDF - Srpski demokratski forum<\/title>\n<meta name=\"robots\" content=\"index, follow, max-snippet:-1, max-image-preview:large, max-video-preview:-1\" \/>\n<link rel=\"canonical\" href=\"https:\/\/sdf.hr\/hr\/nada\/sva-su-tijela-lijepa\/\" \/>\n<meta property=\"og:locale\" content=\"hr_HR\" \/>\n<meta property=\"og:type\" content=\"article\" \/>\n<meta property=\"og:title\" content=\"Sva su tijela lijepa - SDF - Srpski demokratski forum\" \/>\n<meta property=\"og:description\" content=\"Body shaming \u010dest je oblik nasilja na internetu, a body positive aktivistkinje protiv toga se bore kritikom nametnutih standarda ljepote. &quot;\u017delim da poka\u017eem devojkama da je normalno da na\u0161e telo izgleda druga\u010dije kada poziramo i kada je opu\u0161teno. Normalno je da imamo strije ili mali stoma\u010di\u0107&quot;, ka\u017ee srpska influencerica Jelena Dimitrijevi\u0107\" \/>\n<meta property=\"og:url\" content=\"https:\/\/sdf.hr\/hr\/nada\/sva-su-tijela-lijepa\/\" \/>\n<meta property=\"og:site_name\" content=\"SDF - Srpski demokratski forum\" \/>\n<meta property=\"article:modified_time\" content=\"2023-03-23T13:40:14+00:00\" \/>\n<meta property=\"og:image\" content=\"https:\/\/sdf.hr\/wp-content\/uploads\/2022\/08\/Lijepe-zene-1-scaled.jpg\" \/>\n\t<meta property=\"og:image:width\" content=\"2560\" \/>\n\t<meta property=\"og:image:height\" content=\"1707\" \/>\n\t<meta property=\"og:image:type\" content=\"image\/jpeg\" \/>\n<meta name=\"twitter:card\" content=\"summary_large_image\" \/>\n<meta name=\"twitter:label1\" content=\"Procijenjeno vrijeme \u010ditanja\" \/>\n\t<meta name=\"twitter:data1\" content=\"9 minuta\" \/>\n<script type=\"application\/ld+json\" class=\"yoast-schema-graph\">{\"@context\":\"https:\\\/\\\/schema.org\",\"@graph\":[{\"@type\":\"WebPage\",\"@id\":\"https:\\\/\\\/sdf.hr\\\/hr\\\/nada\\\/sva-su-tijela-lijepa\\\/\",\"url\":\"https:\\\/\\\/sdf.hr\\\/hr\\\/nada\\\/sva-su-tijela-lijepa\\\/\",\"name\":\"Sva su tijela lijepa - SDF - Srpski demokratski forum\",\"isPartOf\":{\"@id\":\"https:\\\/\\\/sdf.hr\\\/#website\"},\"primaryImageOfPage\":{\"@id\":\"https:\\\/\\\/sdf.hr\\\/hr\\\/nada\\\/sva-su-tijela-lijepa\\\/#primaryimage\"},\"image\":{\"@id\":\"https:\\\/\\\/sdf.hr\\\/hr\\\/nada\\\/sva-su-tijela-lijepa\\\/#primaryimage\"},\"thumbnailUrl\":\"https:\\\/\\\/sdf.hr\\\/wp-content\\\/uploads\\\/2022\\\/08\\\/Lijepe-zene-1-scaled.jpg\",\"datePublished\":\"2022-08-29T11:01:48+00:00\",\"dateModified\":\"2023-03-23T13:40:14+00:00\",\"breadcrumb\":{\"@id\":\"https:\\\/\\\/sdf.hr\\\/hr\\\/nada\\\/sva-su-tijela-lijepa\\\/#breadcrumb\"},\"inLanguage\":\"hr\",\"potentialAction\":[{\"@type\":\"ReadAction\",\"target\":[\"https:\\\/\\\/sdf.hr\\\/hr\\\/nada\\\/sva-su-tijela-lijepa\\\/\"]}]},{\"@type\":\"ImageObject\",\"inLanguage\":\"hr\",\"@id\":\"https:\\\/\\\/sdf.hr\\\/hr\\\/nada\\\/sva-su-tijela-lijepa\\\/#primaryimage\",\"url\":\"https:\\\/\\\/sdf.hr\\\/wp-content\\\/uploads\\\/2022\\\/08\\\/Lijepe-zene-1-scaled.jpg\",\"contentUrl\":\"https:\\\/\\\/sdf.hr\\\/wp-content\\\/uploads\\\/2022\\\/08\\\/Lijepe-zene-1-scaled.jpg\",\"width\":2560,\"height\":1707,\"caption\":\"Nacionalni dan bikinija u Manchesteru promovira body positivity (Foto: Anthony Devlin\\\/Press Association\\\/PIXSELL)\"},{\"@type\":\"BreadcrumbList\",\"@id\":\"https:\\\/\\\/sdf.hr\\\/hr\\\/nada\\\/sva-su-tijela-lijepa\\\/#breadcrumb\",\"itemListElement\":[{\"@type\":\"ListItem\",\"position\":1,\"name\":\"Po\u010detna stranica\",\"item\":\"https:\\\/\\\/sdf.hr\\\/hr\\\/\"},{\"@type\":\"ListItem\",\"position\":2,\"name\":\"Nada\",\"item\":\"https:\\\/\\\/sdf.hr\\\/nada\\\/\"},{\"@type\":\"ListItem\",\"position\":3,\"name\":\"Sva su tijela lijepa\"}]},{\"@type\":\"WebSite\",\"@id\":\"https:\\\/\\\/sdf.hr\\\/#website\",\"url\":\"https:\\\/\\\/sdf.hr\\\/\",\"name\":\"SDF - Srpski demokratski forum\",\"description\":\"Srpski demokratski forum\",\"publisher\":{\"@id\":\"https:\\\/\\\/sdf.hr\\\/#organization\"},\"potentialAction\":[{\"@type\":\"SearchAction\",\"target\":{\"@type\":\"EntryPoint\",\"urlTemplate\":\"https:\\\/\\\/sdf.hr\\\/?s={search_term_string}\"},\"query-input\":{\"@type\":\"PropertyValueSpecification\",\"valueRequired\":true,\"valueName\":\"search_term_string\"}}],\"inLanguage\":\"hr\"},{\"@type\":\"Organization\",\"@id\":\"https:\\\/\\\/sdf.hr\\\/#organization\",\"name\":\"SDF - Srpski demokratski forum\",\"url\":\"https:\\\/\\\/sdf.hr\\\/\",\"logo\":{\"@type\":\"ImageObject\",\"inLanguage\":\"hr\",\"@id\":\"https:\\\/\\\/sdf.hr\\\/#\\\/schema\\\/logo\\\/image\\\/\",\"url\":\"https:\\\/\\\/sdf.hr\\\/wp-content\\\/uploads\\\/2021\\\/07\\\/logo-hr.svg\",\"contentUrl\":\"https:\\\/\\\/sdf.hr\\\/wp-content\\\/uploads\\\/2021\\\/07\\\/logo-hr.svg\",\"width\":271,\"height\":100,\"caption\":\"SDF - Srpski demokratski forum\"},\"image\":{\"@id\":\"https:\\\/\\\/sdf.hr\\\/#\\\/schema\\\/logo\\\/image\\\/\"}}]}<\/script>\n<!-- \/ Yoast SEO plugin. -->","yoast_head_json":{"title":"Sva su tijela lijepa - SDF - Srpski demokratski forum","robots":{"index":"index","follow":"follow","max-snippet":"max-snippet:-1","max-image-preview":"max-image-preview:large","max-video-preview":"max-video-preview:-1"},"canonical":"https:\/\/sdf.hr\/hr\/nada\/sva-su-tijela-lijepa\/","og_locale":"hr_HR","og_type":"article","og_title":"Sva su tijela lijepa - SDF - Srpski demokratski forum","og_description":"Body shaming \u010dest je oblik nasilja na internetu, a body positive aktivistkinje protiv toga se bore kritikom nametnutih standarda ljepote. \"\u017delim da poka\u017eem devojkama da je normalno da na\u0161e telo izgleda druga\u010dije kada poziramo i kada je opu\u0161teno. Normalno je da imamo strije ili mali stoma\u010di\u0107\", ka\u017ee srpska influencerica Jelena Dimitrijevi\u0107","og_url":"https:\/\/sdf.hr\/hr\/nada\/sva-su-tijela-lijepa\/","og_site_name":"SDF - Srpski demokratski forum","article_modified_time":"2023-03-23T13:40:14+00:00","og_image":[{"width":2560,"height":1707,"url":"https:\/\/sdf.hr\/wp-content\/uploads\/2022\/08\/Lijepe-zene-1-scaled.jpg","type":"image\/jpeg"}],"twitter_card":"summary_large_image","twitter_misc":{"Procijenjeno vrijeme \u010ditanja":"9 minuta"},"schema":{"@context":"https:\/\/schema.org","@graph":[{"@type":"WebPage","@id":"https:\/\/sdf.hr\/hr\/nada\/sva-su-tijela-lijepa\/","url":"https:\/\/sdf.hr\/hr\/nada\/sva-su-tijela-lijepa\/","name":"Sva su tijela lijepa - SDF - Srpski demokratski forum","isPartOf":{"@id":"https:\/\/sdf.hr\/#website"},"primaryImageOfPage":{"@id":"https:\/\/sdf.hr\/hr\/nada\/sva-su-tijela-lijepa\/#primaryimage"},"image":{"@id":"https:\/\/sdf.hr\/hr\/nada\/sva-su-tijela-lijepa\/#primaryimage"},"thumbnailUrl":"https:\/\/sdf.hr\/wp-content\/uploads\/2022\/08\/Lijepe-zene-1-scaled.jpg","datePublished":"2022-08-29T11:01:48+00:00","dateModified":"2023-03-23T13:40:14+00:00","breadcrumb":{"@id":"https:\/\/sdf.hr\/hr\/nada\/sva-su-tijela-lijepa\/#breadcrumb"},"inLanguage":"hr","potentialAction":[{"@type":"ReadAction","target":["https:\/\/sdf.hr\/hr\/nada\/sva-su-tijela-lijepa\/"]}]},{"@type":"ImageObject","inLanguage":"hr","@id":"https:\/\/sdf.hr\/hr\/nada\/sva-su-tijela-lijepa\/#primaryimage","url":"https:\/\/sdf.hr\/wp-content\/uploads\/2022\/08\/Lijepe-zene-1-scaled.jpg","contentUrl":"https:\/\/sdf.hr\/wp-content\/uploads\/2022\/08\/Lijepe-zene-1-scaled.jpg","width":2560,"height":1707,"caption":"Nacionalni dan bikinija u Manchesteru promovira body positivity (Foto: Anthony Devlin\/Press Association\/PIXSELL)"},{"@type":"BreadcrumbList","@id":"https:\/\/sdf.hr\/hr\/nada\/sva-su-tijela-lijepa\/#breadcrumb","itemListElement":[{"@type":"ListItem","position":1,"name":"Po\u010detna stranica","item":"https:\/\/sdf.hr\/hr\/"},{"@type":"ListItem","position":2,"name":"Nada","item":"https:\/\/sdf.hr\/nada\/"},{"@type":"ListItem","position":3,"name":"Sva su tijela lijepa"}]},{"@type":"WebSite","@id":"https:\/\/sdf.hr\/#website","url":"https:\/\/sdf.hr\/","name":"SDF - Srpski demokratski forum","description":"Srpski demokratski forum","publisher":{"@id":"https:\/\/sdf.hr\/#organization"},"potentialAction":[{"@type":"SearchAction","target":{"@type":"EntryPoint","urlTemplate":"https:\/\/sdf.hr\/?s={search_term_string}"},"query-input":{"@type":"PropertyValueSpecification","valueRequired":true,"valueName":"search_term_string"}}],"inLanguage":"hr"},{"@type":"Organization","@id":"https:\/\/sdf.hr\/#organization","name":"SDF - Srpski demokratski forum","url":"https:\/\/sdf.hr\/","logo":{"@type":"ImageObject","inLanguage":"hr","@id":"https:\/\/sdf.hr\/#\/schema\/logo\/image\/","url":"https:\/\/sdf.hr\/wp-content\/uploads\/2021\/07\/logo-hr.svg","contentUrl":"https:\/\/sdf.hr\/wp-content\/uploads\/2021\/07\/logo-hr.svg","width":271,"height":100,"caption":"SDF - Srpski demokratski forum"},"image":{"@id":"https:\/\/sdf.hr\/#\/schema\/logo\/image\/"}}]}},"_links":{"self":[{"href":"https:\/\/sdf.hr\/hr\/wp-json\/wp\/v2\/nada\/949","targetHints":{"allow":["GET"]}}],"collection":[{"href":"https:\/\/sdf.hr\/hr\/wp-json\/wp\/v2\/nada"}],"about":[{"href":"https:\/\/sdf.hr\/hr\/wp-json\/wp\/v2\/types\/nada"}],"wp:featuredmedia":[{"embeddable":true,"href":"https:\/\/sdf.hr\/hr\/wp-json\/wp\/v2\/media\/3007"}],"wp:attachment":[{"href":"https:\/\/sdf.hr\/hr\/wp-json\/wp\/v2\/media?parent=949"}],"wp:term":[{"taxonomy":"post_tag","embeddable":true,"href":"https:\/\/sdf.hr\/hr\/wp-json\/wp\/v2\/tags?post=949"},{"taxonomy":"atribut","embeddable":true,"href":"https:\/\/sdf.hr\/hr\/wp-json\/wp\/v2\/atribut?post=949"}],"curies":[{"name":"wp","href":"https:\/\/api.w.org\/{rel}","templated":true}]}}