{"id":955,"date":"2022-08-29T13:05:48","date_gmt":"2022-08-29T11:05:48","guid":{"rendered":"https:\/\/sdf.hr\/?post_type=nada&#038;p=955"},"modified":"2023-03-23T14:35:48","modified_gmt":"2023-03-23T13:35:48","slug":"dobri-duh-fer-a","status":"publish","type":"nada","link":"https:\/\/sdf.hr\/hr\/nada\/dobri-duh-fer-a\/","title":{"rendered":"Dobri duh FER-a"},"content":{"rendered":"<p>Proljetno sunce taman je ove godine prvi puta zagraktalo kad sam, \u0161etaju\u0107i Jarunom, ugledala naki\u0107enu \u0161kolsku plo\u010du, na nju prislonjen bicikl, a ispred njega \u010dovjeka koji ne\u0161to zdu\u0161no obja\u0161njava i kameru koja ga snima. \u010covjek je zatim po plo\u010di kredom ispisao raznoliko matemati\u010dko znakovlje. Zastala sam, podbo\u010dila se na obli\u017enje stablo da \u010dujem tko je i \u0161to to govori. Ispalo je da je \u010dovjek profesor po struci i da se zove Mervan Pa\u0161i\u0107. Da budemo precizni, redoviti je profesor Zavoda za primijenjenu matematiku na zagreba\u010dkom Fakultetu elektrotehnike i ra\u010dunarstva (FER). Otkako je lani po\u010dela pandemija, velik dio nastave na fakultetima poprimio je <em>online<\/em> oblike, a Pa\u0161i\u0107 je upravo na Jarunu izvodio jedan oblik takve nastave. Mnogo je opravdanih zamjerki na takav tip u\u010denja i pou\u010davanja, ali neki su ih profesori i profesorice nastojali ubla\u017eiti i umanjiti, adaptiraju\u0107i se kreativno, pa \u010dak i entuzijasti\u010dno, na novonastale uvjete.<\/p>\n<p>Takav inovativan pristup <em>online<\/em> nastavi prigrlio je i Pa\u0161i\u0107, pa nije trebalo dugo da privu\u010de pozornost javnosti i skupi pun naramak pozitivnih reakcija na dru\u0161tvenim mre\u017eama FER-a. Od po\u010detka pandemije vodi i redovno a\u017eurira svoj YouTube kanal, na kojem je u po\u010detku objavljivao snimke predavanja iz u\u010dionice, kako bi studenti i studentice mogli ponoviti gradivo prije ispita. S vremenom je takvo gradivo zaintrigiralo i \u0161iri krug ljudi, slu\u010dajne namjernike i lutalice op\u010dinjene matematikom i \u010dovjekom koji o njoj zaneseno govori.<\/p>\n<p>Uz redovitu je nastavu Pa\u0161i\u0107 odlu\u010dio po\u010deti snimati i video-uratke ponavljanja gradiva na razli\u010ditim lokacijama u Zagrebu, ali i van toga grada. Snimati nije prestao ni tijekom bo\u017ei\u0107nih i novogodi\u0161njih praznika, pa je u njima posebno prazni\u010dno raspolo\u017een, a odje\u0107u mu krase bo\u017ei\u0107ni modni dodaci. Izazov preno\u0161enja znanja studentima u novim uvjetima, ali i zadr\u017eavanja \u017eivog i \u017eivahnog ljudskog kontakta kroz tehnologiju, objeru\u010dke je prihvatio, premda mu je dosad takvo podu\u010davanje bilo potpuna nepoznanica. Pri\u010da nam kako do prije koju godinu, dvije, nije niti znao \u0161to je snimanje, kako se to radi za YouTube i je li uop\u0107e mogu\u0107e prenijeti preko video-snimki pozitivu koja postoji na predavanjima u\u017eivo.<\/p>\n<p>\u2014 Ideju za snimanje predavanja su mi dali moji studenti. Bolje re\u010deno, natjerali su me, jer smo nakon \u010detiri tjedna u\u017eivo nastave u ljetnom semestru 2019.\/20. morali svi i\u0107i u <em>lockdown<\/em>. Zbog toga sam lani u travnju krenuo sa snimanjem predavanja u praznim dvoranama FER-a, pretvaraju\u0107i se da su dupkom pune, kao na predavanjima u\u017eivo &#8211; obja\u0161njava nam Pa\u0161i\u0107 po\u010detak svoje YouTube karijere. Nedugo nakon toga, svoju je plo\u010du odlu\u010dio izmjestiti na Jarun.<\/p>\n<p>\u2014 Jo\u0161 sam kao student, a pogotovo poslije kao matemati\u010dar i znanstvenik, obo\u017eavao \u010ditati i pisati matematiku u prirodi. Na Maksimiru, Jarunu, Sljemenu i uz obalu na\u0161eg mora. No budu\u0107i da sam \u010desto na biciklu i kao takav sam biciklirao po Jarunu, jo\u0161 mnogo godina prije sam uo\u010dio izvrsnu plo\u010du za pisanje u parku za djecu na otvorenom, na ju\u017enom dijelu Jaruna. Tad sam odlu\u010dio ne\u0161to poduzeti i skrenuti pa\u017enju studentima na to da, ako ve\u0107 ne mo\u017eemo u\u010diti na FER-u, onda to mo\u017eemo bilo gdje drugdje na otvorenom, pa makar i po hladno\u0107i i ki\u0161i na maglovitom Jarunu. A budu\u0107i da je Jarun simbol vje\u017ebanja duha i tijela na otvorenom, nije se bilo te\u0161ko odlu\u010diti gdje snimati &#8211; pri\u010da Pa\u0161i\u0107.<\/p>\n<p>Njegova su predavanja postala neka vrsta simbola neodustajanja, konstruktivne pozitive, pronala\u017eenja malo prostora za disanje i inspiraciju u\u010denja u zagu\u0161uju\u0107im, te\u0161kim i za mnoge pasiviziraju\u0107im okolnostima.<\/p>\n<p>U jednom od novijih ovojesenskih videa Pa\u0161i\u0107 tako uz popratne zvukove pijanina obja\u0161njava limes niza na primjeru pjesme Antuna Gustava Mato\u0161a, dok sjedi uz kip Mato\u0161a na klupi na Strossmayerovom \u0161etali\u0161tu. &#8220;U Mato\u0161evom sonetu Lakrdija\u0161 14 je stihova koji su potrpani u \u010detiri strofe po principu 4-4-3-3. Ne znam jeste li primijetili niz stihova koji opisuju osobine lika, a u limesu je upravo taj lik. To je kao kad imamo niz racionalnih brojeva, a limes tog niza je onda iracionalan. Niz je u jednom skupu, a limes u drugom. Ovdje, koje li slu\u010dajnosti, upravo limes, a to je Petrica Kerempuh, jest iracionalan lik iz istoimene balade Miroslava Krle\u017ee&#8221;, obja\u0161njava u videu.<\/p>\n<p>Da su njegove snimke popularne, govore i brojke \u2013 mnoge imaju vi\u0161e od tisu\u0107u pregleda. Od po\u010detka pandemije snimio ih je 60-ak, a kako je vrijeme prolazilo, tako su se mijenjali atmosfera i okru\u017eenje na snimkama. Nije pritom matematici privukao samo studente koji snimke gledaju, nego je svojim javnim predavanjima zaintrigirao i brojne slu\u010dajne prolaznike tijekom samih snimanja.<\/p>\n<p>\u2014 Mnogo puta su me zapitkivali prolaznici. Ne privla\u010di ih samo matematika, nego i dekoracija plo\u010de s pli\u0161ancima, koja je privukla pa\u017enju mnogih. Evo nekoliko primjera. Budu\u0107i da se plo\u010da nalazi u malom dje\u010djem parku na otvorenom na ju\u017enom dijelu Jaruna, onda njega posje\u0107uju i roditelji s malom djecom. Jednom je jedna mama uzviknula svom mu\u017eu i svojoj k\u0107erkici: &#8220;Gledajte na plo\u010di, pa to su integrali funkcija, ja sam ih rasturala kad sam bila na Ekonomskom faksu!&#8221;. Ili, jedan tata je sa sinom \u010dekao da zavr\u0161im sa snimanjem predavanja, da bi si uzeli za uspomenu jednog pli\u0161anca koji je visio pored plo\u010de, kao moja dekoracija tom predavanju. Taj se pli\u0161anac jako svidio njegovom sinu. Dao sam mu dva takva &#8211; govori Pa\u0161i\u0107.<\/p>\n<p>Da su njegovi studenti i studentice posebno odu\u0161evljeni, potvr\u0111uje i to da su ga nakon jarunske serije predavanja, koju je objavio na svom kanalu, masovno nagovarali da po\u010dne snimati i na drugim lokacijama.<\/p>\n<p>\u2014 Nagovarali su me da po\u010dnem snimati i na Sljemenu, u snje\u017enim, visinskim uvjetima, te u ljetnom semestru uz obalu na\u0161eg mora. To sam ja i u\u010dinio. Na Sljemenu sam, u kombinaciji s Jarunom, za potrebe zimskog semestra 2020.\/2021. snimio cijelu seriju predavanja &#8220;Maths &amp; Nature&#8221; i objavio na YouTube vi\u0161e od njih 16, a posebno se istaknulo predavanje &#8220;04-1-Maths &amp; Nature&#8221;, koje je snimano pod snijegom od pola metra, koji je pao no\u0107 prije snimanja &#8211; prepri\u010dava profesor.<\/p>\n<p>Ne bilo mu te\u0161ko, za potrebe ljetnog semestra, Pa\u0161i\u0107 je snimio novu seriju predavanja &#8220;Na\u0161e More&#8221;, koja sadr\u017ei 13 predavanja na Jadranskoj obali: pet na pla\u017ei u Suko\u0161anu, pored anti\u010dke luke Barbir, pet na pla\u017ei u Bibinju te tri na otoku Murteru. Ovakav ga rad ispunjava i raduje i za njega su, ka\u017ee, priroda i matematika neminovno povezane.<\/p>\n<p>\u2014 Za mene je matematika sloboda egzaktnog izra\u017eavanja. S druge strane, u prirodnom se okru\u017eenju, kao \u0161to su drve\u0107a, planina ili more, osje\u0107am potpuno slobodno, i duhovno i mentalno. Veza izme\u0111u matematike i prirode je, dakle, sloboda &#8211; zaklju\u010duje Pa\u0161i\u0107.<\/p>\n<p>U posebno te\u0161kim uvjetima pandemije, svoj je slobodarski duh Pa\u0161i\u0107 o\u010duvao i nastavio \u0161iriti, i to je vjerojatno najva\u017enija i najljep\u0161a lekcija koju jedan profesor uop\u0107e mo\u017ee podijeliti i podariti.<\/p>\n<p><em>pi\u0161e Ivana Peri\u0107<\/em><\/p>\n","protected":false},"excerpt":{"rendered":"<p>Otkako je po\u010dela pandemija, velik dio nastave poprimio je online oblike. Tome se prilagodio i Mervan Pa\u0161i\u0107, profesor sa zagreba\u010dkog Fakulteta elektrotehnike i ra\u010dunarstva, koji svoja predavanja snima u prirodi<\/p>\n","protected":false},"featured_media":3002,"template":"","tags":[136],"atribut":[],"class_list":["post-955","nada","type-nada","status-publish","has-post-thumbnail","hentry","tag-portret"],"acf":[],"yoast_head":"<!-- This site is optimized with the Yoast SEO plugin v27.4 - https:\/\/yoast.com\/product\/yoast-seo-wordpress\/ -->\n<title>Dobri duh FER-a - SDF - Srpski demokratski forum<\/title>\n<meta name=\"robots\" content=\"index, follow, max-snippet:-1, max-image-preview:large, max-video-preview:-1\" \/>\n<link rel=\"canonical\" href=\"https:\/\/sdf.hr\/hr\/nada\/dobri-duh-fer-a\/\" \/>\n<meta property=\"og:locale\" content=\"hr_HR\" \/>\n<meta property=\"og:type\" content=\"article\" \/>\n<meta property=\"og:title\" content=\"Dobri duh FER-a - SDF - Srpski demokratski forum\" \/>\n<meta property=\"og:description\" content=\"Otkako je po\u010dela pandemija, velik dio nastave poprimio je online oblike. Tome se prilagodio i Mervan Pa\u0161i\u0107, profesor sa zagreba\u010dkog Fakulteta elektrotehnike i ra\u010dunarstva, koji svoja predavanja snima u prirodi\" \/>\n<meta property=\"og:url\" content=\"https:\/\/sdf.hr\/hr\/nada\/dobri-duh-fer-a\/\" \/>\n<meta property=\"og:site_name\" content=\"SDF - Srpski demokratski forum\" \/>\n<meta property=\"article:modified_time\" content=\"2023-03-23T13:35:48+00:00\" \/>\n<meta property=\"og:image\" content=\"https:\/\/sdf.hr\/wp-content\/uploads\/2022\/08\/Pasic_Youtube-1.jpg\" \/>\n\t<meta property=\"og:image:width\" content=\"1415\" \/>\n\t<meta property=\"og:image:height\" content=\"901\" \/>\n\t<meta property=\"og:image:type\" content=\"image\/jpeg\" \/>\n<meta name=\"twitter:card\" content=\"summary_large_image\" \/>\n<meta name=\"twitter:label1\" content=\"Procijenjeno vrijeme \u010ditanja\" \/>\n\t<meta name=\"twitter:data1\" content=\"6 minuta\" \/>\n<script type=\"application\/ld+json\" class=\"yoast-schema-graph\">{\"@context\":\"https:\\\/\\\/schema.org\",\"@graph\":[{\"@type\":\"WebPage\",\"@id\":\"https:\\\/\\\/sdf.hr\\\/hr\\\/nada\\\/dobri-duh-fer-a\\\/\",\"url\":\"https:\\\/\\\/sdf.hr\\\/hr\\\/nada\\\/dobri-duh-fer-a\\\/\",\"name\":\"Dobri duh FER-a - SDF - Srpski demokratski forum\",\"isPartOf\":{\"@id\":\"https:\\\/\\\/sdf.hr\\\/#website\"},\"primaryImageOfPage\":{\"@id\":\"https:\\\/\\\/sdf.hr\\\/hr\\\/nada\\\/dobri-duh-fer-a\\\/#primaryimage\"},\"image\":{\"@id\":\"https:\\\/\\\/sdf.hr\\\/hr\\\/nada\\\/dobri-duh-fer-a\\\/#primaryimage\"},\"thumbnailUrl\":\"https:\\\/\\\/sdf.hr\\\/wp-content\\\/uploads\\\/2022\\\/08\\\/Pasic_Youtube-1.jpg\",\"datePublished\":\"2022-08-29T11:05:48+00:00\",\"dateModified\":\"2023-03-23T13:35:48+00:00\",\"breadcrumb\":{\"@id\":\"https:\\\/\\\/sdf.hr\\\/hr\\\/nada\\\/dobri-duh-fer-a\\\/#breadcrumb\"},\"inLanguage\":\"hr\",\"potentialAction\":[{\"@type\":\"ReadAction\",\"target\":[\"https:\\\/\\\/sdf.hr\\\/hr\\\/nada\\\/dobri-duh-fer-a\\\/\"]}]},{\"@type\":\"ImageObject\",\"inLanguage\":\"hr\",\"@id\":\"https:\\\/\\\/sdf.hr\\\/hr\\\/nada\\\/dobri-duh-fer-a\\\/#primaryimage\",\"url\":\"https:\\\/\\\/sdf.hr\\\/wp-content\\\/uploads\\\/2022\\\/08\\\/Pasic_Youtube-1.jpg\",\"contentUrl\":\"https:\\\/\\\/sdf.hr\\\/wp-content\\\/uploads\\\/2022\\\/08\\\/Pasic_Youtube-1.jpg\",\"width\":1415,\"height\":901,\"caption\":\"Priroda i matematika neminovno su povezane \u2013 Mervan Pe\u0161i\u0107 (Foto: YouTube)\"},{\"@type\":\"BreadcrumbList\",\"@id\":\"https:\\\/\\\/sdf.hr\\\/hr\\\/nada\\\/dobri-duh-fer-a\\\/#breadcrumb\",\"itemListElement\":[{\"@type\":\"ListItem\",\"position\":1,\"name\":\"Po\u010detna stranica\",\"item\":\"https:\\\/\\\/sdf.hr\\\/hr\\\/\"},{\"@type\":\"ListItem\",\"position\":2,\"name\":\"Nada\",\"item\":\"https:\\\/\\\/sdf.hr\\\/nada\\\/\"},{\"@type\":\"ListItem\",\"position\":3,\"name\":\"Dobri duh FER-a\"}]},{\"@type\":\"WebSite\",\"@id\":\"https:\\\/\\\/sdf.hr\\\/#website\",\"url\":\"https:\\\/\\\/sdf.hr\\\/\",\"name\":\"SDF - Srpski demokratski forum\",\"description\":\"Srpski demokratski forum\",\"publisher\":{\"@id\":\"https:\\\/\\\/sdf.hr\\\/#organization\"},\"potentialAction\":[{\"@type\":\"SearchAction\",\"target\":{\"@type\":\"EntryPoint\",\"urlTemplate\":\"https:\\\/\\\/sdf.hr\\\/?s={search_term_string}\"},\"query-input\":{\"@type\":\"PropertyValueSpecification\",\"valueRequired\":true,\"valueName\":\"search_term_string\"}}],\"inLanguage\":\"hr\"},{\"@type\":\"Organization\",\"@id\":\"https:\\\/\\\/sdf.hr\\\/#organization\",\"name\":\"SDF - Srpski demokratski forum\",\"url\":\"https:\\\/\\\/sdf.hr\\\/\",\"logo\":{\"@type\":\"ImageObject\",\"inLanguage\":\"hr\",\"@id\":\"https:\\\/\\\/sdf.hr\\\/#\\\/schema\\\/logo\\\/image\\\/\",\"url\":\"https:\\\/\\\/sdf.hr\\\/wp-content\\\/uploads\\\/2021\\\/07\\\/logo-hr.svg\",\"contentUrl\":\"https:\\\/\\\/sdf.hr\\\/wp-content\\\/uploads\\\/2021\\\/07\\\/logo-hr.svg\",\"width\":271,\"height\":100,\"caption\":\"SDF - Srpski demokratski forum\"},\"image\":{\"@id\":\"https:\\\/\\\/sdf.hr\\\/#\\\/schema\\\/logo\\\/image\\\/\"}}]}<\/script>\n<!-- \/ Yoast SEO plugin. -->","yoast_head_json":{"title":"Dobri duh FER-a - SDF - Srpski demokratski forum","robots":{"index":"index","follow":"follow","max-snippet":"max-snippet:-1","max-image-preview":"max-image-preview:large","max-video-preview":"max-video-preview:-1"},"canonical":"https:\/\/sdf.hr\/hr\/nada\/dobri-duh-fer-a\/","og_locale":"hr_HR","og_type":"article","og_title":"Dobri duh FER-a - SDF - Srpski demokratski forum","og_description":"Otkako je po\u010dela pandemija, velik dio nastave poprimio je online oblike. Tome se prilagodio i Mervan Pa\u0161i\u0107, profesor sa zagreba\u010dkog Fakulteta elektrotehnike i ra\u010dunarstva, koji svoja predavanja snima u prirodi","og_url":"https:\/\/sdf.hr\/hr\/nada\/dobri-duh-fer-a\/","og_site_name":"SDF - Srpski demokratski forum","article_modified_time":"2023-03-23T13:35:48+00:00","og_image":[{"width":1415,"height":901,"url":"https:\/\/sdf.hr\/wp-content\/uploads\/2022\/08\/Pasic_Youtube-1.jpg","type":"image\/jpeg"}],"twitter_card":"summary_large_image","twitter_misc":{"Procijenjeno vrijeme \u010ditanja":"6 minuta"},"schema":{"@context":"https:\/\/schema.org","@graph":[{"@type":"WebPage","@id":"https:\/\/sdf.hr\/hr\/nada\/dobri-duh-fer-a\/","url":"https:\/\/sdf.hr\/hr\/nada\/dobri-duh-fer-a\/","name":"Dobri duh FER-a - SDF - Srpski demokratski forum","isPartOf":{"@id":"https:\/\/sdf.hr\/#website"},"primaryImageOfPage":{"@id":"https:\/\/sdf.hr\/hr\/nada\/dobri-duh-fer-a\/#primaryimage"},"image":{"@id":"https:\/\/sdf.hr\/hr\/nada\/dobri-duh-fer-a\/#primaryimage"},"thumbnailUrl":"https:\/\/sdf.hr\/wp-content\/uploads\/2022\/08\/Pasic_Youtube-1.jpg","datePublished":"2022-08-29T11:05:48+00:00","dateModified":"2023-03-23T13:35:48+00:00","breadcrumb":{"@id":"https:\/\/sdf.hr\/hr\/nada\/dobri-duh-fer-a\/#breadcrumb"},"inLanguage":"hr","potentialAction":[{"@type":"ReadAction","target":["https:\/\/sdf.hr\/hr\/nada\/dobri-duh-fer-a\/"]}]},{"@type":"ImageObject","inLanguage":"hr","@id":"https:\/\/sdf.hr\/hr\/nada\/dobri-duh-fer-a\/#primaryimage","url":"https:\/\/sdf.hr\/wp-content\/uploads\/2022\/08\/Pasic_Youtube-1.jpg","contentUrl":"https:\/\/sdf.hr\/wp-content\/uploads\/2022\/08\/Pasic_Youtube-1.jpg","width":1415,"height":901,"caption":"Priroda i matematika neminovno su povezane \u2013 Mervan Pe\u0161i\u0107 (Foto: YouTube)"},{"@type":"BreadcrumbList","@id":"https:\/\/sdf.hr\/hr\/nada\/dobri-duh-fer-a\/#breadcrumb","itemListElement":[{"@type":"ListItem","position":1,"name":"Po\u010detna stranica","item":"https:\/\/sdf.hr\/hr\/"},{"@type":"ListItem","position":2,"name":"Nada","item":"https:\/\/sdf.hr\/nada\/"},{"@type":"ListItem","position":3,"name":"Dobri duh FER-a"}]},{"@type":"WebSite","@id":"https:\/\/sdf.hr\/#website","url":"https:\/\/sdf.hr\/","name":"SDF - Srpski demokratski forum","description":"Srpski demokratski forum","publisher":{"@id":"https:\/\/sdf.hr\/#organization"},"potentialAction":[{"@type":"SearchAction","target":{"@type":"EntryPoint","urlTemplate":"https:\/\/sdf.hr\/?s={search_term_string}"},"query-input":{"@type":"PropertyValueSpecification","valueRequired":true,"valueName":"search_term_string"}}],"inLanguage":"hr"},{"@type":"Organization","@id":"https:\/\/sdf.hr\/#organization","name":"SDF - Srpski demokratski forum","url":"https:\/\/sdf.hr\/","logo":{"@type":"ImageObject","inLanguage":"hr","@id":"https:\/\/sdf.hr\/#\/schema\/logo\/image\/","url":"https:\/\/sdf.hr\/wp-content\/uploads\/2021\/07\/logo-hr.svg","contentUrl":"https:\/\/sdf.hr\/wp-content\/uploads\/2021\/07\/logo-hr.svg","width":271,"height":100,"caption":"SDF - Srpski demokratski forum"},"image":{"@id":"https:\/\/sdf.hr\/#\/schema\/logo\/image\/"}}]}},"_links":{"self":[{"href":"https:\/\/sdf.hr\/hr\/wp-json\/wp\/v2\/nada\/955","targetHints":{"allow":["GET"]}}],"collection":[{"href":"https:\/\/sdf.hr\/hr\/wp-json\/wp\/v2\/nada"}],"about":[{"href":"https:\/\/sdf.hr\/hr\/wp-json\/wp\/v2\/types\/nada"}],"wp:featuredmedia":[{"embeddable":true,"href":"https:\/\/sdf.hr\/hr\/wp-json\/wp\/v2\/media\/3002"}],"wp:attachment":[{"href":"https:\/\/sdf.hr\/hr\/wp-json\/wp\/v2\/media?parent=955"}],"wp:term":[{"taxonomy":"post_tag","embeddable":true,"href":"https:\/\/sdf.hr\/hr\/wp-json\/wp\/v2\/tags?post=955"},{"taxonomy":"atribut","embeddable":true,"href":"https:\/\/sdf.hr\/hr\/wp-json\/wp\/v2\/atribut?post=955"}],"curies":[{"name":"wp","href":"https:\/\/api.w.org\/{rel}","templated":true}]}}