{"id":971,"date":"2022-08-29T13:18:52","date_gmt":"2022-08-29T11:18:52","guid":{"rendered":"https:\/\/sdf.hr\/?post_type=nada&#038;p=971"},"modified":"2023-03-23T14:29:03","modified_gmt":"2023-03-23T13:29:03","slug":"cvijet-pogaca","status":"publish","type":"nada","link":"https:\/\/sdf.hr\/hr\/nada\/cvijet-pogaca\/","title":{"rendered":"Cvijet poga\u010da"},"content":{"rendered":"<p>Od bundeve mo\u017eete pripremati cijelu lepezu delikatesnih jela, fine i guste juhe, namaze, razne bu\u010dnice, slasne kola\u010de, ri\u017eota, tjestenine, kruh, kiflice ili ovakve poga\u010de. Ovaj put sam poga\u010du pripremila u slanoj varijanti uz dodatak maka i bu\u010dinih sjemenki te s puno maslaca. Za pripremu poga\u010de sam koristila pire pe\u010dene hokaido tikve koji je gust, slatkast i bez suvi\u0161ne teku\u0107ine. Mo\u017eete koristiti i butternut ili mu\u0161katnu tikvu. Poga\u010da je vizualno, ali i okusom vrlo privla\u010dna pa \u0107e svakako biti zvijezda svakog stola.<\/p>\n<p>Pire pe\u010dene bundeve mo\u017eete pripremiti i dan ranije, a u hladnjaku ga mo\u017eete \u010duvati u poklopljenoj posudi dva do tri dana. Bundevu prepolovite i o\u010distite od sjemenki, nare\u017eite na kri\u0161ke te stavite u pleh na masni papir. Pecite u pe\u0107nici na nekih 180 stupnjeva dok meso bundeve ne omek\u0161a. Kada se ohladi, jednostavno ga \u017elicom ostru\u017eite s kore i izradite \u0161tapnim mikserom ili propasirajte. S pireom mo\u017eete pripremati i slatka i slana jela, a mo\u017eete ga i zamrznuti. Sastojci za cvijet poga\u010du od bundeve s makom:<\/p>\n<p><strong><em>Za tijesto<\/em><\/strong><\/p>\n<p>30 g svje\u017eeg kvasca<br \/>\n1 \u017eli\u010dica \u0161e\u0107era<br \/>\n3 dl mlijeka<br \/>\n600 g glatkog bra\u0161na<br \/>\n2 \u017eli\u010dice soli<br \/>\n1 jaje<br \/>\n200 g pirea od bundeve<br \/>\n1,5 dl jogurta<\/p>\n<p><strong><em>Za punjenje<\/em><\/strong><\/p>\n<p>150 g maslaca<br \/>\n4 \u2014 5 \u017elica maka<br \/>\n3 \u2014 4 \u017elice nasjeckanih bu\u010dinih sjemenki<\/p>\n<p><strong><em>Za premaz<\/em><\/strong><\/p>\n<p>krupna sol<br \/>\nbu\u010dine sjemenke<br \/>\nmalo jogurta<\/p>\n<p><strong><em>Priprema<\/em><\/strong><\/p>\n<p>Sve potrebne sastojke izvadite da se temperiraju na sobnu temperaturu. Malo zagrijte mlijeko u lon\u010di\u0107u. Kvasac razmrvite u toplom mlijeku i dodajte mu \u017eli\u010dicu \u0161e\u0107era i \u017eli\u010dicu bra\u0161na. Ostavite da se aktivira i zapjeni. U dublju posudu prosijte bra\u0161no, dodajte sol i promije\u0161ajte. Dodajte aktivirani kvasac, pire od bundeve, jaje i jogurt sobne temperature. Zamijesite glatko tijesto. Ukoliko je potrebno, dodajte jo\u0161 \u017elicu ili dvije mlijeka ili bra\u0161na (ovisno koliko teku\u0107ine ima u pireu). Tijesto mijesite nekoliko minuta dok se ne po\u010dne odvajati od stijenke posude i postane elasti\u010dno. Posudu prekrijte prozirnom folijom i ostavite da se tijesto udvostru\u010di (otprilike 60 minuta).<\/p>\n<p>Na pobra\u0161njenoj podlozi premijesite dignuto tijesto i podijelite ga na \u010detiri dijela. Oblikujte kugle i ostavite pokriveno nekih 15 minuta. Razvaljajte svaku kuglu tijesta u krug (poput deblje pala\u010dinke) pa stavite na masni papir. Na prvi krug nama\u017eite omek\u0161ali maslac i pospite mak. Poklopite drugim krugom razvaljanog tijesta pa opet nama\u017eite maslacem i pospite sjeckanim bu\u010dinim sjemenkama. Preko toga postavite sljede\u0107i krug razvaljanog tijesta pa opet prema\u017eite maslacem i pospite makom. Zavr\u0161ite \u010detvrtim krugom tijesta i ostavite ga bez premaza.<\/p>\n<p>\u010ca\u0161om ozna\u010dite krug u sredini tijesta te o\u0161trim no\u017eem ili kota\u010di\u0107em za rezanje razre\u017eite tijesto na 16 dijelova (neka ostane spojeno u ozna\u010denom krugu u sredini). Dva susjedna kraka poga\u010de uvrnite nekoliko puta jedan prema drugome (poput spirale) te spojite pri vrhu da se zalijepi. U\u010dinite to sa svim krakovima. Tako \u0107ete dobiti cvijet. Poga\u010du premjestite na pleh za pe\u010denje skupa s masnim papirom. Prekrijte poga\u010du i ostavite nekih 30 min. Uklju\u010dite pe\u0107nicu na 180 stupnjeva. Prema\u017eite poga\u010du s malo jogurta pa pospite krupnom solju i bu\u010dinim sjemenkama. Poga\u010du stavite u zagrijanu pe\u0107nicu i pecite na 180 stupnjeva nekih 30 do 40 minuta (ovisno o pe\u0107nici).<\/p>\n<p>Dobar tek!<\/p>\n<p><em>pi\u0161e Valentina Vukadinovi\u0107<\/em><\/p>\n","protected":false},"excerpt":{"rendered":"<p>Za pripremu poga\u010de sam koristila pire pe\u010dene hokaido tikve koji je gust, slatkast i bez suvi\u0161ne teku\u0107ine. Poga\u010da je vizualno, ali i okusom vrlo privla\u010dna pa \u0107e svakako biti zvijezda svakog stola<\/p>\n","protected":false},"featured_media":2993,"template":"","tags":[42],"atribut":[],"class_list":["post-971","nada","type-nada","status-publish","has-post-thumbnail","hentry","tag-gorski-kotao"],"acf":[],"yoast_head":"<!-- This site is optimized with the Yoast SEO plugin v27.4 - https:\/\/yoast.com\/product\/yoast-seo-wordpress\/ -->\n<title>Cvijet poga\u010da - SDF - Srpski demokratski forum<\/title>\n<meta name=\"robots\" content=\"index, follow, max-snippet:-1, max-image-preview:large, max-video-preview:-1\" \/>\n<link rel=\"canonical\" href=\"https:\/\/sdf.hr\/hr\/nada\/cvijet-pogaca\/\" \/>\n<meta property=\"og:locale\" content=\"hr_HR\" \/>\n<meta property=\"og:type\" content=\"article\" \/>\n<meta property=\"og:title\" content=\"Cvijet poga\u010da - SDF - Srpski demokratski forum\" \/>\n<meta property=\"og:description\" content=\"Za pripremu poga\u010de sam koristila pire pe\u010dene hokaido tikve koji je gust, slatkast i bez suvi\u0161ne teku\u0107ine. Poga\u010da je vizualno, ali i okusom vrlo privla\u010dna pa \u0107e svakako biti zvijezda svakog stola\" \/>\n<meta property=\"og:url\" content=\"https:\/\/sdf.hr\/hr\/nada\/cvijet-pogaca\/\" \/>\n<meta property=\"og:site_name\" content=\"SDF - Srpski demokratski forum\" \/>\n<meta property=\"article:modified_time\" content=\"2023-03-23T13:29:03+00:00\" \/>\n<meta property=\"og:image\" content=\"https:\/\/sdf.hr\/wp-content\/uploads\/2022\/08\/Pogaca-2.jpeg\" \/>\n\t<meta property=\"og:image:width\" content=\"2422\" \/>\n\t<meta property=\"og:image:height\" content=\"1670\" \/>\n\t<meta property=\"og:image:type\" content=\"image\/jpeg\" \/>\n<meta name=\"twitter:card\" content=\"summary_large_image\" \/>\n<meta name=\"twitter:label1\" content=\"Procijenjeno vrijeme \u010ditanja\" \/>\n\t<meta name=\"twitter:data1\" content=\"3 minute\" \/>\n<script type=\"application\/ld+json\" class=\"yoast-schema-graph\">{\"@context\":\"https:\\\/\\\/schema.org\",\"@graph\":[{\"@type\":\"WebPage\",\"@id\":\"https:\\\/\\\/sdf.hr\\\/hr\\\/nada\\\/cvijet-pogaca\\\/\",\"url\":\"https:\\\/\\\/sdf.hr\\\/hr\\\/nada\\\/cvijet-pogaca\\\/\",\"name\":\"Cvijet poga\u010da - SDF - Srpski demokratski forum\",\"isPartOf\":{\"@id\":\"https:\\\/\\\/sdf.hr\\\/#website\"},\"primaryImageOfPage\":{\"@id\":\"https:\\\/\\\/sdf.hr\\\/hr\\\/nada\\\/cvijet-pogaca\\\/#primaryimage\"},\"image\":{\"@id\":\"https:\\\/\\\/sdf.hr\\\/hr\\\/nada\\\/cvijet-pogaca\\\/#primaryimage\"},\"thumbnailUrl\":\"https:\\\/\\\/sdf.hr\\\/wp-content\\\/uploads\\\/2022\\\/08\\\/Pogaca-2.jpeg\",\"datePublished\":\"2022-08-29T11:18:52+00:00\",\"dateModified\":\"2023-03-23T13:29:03+00:00\",\"breadcrumb\":{\"@id\":\"https:\\\/\\\/sdf.hr\\\/hr\\\/nada\\\/cvijet-pogaca\\\/#breadcrumb\"},\"inLanguage\":\"hr\",\"potentialAction\":[{\"@type\":\"ReadAction\",\"target\":[\"https:\\\/\\\/sdf.hr\\\/hr\\\/nada\\\/cvijet-pogaca\\\/\"]}]},{\"@type\":\"ImageObject\",\"inLanguage\":\"hr\",\"@id\":\"https:\\\/\\\/sdf.hr\\\/hr\\\/nada\\\/cvijet-pogaca\\\/#primaryimage\",\"url\":\"https:\\\/\\\/sdf.hr\\\/wp-content\\\/uploads\\\/2022\\\/08\\\/Pogaca-2.jpeg\",\"contentUrl\":\"https:\\\/\\\/sdf.hr\\\/wp-content\\\/uploads\\\/2022\\\/08\\\/Pogaca-2.jpeg\",\"width\":2422,\"height\":1670},{\"@type\":\"BreadcrumbList\",\"@id\":\"https:\\\/\\\/sdf.hr\\\/hr\\\/nada\\\/cvijet-pogaca\\\/#breadcrumb\",\"itemListElement\":[{\"@type\":\"ListItem\",\"position\":1,\"name\":\"Po\u010detna stranica\",\"item\":\"https:\\\/\\\/sdf.hr\\\/hr\\\/\"},{\"@type\":\"ListItem\",\"position\":2,\"name\":\"Nada\",\"item\":\"https:\\\/\\\/sdf.hr\\\/nada\\\/\"},{\"@type\":\"ListItem\",\"position\":3,\"name\":\"Cvijet poga\u010da\"}]},{\"@type\":\"WebSite\",\"@id\":\"https:\\\/\\\/sdf.hr\\\/#website\",\"url\":\"https:\\\/\\\/sdf.hr\\\/\",\"name\":\"SDF - Srpski demokratski forum\",\"description\":\"Srpski demokratski forum\",\"publisher\":{\"@id\":\"https:\\\/\\\/sdf.hr\\\/#organization\"},\"potentialAction\":[{\"@type\":\"SearchAction\",\"target\":{\"@type\":\"EntryPoint\",\"urlTemplate\":\"https:\\\/\\\/sdf.hr\\\/?s={search_term_string}\"},\"query-input\":{\"@type\":\"PropertyValueSpecification\",\"valueRequired\":true,\"valueName\":\"search_term_string\"}}],\"inLanguage\":\"hr\"},{\"@type\":\"Organization\",\"@id\":\"https:\\\/\\\/sdf.hr\\\/#organization\",\"name\":\"SDF - Srpski demokratski forum\",\"url\":\"https:\\\/\\\/sdf.hr\\\/\",\"logo\":{\"@type\":\"ImageObject\",\"inLanguage\":\"hr\",\"@id\":\"https:\\\/\\\/sdf.hr\\\/#\\\/schema\\\/logo\\\/image\\\/\",\"url\":\"https:\\\/\\\/sdf.hr\\\/wp-content\\\/uploads\\\/2021\\\/07\\\/logo-hr.svg\",\"contentUrl\":\"https:\\\/\\\/sdf.hr\\\/wp-content\\\/uploads\\\/2021\\\/07\\\/logo-hr.svg\",\"width\":271,\"height\":100,\"caption\":\"SDF - Srpski demokratski forum\"},\"image\":{\"@id\":\"https:\\\/\\\/sdf.hr\\\/#\\\/schema\\\/logo\\\/image\\\/\"}}]}<\/script>\n<!-- \/ Yoast SEO plugin. -->","yoast_head_json":{"title":"Cvijet poga\u010da - SDF - Srpski demokratski forum","robots":{"index":"index","follow":"follow","max-snippet":"max-snippet:-1","max-image-preview":"max-image-preview:large","max-video-preview":"max-video-preview:-1"},"canonical":"https:\/\/sdf.hr\/hr\/nada\/cvijet-pogaca\/","og_locale":"hr_HR","og_type":"article","og_title":"Cvijet poga\u010da - SDF - Srpski demokratski forum","og_description":"Za pripremu poga\u010de sam koristila pire pe\u010dene hokaido tikve koji je gust, slatkast i bez suvi\u0161ne teku\u0107ine. Poga\u010da je vizualno, ali i okusom vrlo privla\u010dna pa \u0107e svakako biti zvijezda svakog stola","og_url":"https:\/\/sdf.hr\/hr\/nada\/cvijet-pogaca\/","og_site_name":"SDF - Srpski demokratski forum","article_modified_time":"2023-03-23T13:29:03+00:00","og_image":[{"width":2422,"height":1670,"url":"https:\/\/sdf.hr\/wp-content\/uploads\/2022\/08\/Pogaca-2.jpeg","type":"image\/jpeg"}],"twitter_card":"summary_large_image","twitter_misc":{"Procijenjeno vrijeme \u010ditanja":"3 minute"},"schema":{"@context":"https:\/\/schema.org","@graph":[{"@type":"WebPage","@id":"https:\/\/sdf.hr\/hr\/nada\/cvijet-pogaca\/","url":"https:\/\/sdf.hr\/hr\/nada\/cvijet-pogaca\/","name":"Cvijet poga\u010da - SDF - Srpski demokratski forum","isPartOf":{"@id":"https:\/\/sdf.hr\/#website"},"primaryImageOfPage":{"@id":"https:\/\/sdf.hr\/hr\/nada\/cvijet-pogaca\/#primaryimage"},"image":{"@id":"https:\/\/sdf.hr\/hr\/nada\/cvijet-pogaca\/#primaryimage"},"thumbnailUrl":"https:\/\/sdf.hr\/wp-content\/uploads\/2022\/08\/Pogaca-2.jpeg","datePublished":"2022-08-29T11:18:52+00:00","dateModified":"2023-03-23T13:29:03+00:00","breadcrumb":{"@id":"https:\/\/sdf.hr\/hr\/nada\/cvijet-pogaca\/#breadcrumb"},"inLanguage":"hr","potentialAction":[{"@type":"ReadAction","target":["https:\/\/sdf.hr\/hr\/nada\/cvijet-pogaca\/"]}]},{"@type":"ImageObject","inLanguage":"hr","@id":"https:\/\/sdf.hr\/hr\/nada\/cvijet-pogaca\/#primaryimage","url":"https:\/\/sdf.hr\/wp-content\/uploads\/2022\/08\/Pogaca-2.jpeg","contentUrl":"https:\/\/sdf.hr\/wp-content\/uploads\/2022\/08\/Pogaca-2.jpeg","width":2422,"height":1670},{"@type":"BreadcrumbList","@id":"https:\/\/sdf.hr\/hr\/nada\/cvijet-pogaca\/#breadcrumb","itemListElement":[{"@type":"ListItem","position":1,"name":"Po\u010detna stranica","item":"https:\/\/sdf.hr\/hr\/"},{"@type":"ListItem","position":2,"name":"Nada","item":"https:\/\/sdf.hr\/nada\/"},{"@type":"ListItem","position":3,"name":"Cvijet poga\u010da"}]},{"@type":"WebSite","@id":"https:\/\/sdf.hr\/#website","url":"https:\/\/sdf.hr\/","name":"SDF - Srpski demokratski forum","description":"Srpski demokratski forum","publisher":{"@id":"https:\/\/sdf.hr\/#organization"},"potentialAction":[{"@type":"SearchAction","target":{"@type":"EntryPoint","urlTemplate":"https:\/\/sdf.hr\/?s={search_term_string}"},"query-input":{"@type":"PropertyValueSpecification","valueRequired":true,"valueName":"search_term_string"}}],"inLanguage":"hr"},{"@type":"Organization","@id":"https:\/\/sdf.hr\/#organization","name":"SDF - Srpski demokratski forum","url":"https:\/\/sdf.hr\/","logo":{"@type":"ImageObject","inLanguage":"hr","@id":"https:\/\/sdf.hr\/#\/schema\/logo\/image\/","url":"https:\/\/sdf.hr\/wp-content\/uploads\/2021\/07\/logo-hr.svg","contentUrl":"https:\/\/sdf.hr\/wp-content\/uploads\/2021\/07\/logo-hr.svg","width":271,"height":100,"caption":"SDF - Srpski demokratski forum"},"image":{"@id":"https:\/\/sdf.hr\/#\/schema\/logo\/image\/"}}]}},"_links":{"self":[{"href":"https:\/\/sdf.hr\/hr\/wp-json\/wp\/v2\/nada\/971","targetHints":{"allow":["GET"]}}],"collection":[{"href":"https:\/\/sdf.hr\/hr\/wp-json\/wp\/v2\/nada"}],"about":[{"href":"https:\/\/sdf.hr\/hr\/wp-json\/wp\/v2\/types\/nada"}],"wp:featuredmedia":[{"embeddable":true,"href":"https:\/\/sdf.hr\/hr\/wp-json\/wp\/v2\/media\/2993"}],"wp:attachment":[{"href":"https:\/\/sdf.hr\/hr\/wp-json\/wp\/v2\/media?parent=971"}],"wp:term":[{"taxonomy":"post_tag","embeddable":true,"href":"https:\/\/sdf.hr\/hr\/wp-json\/wp\/v2\/tags?post=971"},{"taxonomy":"atribut","embeddable":true,"href":"https:\/\/sdf.hr\/hr\/wp-json\/wp\/v2\/atribut?post=971"}],"curies":[{"name":"wp","href":"https:\/\/api.w.org\/{rel}","templated":true}]}}