{"id":981,"date":"2022-08-29T13:28:53","date_gmt":"2022-08-29T11:28:53","guid":{"rendered":"https:\/\/sdf.hr\/?post_type=nada&#038;p=981"},"modified":"2023-03-22T17:55:31","modified_gmt":"2023-03-22T16:55:31","slug":"grad-za-kucni-rad","status":"publish","type":"nada","link":"https:\/\/sdf.hr\/hr\/nada\/grad-za-kucni-rad\/","title":{"rendered":"Grad za ku\u0107ni rad"},"content":{"rendered":"<p>Izmjene mjere roditelj odgojitelj, koju je zagreba\u010dka Gradska skup\u0161tina nedavno ukinula za korisnike s djecom iznad sedam godina, a ostalima je smanjila na 1000 kuna, te istodobni prosvjedi onih koji se protive takvoj odluci, nanovo su aktualizirali rasprave o skrbni\u010dkom i ku\u0107anskom radu. U kultnom filmu Chantal Akerman &#8220;Jeanne Dielman, 23, quai du commerce, 1080 Bruxelles&#8221; (1975.) rad koji se odvija unutar ku\u0107e razlo\u017een je na najmanje mogu\u0107e, do zamora rastegnute detalje: izvla\u010denje krumpira iz kartonske vre\u0107ice, repetitivne poteze guljenja prianjanjem o\u0161trice no\u017ea uz koru, njezino gomilanje na kuhinjskom stolu i odlaganje oguljenih krumpira u posudu s vodom. Takvi su detalji naj\u010de\u0161\u0107e kondenzirani scenarijima ili izostavljani u monta\u017ei da bi bilo mogu\u0107e \u0161to br\u017ee premotati na &#8220;\u017eivot&#8221;, izmje\u0161ten negdje izvan ku\u0107anske svakodnevnice ili tamo gdje \u0107e ona mo\u0107i tek mjestimi\u010dno i kontrolirano prodrijeti kao kontekst za &#8220;stvarnu, glavnu naraciju&#8221;. &#8220;Stvarna, glavna naracija&#8221; za \u017eene doga\u0111a se toliko me\u0111u zidovima ku\u0107e koliko i me\u0111u zidovima tvornica i ureda, \u0161to su tih 1970-ih krenule razlagati autonoma\u0161ke marksistkinje poput Mariarose dalla Coste, Selme James i Silvie Federici iznijev\u0161i zahtjev &#8220;Nadnice za ku\u0107anski rad&#8221; (engl. &#8220;Wages for Housework&#8221;), koji \u0107e se pro\u0161iriti iz Italije do drugih europskih dr\u017eava, SAD-a i Kanade.<\/p>\n<p>Konzervativna udruga Femrevolt na tribini &#8220;Mjera roditelj odgojitelj: majke (ne)radnice&#8221;, razvijaju\u0107i argumentaciju za o\u010duvanje mjere namijenjene roditeljima s troje ili vi\u0161e djece, poku\u0161ala je povezati tu mjeru s te\u017enjama autonoma\u0161koga pokreta. &#8220;Nadnice za ku\u0107anski rad&#8221;, zar ne bi bile upravo to, \u010dini se, zahtjev za isplatom novca za skrb o ku\u0107anstvu i djeci. Federici u tekstu &#8220;Nadnice protiv ku\u0107anskoga rada&#8221; iz 1975. isti\u010de da se ne radi o tome da se ku\u0107anski i skrbni\u010dki rad naplate i \u017eene nastave obavljati taj rad na na\u010din na koji su to \u010dinile do sada, nego o zahtjevu &#8220;kojim na\u0161a priroda zavr\u0161ava i na\u0161a borba zapo\u010dinje jer tra\u017eiti nadnice za ku\u0107anski rad zna\u010di odbiti taj rad kao izraz na\u0161e prirode i time upravo odbiti ulogu koju je kapital namijenio \u017eenama&#8221;. Cilj &#8220;Nadnica za ku\u0107anski rad&#8221; nije bio u\u010dvrstiti rodnu raspodjelu rada i zadr\u017eati \u017eene doma ili u cjelodnevnim dvostrukim smjenama, na radnim mjestima i u ku\u0107anskim poslovima. Naprotiv, dalla Costa, James i Federici znale su da bi, kada bi se uistinu krenule ispla\u0107ivati nadnice \u017eenama za kuhanje, pranje, peglanje, seks, ra\u0111anje, odgajanje, podu\u010davanje, brigu o ra\u010dunima i roditeljskim sastancima, krpanje, pletenje, \u010di\u0161\u0107enje, moglo do\u0107i do potpunoga uru\u0161avanja sustava.<\/p>\n<p>Analiza zagreba\u010dkoga Ureda za demografiju iz marta 2020. pokazuje da je od septembra 2016. do januara 2020. Grad Zagreb, kako bi za samo nekoliko tisu\u0107a korisnica i korisnika mogao isplatiti 65 posto prosje\u010dne pla\u0107e jednoga radnika u gospodarstvu, gdje su 88,1 posto osoba koje koriste mjeru \u017eene, trebao izdvojiti \u010dak 916,7 milijuna kuna. Gradona\u010delnik Tomislav Toma\u0161evi\u0107 rekao je da se s novembarskih skoro 5800 korisnika nov\u010dana pomo\u0107 za roditelje odgojitelje s 44 milijuna kuna mjese\u010dno pribli\u017eila iznosu koji se odvaja za pla\u0107e zaposlenih u dje\u010djim vrti\u0107ima (62 milijuna kuna mjese\u010dno). Kada bi se sav ku\u0107anski i skrbni\u010dki rad koji se odvija u doma\u0107instvima izrazio novcem, te\u0161ko da bi ijedan dr\u017eavni, gradski ili komercijalni bud\u017eet to mogao podnijeti.<\/p>\n<p>&#8220;Nadnice za ku\u0107anski rad&#8221; upu\u0107uju na to da kuhanje, \u010di\u0161\u0107enje ili briga o djeci nisu neka spontana ili uro\u0111ena sposobnost ili interes \u017eena, nego da kapital, nastoje\u0107i u\u0161tedjeti na tro\u0161kovima rada (i izgra\u0111uju\u0107i se na toj u\u0161tedi), stvara cijelu jednu grupu radnika koji \u0107e besplatno brinuti o produkciji i reprodukciji radne snage. Odnosno o tome da ne manjka potrebne radne snage i da je nahranjena, \u010dista i zbrinuta kako bi mogla redovito i efikasno obavljati onaj dio poslova koji je koliko-toliko pla\u0107en, u tvornicama, uredima, na \u0161alterima i drugim radnim mjestima. &#8220;Odbiti taj rad kao izraz na\u0161e prirode&#8221; zna\u010di uputiti na to da su ku\u0107anski i skrbni\u010dki rad \u2013 oblici rada te da samim time nisu privatna briga pojedinke ili obitelji, nego funkcionalni dio kapitalisti\u010dkoga na\u010dina proizvodnje, kao i s njime sraslih projekata izgradnje nacije i nacionalne dr\u017eave.<\/p>\n<figure id=\"attachment_2978\" aria-describedby=\"caption-attachment-2978\" style=\"width: 2560px\" class=\"wp-caption alignnone\"><img loading=\"lazy\" decoding=\"async\" class=\"wp-image-2978 size-full\" src=\"https:\/\/sdf.hr\/wp-content\/uploads\/2022\/08\/Kucni-rad_Matt-Crosic-IPA-Images-scaled.jpg\" alt=\"\" width=\"2560\" height=\"1706\" srcset=\"https:\/\/sdf.hr\/wp-content\/uploads\/2022\/08\/Kucni-rad_Matt-Crosic-IPA-Images-scaled.jpg 2560w, https:\/\/sdf.hr\/wp-content\/uploads\/2022\/08\/Kucni-rad_Matt-Crosic-IPA-Images-300x200.jpg 300w, https:\/\/sdf.hr\/wp-content\/uploads\/2022\/08\/Kucni-rad_Matt-Crosic-IPA-Images-1024x682.jpg 1024w, https:\/\/sdf.hr\/wp-content\/uploads\/2022\/08\/Kucni-rad_Matt-Crosic-IPA-Images-768x512.jpg 768w, https:\/\/sdf.hr\/wp-content\/uploads\/2022\/08\/Kucni-rad_Matt-Crosic-IPA-Images-1536x1024.jpg 1536w, https:\/\/sdf.hr\/wp-content\/uploads\/2022\/08\/Kucni-rad_Matt-Crosic-IPA-Images-2048x1365.jpg 2048w\" sizes=\"auto, (max-width: 2560px) 100vw, 2560px\" \/><figcaption id=\"caption-attachment-2978\" class=\"wp-caption-text\">Ku\u0107anski rad nije \u017eenama uro\u0111en (Foto: Matt Crossick\/PA Images\/PIXSELL)<\/figcaption><\/figure>\n<p>Prema Uredu za demografiju, najve\u0107i broj korisnica mjere, o \u010dijem su obrazovanju dostupni podaci, sa zavr\u0161enom je srednjom stru\u010dnom spremom (39 posto). Od 60,8 posto korisnica za koje je poznat radni sta\u017e, 57,1 posto bilo je zaposleno prije ostvarivanja prava na mjeru. Za njih 48,3 posto razmak izme\u0111u prestanka radnoga odnosa i ostvarivanja prava na mjeru bio je mjesec dana, dok za 68 posto godinu dana. Ve\u0107ina korisnica radila je u trgovini, prera\u0111iva\u010dkoj industriji, smje\u0161tajnim i ugostiteljskim poslovima (55,7 posto). Dokument Ureda pritom sam sa\u017eima i bilje\u017ei: &#8220;S obzirom na to da su pla\u0107e u navedene tri djelatnosti u kojima je zaposlen najve\u0107i broj korisnika manje od iznosa nov\u010dane pomo\u0107i za roditelja odgojitelja, za pretpostaviti je da je to bio jedan od poticaja za roditelje s troje i vi\u0161e djece da se odlu\u010de za kori\u0161tenje ove mjere.&#8221; To su ujedno i nesigurne domene rada u kojima najgu\u0161\u0107e prevladavaju povremeni i sezonski poslovi koji ne stvaraju nikakvu ekonomsku sigurnost ni za kojeg radnika, a kamoli za vi\u0161e\u010dlane obitelji. Kako prosje\u010dna korisnica mjere ima 36 godina, gubitkom prava na nov\u010danu pomo\u0107 smanjuju se \u0161anse i za kasnije zapo\u0161ljavanje (s trenutno 43.226 nezaposlenih osoba od 50 godina i iznad od ukupno 125.701 nezaposlenih evidentiranih na Zavodu, \u0161to je 34,4 posto).<\/p>\n<p>Razdiobom rada izme\u0111u najamnog ili produktivnog, koji stvara vi\u0161ak vrijednosti (profit) i ku\u0107anskoga i skrbni\u010dkog ili reproduktivnoga oblikovan je model u kojem je mu\u0161karac iskazan kao primarni hranitelj. Budu\u0107i da hraniteljski model podjele rada pretpostavlja uzdr\u017eavanu poziciju \u017eena tzv. obiteljskom pla\u0107om, rad \u017eena se te\u017ee utr\u017euje unajmljuju\u0107i se uglavnom kao komplementaran ili dodatan rad u odnosu na onaj koji obavljaju mu\u0161ki radnici. Pritom, jedna pla\u0107a uglavnom nije dostatna za temeljne potrebe jedne prosje\u010dne obitelji niti pokriva koli\u010dinu rada najamnoga radnika i reproduktivnog rada o kojem uop\u0107e najamni rad ovisi. Europske statistike tako pokazuju da je u 2019. godini 35,7 posto \u017eena bilo zaposleno na pola radnoga vremena u usporedbi s 10,2 posto mu\u0161karaca. Ne samo da ku\u0107anski i skrbni\u010dki rad nisu dru\u0161tveno vrednovani kao rad, nego je i najamni rad \u017eena, razmatran kao doprinos temeljnom obiteljskom dohotku, devaloriziran, \u0161to se o\u010dituje i u osjetno manjim primanjima, ve\u0107oj nezaposlenosti i nesigurnijim produ\u017eivanjima ugovora, s posebno ranjivim pozicijama trudnih osoba i osoba na porodiljnom. Kapital se i dr\u017eava tako dvostruko okori\u0161tavaju radom \u017eena. S jedne strane, rastere\u0107uju se obaveze organiziranja reproduktivnoga rada u obliku pokretanja radni\u010dkih restorana, prilagodbe infrastrukture potrebama osoba s invaliditetom ili izgradnje vrti\u0107a time \u0161to ga prebacuju na \u017eene, s druge, kontroliraju i ograni\u010davaju mogu\u0107nost njihove participacije na tr\u017ei\u0161tu rada.<\/p>\n<p>Najamni uslu\u017eni i skrbni\u010dki rad zrcale sa svojim zadacima nepla\u0107ene uslu\u017ene i skrbni\u010dke poslove, prokazuju\u0107i prijetvornost individualizacije i devalorizacije rada u ku\u0107i. Desetak godina prije &#8220;Jeanne Dielman&#8221;, Kre\u0161o Golik filmom &#8220;Od 3 do 22&#8221; (1966.) skicirao je radni dan 22-godi\u0161nje tekstilne radnice Smilje Glava\u0161, u kojem se ubrzano, ritmi\u010dno navla\u010denje tekstilnih vlakana na mehani\u010dke pre\u0111e u tvornici pretapa u isto tako ubrzano, ritmi\u010dno rezanje povr\u0107a za juhu, kupanje i presvla\u010denje djeteta, pranje posu\u0111a i odje\u0107e u ku\u0107i. Razlike su, kako film pokazuje, samo mehani\u010dke; za maksimalnu iscije\u0111enost radnog vremena, u tvornici dolazi do jo\u0161 ve\u0107ega usitnjavanja radnoga procesa u specijalizaciji rada te time gubljenja oblika i strukture jo\u0161 uvijek zadr\u017eanih u rukama ku\u0107anske radnice. Tekstilna \u0107e se vlakna na pre\u0111i isto popodne pretvoriti u konce kojima \u0107e Glava\u0161 krpati djetetu odje\u0107u.<\/p>\n<p>Kao \u0161to je znanje \u0161ivanja i pletenja ste\u010deno i ne treba ga svaka osoba imati, tako su i vje\u0161tine i znanja koja iziskuje skrb o djeci ne\u0161to \u0161to se stje\u010de i \u0161to ne mo\u017ee biti ovisno o materijalnim i obrazovnim mogu\u0107nostima i okolnostima njihovih skrbnika. Uklju\u010denost u vrti\u0107e zna\u010dajno smanjuje rizik od siroma\u0161tva i podr\u017eava dru\u0161tveni, emocionalni, jezi\u010dni i kognitivni razvoj djece. Nov\u010dana naknada roditeljima odgojiteljima trebala je \u017eene zadr\u017eati u ku\u0107i i zatomiti probleme manjka kapaciteta u gradskim vrti\u0107ima i pretrpanosti odgojnih skupina, koji ne jenjavaju i dalje za obitelji neobuhva\u0107ene mjerom. Isto tako, slu\u017eila je skretanju pa\u017enje s lo\u0161ih radnih uvjeta i mr\u0161avih primanja najamnih radnica u industrijama iz kojih \u017eene korisnice ove mjere ponajvi\u0161e dolaze.<\/p>\n<p>Indikativnim je dijelom Odluke i to da je koncipirana tako da prije\u010di kori\u0161tenje mjere nedr\u017eavljanima i osobama koje nemaju prijavljeno prebivali\u0161te u Zagrebu barem pet godina, a zamjenjuje i rodiljnu naknadu i naknadu za nezaposlene (formalno smanjuju\u0107i statistike o zaposlenosti). Zagrebom kao glavnim gradom i ekonomskim sredi\u0161tem kre\u0107e se znatan broj stanovni\u0161tva, \u0161to doseljavanjem iz drugih dijelova Hrvatske, \u0161to me\u0111udr\u017eavnim migracijama. Ured za demografiju bilje\u017ei da se od 2011. do 2018. samo iz drugih \u017eupanija doselilo 77.842 ljudi, odnosno prosje\u010dno godi\u0161nje 9685 osoba. Broj doseljenih osoba iz inozemstva u razdoblju od 2011. do 2019. tako\u0111er je u porastu, s 33.530 osoba ili oko 3725 prosje\u010dno godi\u0161nje. Isklju\u010divanjem onih koji nisu dr\u017eavljani i koji nemaju prebivali\u0161te barem pet godina postaje jasno da ne samo da nije rije\u010d o socijalnoj mjeri (kako je isticano na sjednici Gradske skup\u0161tine), nego ni o demografskoj. Jer demografski u\u010dinci posti\u017eu se ve\u0107 migracijama, a cirkulacija je stanovni\u0161tva u Zagrebu stabilna, pa \u010demu onda toliko inzistiranje na natalitetu? Presuda Europskoga suda za ljudska prava o odgovornosti Hrvatske za smrt malene Afganistanke Madine, kao i brojna svjedo\u010denja i izvje\u0161taji o protjerivanju i nasilju na granicama izo\u0161travaju re\u017eime nacije i dr\u017eavljanstva koji su isto tako okrenuti protiv \u017eivota romskih i drugih socijalno ugro\u017eenih obitelji koje nemaju razrije\u0161en administrativni status.<\/p>\n<p>U Akermaninu filmu, klaustrofobi\u010dna rutina samohrane majke, koja uzdr\u017eava obitelj seksualnim radom (ni po \u010demu iznimnim drugim ku\u0107anskim aktivnostima na ekranu, osim u tome \u0161to donosi nadnicu), primaju\u0107i klijente od 17.00 do 17.30, u vremenu potrebnom da voda zavrije i krumpiri budu skuhani, krene se raspadati u naizgled trivijalnim, sitnim odstupanjima i zapinjanjima u automatiziranim i jednoobraznim radnjama odr\u017eavanja ku\u0107anstva. Kroz te omanje pukotine prodiru uznemirenost i tjeskoba koje eskaliraju jednoga dana kada, prerano namje\u0161tenom budilicom, nastane sat vremena vi\u0161ka u kojem prodire svijest o okolnostima vlastita \u017eivota, a koje omogu\u0107uju proliferaciju obesmisluju\u0107ega i eksploatativnoga rada. Borba za sat po sat u danu za promi\u0161ljanje i udru\u017eivanje generirala je teorijske i organizacijske temelje &#8220;Nadnica za ku\u0107anski rad&#8221;, teorije socijalne reprodukcije i daljnje feministi\u010dke nadogradnje razrje\u0161avanja pitanja koja se zagu\u0161uju populisti\u010dkim i dodatno ukopavaju\u0107im mjerama poput mjere roditelj odgojitelj. Socijalizacija, odnosno kolektivizacija ku\u0107anskoga i skrbni\u010dkoga rada jedini je odgovor koji je transformativan i koji mo\u017ee imati emancipatorni u\u010dinak i za \u017eene i za djecu.<\/p>\n<p><em>pi\u0161e Nina \u010colovi\u0107<\/em><\/p>\n","protected":false},"excerpt":{"rendered":"<p>Nov\u010dana naknada roditeljima odgojiteljima trebala je \u017eene zadr\u017eati u ku\u0107i i zatomiti probleme s kapacitetima gradskih vrti\u0107a. Nasuprot takvim mjerama, socijalizacija ku\u0107anskoga i skrbni\u010dkoga rada jedini je transformativan odgovor koji mo\u017ee imati emancipatorni u\u010dinak i za \u017eene i za djecu<\/p>\n","protected":false},"featured_media":2981,"template":"","tags":[130],"atribut":[],"class_list":["post-981","nada","type-nada","status-publish","has-post-thumbnail","hentry","tag-tema"],"acf":[],"yoast_head":"<!-- This site is optimized with the Yoast SEO plugin v27.4 - https:\/\/yoast.com\/product\/yoast-seo-wordpress\/ -->\n<title>Grad za ku\u0107ni rad - SDF - Srpski demokratski forum<\/title>\n<meta name=\"robots\" content=\"index, follow, max-snippet:-1, max-image-preview:large, max-video-preview:-1\" \/>\n<link rel=\"canonical\" href=\"https:\/\/sdf.hr\/hr\/nada\/grad-za-kucni-rad\/\" \/>\n<meta property=\"og:locale\" content=\"hr_HR\" \/>\n<meta property=\"og:type\" content=\"article\" \/>\n<meta property=\"og:title\" content=\"Grad za ku\u0107ni rad - SDF - Srpski demokratski forum\" \/>\n<meta property=\"og:description\" content=\"Nov\u010dana naknada roditeljima odgojiteljima trebala je \u017eene zadr\u017eati u ku\u0107i i zatomiti probleme s kapacitetima gradskih vrti\u0107a. Nasuprot takvim mjerama, socijalizacija ku\u0107anskoga i skrbni\u010dkoga rada jedini je transformativan odgovor koji mo\u017ee imati emancipatorni u\u010dinak i za \u017eene i za djecu\" \/>\n<meta property=\"og:url\" content=\"https:\/\/sdf.hr\/hr\/nada\/grad-za-kucni-rad\/\" \/>\n<meta property=\"og:site_name\" content=\"SDF - Srpski demokratski forum\" \/>\n<meta property=\"article:modified_time\" content=\"2023-03-22T16:55:31+00:00\" \/>\n<meta property=\"og:image\" content=\"https:\/\/sdf.hr\/wp-content\/uploads\/2022\/08\/Prosvjed-roditelj-odgojitelj_Marko-Lukunic-1-scaled.jpg\" \/>\n\t<meta property=\"og:image:width\" content=\"2560\" \/>\n\t<meta property=\"og:image:height\" content=\"1745\" \/>\n\t<meta property=\"og:image:type\" content=\"image\/jpeg\" \/>\n<meta name=\"twitter:card\" content=\"summary_large_image\" \/>\n<meta name=\"twitter:label1\" content=\"Procijenjeno vrijeme \u010ditanja\" \/>\n\t<meta name=\"twitter:data1\" content=\"10 minuta\" \/>\n<script type=\"application\/ld+json\" class=\"yoast-schema-graph\">{\"@context\":\"https:\\\/\\\/schema.org\",\"@graph\":[{\"@type\":\"WebPage\",\"@id\":\"https:\\\/\\\/sdf.hr\\\/hr\\\/nada\\\/grad-za-kucni-rad\\\/\",\"url\":\"https:\\\/\\\/sdf.hr\\\/hr\\\/nada\\\/grad-za-kucni-rad\\\/\",\"name\":\"Grad za ku\u0107ni rad - SDF - Srpski demokratski forum\",\"isPartOf\":{\"@id\":\"https:\\\/\\\/sdf.hr\\\/#website\"},\"primaryImageOfPage\":{\"@id\":\"https:\\\/\\\/sdf.hr\\\/hr\\\/nada\\\/grad-za-kucni-rad\\\/#primaryimage\"},\"image\":{\"@id\":\"https:\\\/\\\/sdf.hr\\\/hr\\\/nada\\\/grad-za-kucni-rad\\\/#primaryimage\"},\"thumbnailUrl\":\"https:\\\/\\\/sdf.hr\\\/wp-content\\\/uploads\\\/2022\\\/08\\\/Prosvjed-roditelj-odgojitelj_Marko-Lukunic-1-scaled.jpg\",\"datePublished\":\"2022-08-29T11:28:53+00:00\",\"dateModified\":\"2023-03-22T16:55:31+00:00\",\"breadcrumb\":{\"@id\":\"https:\\\/\\\/sdf.hr\\\/hr\\\/nada\\\/grad-za-kucni-rad\\\/#breadcrumb\"},\"inLanguage\":\"hr\",\"potentialAction\":[{\"@type\":\"ReadAction\",\"target\":[\"https:\\\/\\\/sdf.hr\\\/hr\\\/nada\\\/grad-za-kucni-rad\\\/\"]}]},{\"@type\":\"ImageObject\",\"inLanguage\":\"hr\",\"@id\":\"https:\\\/\\\/sdf.hr\\\/hr\\\/nada\\\/grad-za-kucni-rad\\\/#primaryimage\",\"url\":\"https:\\\/\\\/sdf.hr\\\/wp-content\\\/uploads\\\/2022\\\/08\\\/Prosvjed-roditelj-odgojitelj_Marko-Lukunic-1-scaled.jpg\",\"contentUrl\":\"https:\\\/\\\/sdf.hr\\\/wp-content\\\/uploads\\\/2022\\\/08\\\/Prosvjed-roditelj-odgojitelj_Marko-Lukunic-1-scaled.jpg\",\"width\":2560,\"height\":1745,\"caption\":\"Prosvjed zbog ukidanja mjere roditelj odgojitelj (Foto: Marko Lukuni\u0107\\\/PIXSELL)\"},{\"@type\":\"BreadcrumbList\",\"@id\":\"https:\\\/\\\/sdf.hr\\\/hr\\\/nada\\\/grad-za-kucni-rad\\\/#breadcrumb\",\"itemListElement\":[{\"@type\":\"ListItem\",\"position\":1,\"name\":\"Po\u010detna stranica\",\"item\":\"https:\\\/\\\/sdf.hr\\\/hr\\\/\"},{\"@type\":\"ListItem\",\"position\":2,\"name\":\"Nada\",\"item\":\"https:\\\/\\\/sdf.hr\\\/nada\\\/\"},{\"@type\":\"ListItem\",\"position\":3,\"name\":\"Grad za ku\u0107ni rad\"}]},{\"@type\":\"WebSite\",\"@id\":\"https:\\\/\\\/sdf.hr\\\/#website\",\"url\":\"https:\\\/\\\/sdf.hr\\\/\",\"name\":\"SDF - Srpski demokratski forum\",\"description\":\"Srpski demokratski forum\",\"publisher\":{\"@id\":\"https:\\\/\\\/sdf.hr\\\/#organization\"},\"potentialAction\":[{\"@type\":\"SearchAction\",\"target\":{\"@type\":\"EntryPoint\",\"urlTemplate\":\"https:\\\/\\\/sdf.hr\\\/?s={search_term_string}\"},\"query-input\":{\"@type\":\"PropertyValueSpecification\",\"valueRequired\":true,\"valueName\":\"search_term_string\"}}],\"inLanguage\":\"hr\"},{\"@type\":\"Organization\",\"@id\":\"https:\\\/\\\/sdf.hr\\\/#organization\",\"name\":\"SDF - Srpski demokratski forum\",\"url\":\"https:\\\/\\\/sdf.hr\\\/\",\"logo\":{\"@type\":\"ImageObject\",\"inLanguage\":\"hr\",\"@id\":\"https:\\\/\\\/sdf.hr\\\/#\\\/schema\\\/logo\\\/image\\\/\",\"url\":\"https:\\\/\\\/sdf.hr\\\/wp-content\\\/uploads\\\/2021\\\/07\\\/logo-hr.svg\",\"contentUrl\":\"https:\\\/\\\/sdf.hr\\\/wp-content\\\/uploads\\\/2021\\\/07\\\/logo-hr.svg\",\"width\":271,\"height\":100,\"caption\":\"SDF - Srpski demokratski forum\"},\"image\":{\"@id\":\"https:\\\/\\\/sdf.hr\\\/#\\\/schema\\\/logo\\\/image\\\/\"}}]}<\/script>\n<!-- \/ Yoast SEO plugin. -->","yoast_head_json":{"title":"Grad za ku\u0107ni rad - SDF - Srpski demokratski forum","robots":{"index":"index","follow":"follow","max-snippet":"max-snippet:-1","max-image-preview":"max-image-preview:large","max-video-preview":"max-video-preview:-1"},"canonical":"https:\/\/sdf.hr\/hr\/nada\/grad-za-kucni-rad\/","og_locale":"hr_HR","og_type":"article","og_title":"Grad za ku\u0107ni rad - SDF - Srpski demokratski forum","og_description":"Nov\u010dana naknada roditeljima odgojiteljima trebala je \u017eene zadr\u017eati u ku\u0107i i zatomiti probleme s kapacitetima gradskih vrti\u0107a. Nasuprot takvim mjerama, socijalizacija ku\u0107anskoga i skrbni\u010dkoga rada jedini je transformativan odgovor koji mo\u017ee imati emancipatorni u\u010dinak i za \u017eene i za djecu","og_url":"https:\/\/sdf.hr\/hr\/nada\/grad-za-kucni-rad\/","og_site_name":"SDF - Srpski demokratski forum","article_modified_time":"2023-03-22T16:55:31+00:00","og_image":[{"width":2560,"height":1745,"url":"https:\/\/sdf.hr\/wp-content\/uploads\/2022\/08\/Prosvjed-roditelj-odgojitelj_Marko-Lukunic-1-scaled.jpg","type":"image\/jpeg"}],"twitter_card":"summary_large_image","twitter_misc":{"Procijenjeno vrijeme \u010ditanja":"10 minuta"},"schema":{"@context":"https:\/\/schema.org","@graph":[{"@type":"WebPage","@id":"https:\/\/sdf.hr\/hr\/nada\/grad-za-kucni-rad\/","url":"https:\/\/sdf.hr\/hr\/nada\/grad-za-kucni-rad\/","name":"Grad za ku\u0107ni rad - SDF - Srpski demokratski forum","isPartOf":{"@id":"https:\/\/sdf.hr\/#website"},"primaryImageOfPage":{"@id":"https:\/\/sdf.hr\/hr\/nada\/grad-za-kucni-rad\/#primaryimage"},"image":{"@id":"https:\/\/sdf.hr\/hr\/nada\/grad-za-kucni-rad\/#primaryimage"},"thumbnailUrl":"https:\/\/sdf.hr\/wp-content\/uploads\/2022\/08\/Prosvjed-roditelj-odgojitelj_Marko-Lukunic-1-scaled.jpg","datePublished":"2022-08-29T11:28:53+00:00","dateModified":"2023-03-22T16:55:31+00:00","breadcrumb":{"@id":"https:\/\/sdf.hr\/hr\/nada\/grad-za-kucni-rad\/#breadcrumb"},"inLanguage":"hr","potentialAction":[{"@type":"ReadAction","target":["https:\/\/sdf.hr\/hr\/nada\/grad-za-kucni-rad\/"]}]},{"@type":"ImageObject","inLanguage":"hr","@id":"https:\/\/sdf.hr\/hr\/nada\/grad-za-kucni-rad\/#primaryimage","url":"https:\/\/sdf.hr\/wp-content\/uploads\/2022\/08\/Prosvjed-roditelj-odgojitelj_Marko-Lukunic-1-scaled.jpg","contentUrl":"https:\/\/sdf.hr\/wp-content\/uploads\/2022\/08\/Prosvjed-roditelj-odgojitelj_Marko-Lukunic-1-scaled.jpg","width":2560,"height":1745,"caption":"Prosvjed zbog ukidanja mjere roditelj odgojitelj (Foto: Marko Lukuni\u0107\/PIXSELL)"},{"@type":"BreadcrumbList","@id":"https:\/\/sdf.hr\/hr\/nada\/grad-za-kucni-rad\/#breadcrumb","itemListElement":[{"@type":"ListItem","position":1,"name":"Po\u010detna stranica","item":"https:\/\/sdf.hr\/hr\/"},{"@type":"ListItem","position":2,"name":"Nada","item":"https:\/\/sdf.hr\/nada\/"},{"@type":"ListItem","position":3,"name":"Grad za ku\u0107ni rad"}]},{"@type":"WebSite","@id":"https:\/\/sdf.hr\/#website","url":"https:\/\/sdf.hr\/","name":"SDF - Srpski demokratski forum","description":"Srpski demokratski forum","publisher":{"@id":"https:\/\/sdf.hr\/#organization"},"potentialAction":[{"@type":"SearchAction","target":{"@type":"EntryPoint","urlTemplate":"https:\/\/sdf.hr\/?s={search_term_string}"},"query-input":{"@type":"PropertyValueSpecification","valueRequired":true,"valueName":"search_term_string"}}],"inLanguage":"hr"},{"@type":"Organization","@id":"https:\/\/sdf.hr\/#organization","name":"SDF - Srpski demokratski forum","url":"https:\/\/sdf.hr\/","logo":{"@type":"ImageObject","inLanguage":"hr","@id":"https:\/\/sdf.hr\/#\/schema\/logo\/image\/","url":"https:\/\/sdf.hr\/wp-content\/uploads\/2021\/07\/logo-hr.svg","contentUrl":"https:\/\/sdf.hr\/wp-content\/uploads\/2021\/07\/logo-hr.svg","width":271,"height":100,"caption":"SDF - Srpski demokratski forum"},"image":{"@id":"https:\/\/sdf.hr\/#\/schema\/logo\/image\/"}}]}},"_links":{"self":[{"href":"https:\/\/sdf.hr\/hr\/wp-json\/wp\/v2\/nada\/981","targetHints":{"allow":["GET"]}}],"collection":[{"href":"https:\/\/sdf.hr\/hr\/wp-json\/wp\/v2\/nada"}],"about":[{"href":"https:\/\/sdf.hr\/hr\/wp-json\/wp\/v2\/types\/nada"}],"wp:featuredmedia":[{"embeddable":true,"href":"https:\/\/sdf.hr\/hr\/wp-json\/wp\/v2\/media\/2981"}],"wp:attachment":[{"href":"https:\/\/sdf.hr\/hr\/wp-json\/wp\/v2\/media?parent=981"}],"wp:term":[{"taxonomy":"post_tag","embeddable":true,"href":"https:\/\/sdf.hr\/hr\/wp-json\/wp\/v2\/tags?post=981"},{"taxonomy":"atribut","embeddable":true,"href":"https:\/\/sdf.hr\/hr\/wp-json\/wp\/v2\/atribut?post=981"}],"curies":[{"name":"wp","href":"https:\/\/api.w.org\/{rel}","templated":true}]}}