{"id":998,"date":"2022-08-29T13:41:02","date_gmt":"2022-08-29T11:41:02","guid":{"rendered":"https:\/\/sdf.hr\/?post_type=nada&#038;p=998"},"modified":"2023-03-22T17:45:27","modified_gmt":"2023-03-22T16:45:27","slug":"prhka-savijaca","status":"publish","type":"nada","link":"https:\/\/sdf.hr\/hr\/nada\/prhka-savijaca\/","title":{"rendered":"Prhka savija\u010da"},"content":{"rendered":"<p>U vrijeme blagdana poput Uskrsa ili Bo\u017ei\u0107a te za razne druge sve\u010danosti tradicionalno se spravljaju kola\u010di poput ovih savija\u010da s dizanim tijestom i nadjevom od oraha, maka ili roga\u010da. Bilo da se radi o povitici ili savija\u010di od mekog, dizanog tijesta ili u ovoj varijanti, s prhkim dizanim tijestom, doma\u0107ice znaju da \u0107e gosti uvijek komentirati je li nadjev bogat i je li tijesto meko te kako se uvilo. Mak mi je najdra\u017ei, to ste ve\u0107 mogli primijetiti, orasi su klasika i ina\u010de u slasticama, ali roga\u010d je namirnica koju smo mo\u017eda pomalo zaboravili. Stoga sam za ove blagdane odlu\u010dila ispe\u0107i sva tri okusa pa tko \u0161to voli. Za ovakav kola\u010d punjen roga\u010dem se kod nas ka\u017ee karubnja\u010da. Kao mla\u0111a sam zazirala od tih vrsta slastica, nisam ih voljela pripremati, a od pomisli na dugotrajno \u010di\u0161\u0107enje oraha dizala mi se kosa na glavi. Kao \u0161to to uvijek biva, s godinama do\u0111e ta neka mudrost pa shvati\u0161 da su na\u0161e bake i mame bile prave umjetnice u izradi ovakvih kola\u010da, naro\u010dito kada nije bilo pomo\u0107i moderne tehnologije.<\/p>\n<p><strong><em>Tijesto<\/em><\/strong><\/p>\n<p>600 g bra\u0161na (mo\u017eete pomije\u0161ati pola glatko, pola o\u0161tro)<br \/>\n20 g svje\u017eeg kvasca<br \/>\n100 g masti<br \/>\n40 g maslaca<br \/>\n130 g \u0161e\u0107era<br \/>\n1 vanilin \u0161e\u0107er<br \/>\n4 \u017eumanjka<br \/>\nkorica limuna<br \/>\n2,5 dl mlakog mlijeka<\/p>\n<p><strong><em>Nadjev od oraha<\/em><\/strong><\/p>\n<p>200 g mljevenih oraha<br \/>\n100 g \u0161e\u0107era<br \/>\n1 vanilin \u0161e\u0107er<br \/>\n\u017elica ruma<br \/>\n1 dl vru\u0107eg mlijeka<br \/>\n2 \u017elice tu\u010denog bjelanjka<\/p>\n<p><strong><em>Nadjev od maka<\/em><\/strong><\/p>\n<p>200 g mljevenog maka<br \/>\n100 g \u0161e\u0107era<br \/>\n1 vanilin \u0161e\u0107er<br \/>\nlimunova korica<br \/>\n2 dl vru\u0107eg mlijeka<br \/>\n3 \u017elice tu\u010denog bjelanjka<\/p>\n<p><strong><em>Nadjev od roga\u010da<\/em><\/strong><\/p>\n<p>200 g mljevenog roga\u010da<br \/>\n100 g \u0161e\u0107era<br \/>\n1 vanilin \u0161e\u0107er<br \/>\n2 naribane jabuke (srednje veli\u010dine)<br \/>\n2 dl vru\u0107eg mlijeka<br \/>\n3 \u017elice tu\u010denog bjelanjka<\/p>\n<p><strong><em>Priprema<\/em><\/strong><\/p>\n<p>Za tijesto najprije razmrvite kvasac u toplom mlijeku te mu od ukupne koli\u010dine dodajte po \u017eli\u010dicu \u0161e\u0107era i bra\u0161na. Ostavite 15 minuta da se aktivira. Odvojite \u017eumanjke od bjelanjaka. Bjelanjke spremite za pripremu nadjeva. Rastopite mast i maslac te ostavite da se malo prohlade, ali ne da se posve stisnu. Bra\u0161no prosijte te mu dodajte obje vrste \u0161e\u0107era, \u017eumanjke, masno\u0107u, rum, limunovu koricu i aktivirani kvasac s mlijekom. Zamijesite glatko tijesto koje dobro izradite mikserom spiralnim nastavcima pa ga dovr\u0161ite na dasci rukama. Tijesto stavite u posudu za dizanje i prekrijte krpom te ostavite najmanje sat vremena da se di\u017ee. Za to vrijeme pripremite nadjeve.<\/p>\n<p>Za nadjev od oraha pomije\u0161ajte mljevene orahe s obje vrste \u0161e\u0107era i rumom te zalijte vru\u0107im mlijekom i dobro promije\u0161ajte. U prohla\u0111eno stavite dvije \u017elice snijega od bjelanjaka.<\/p>\n<p>Za nadjev od maka pomije\u0161ajte mljeveni mak s obje vrste \u0161e\u0107era i limunovom koricom, zalijte vru\u0107im mlijekom te dobro promije\u0161ajte. U prohla\u0111eno dodajte tri \u017elice snijega od bjelanjaka Za nadjev od roga\u010da pomije\u0161ajte mljeveni roga\u010d s obje vrste \u0161e\u0107era, zalijte vru\u0107im mlijekom te dobro promije\u0161ajte. U prohla\u0111eno dodajte naribane jabuke i tri \u017elice snijega od bjelanjaka.<\/p>\n<p>Dignuto tijesto podijelite na tri jednaka dijela. Svaki dio razvaljajte tanko, na du\u017einu lima za pe\u010denje. Prema\u017eite nadjevima te zarolajte u savija\u010du. Savija\u010de stavite na masni papir u lim za pe\u010denje. Prekrijte krpom i ostavite jo\u0161 pola sata da se di\u017eu. Zagrijte pe\u0107nicu na 200 stupnjeva, prema\u017eite savija\u010de uljem te stavite pe\u0107i 10 minuta. Nakon 10 minuta smanjite temperaturu pe\u0107nice na 180 stupnjeva i pecite jo\u0161 40 minuta dok savija\u010de ne porumene. Vru\u0107e savija\u010de pomo\u0107u tacne preokrenite naopako te ostavite 10-ak minuta da vam se korica ne odvaja, a zatim vratite i prekrijte krpom da se ohlade te ih pospite \u0161e\u0107erom u prahu. Ovakve savija\u010de su prhke, a so\u010dne zbog punjenja. O mirisima dok se peku da ne govorim.<\/p>\n<p>Dobar tek!<\/p>\n<p><em>pi\u0161e Valentina Vukadinovi\u0107<\/em><\/p>\n","protected":false},"excerpt":{"rendered":"<p>U vrijeme blagdana te za razne druge sve\u010danosti tradicionalno se spravljaju kola\u010di poput savija\u010da s dizanim tijestom i nadjevom od oraha, maka ili roga\u010da. Savija\u010de su prhke, a so\u010dne zbog punjenja. O mirisima dok se peku da ne govorimo<\/p>\n","protected":false},"featured_media":2966,"template":"","tags":[42],"atribut":[],"class_list":["post-998","nada","type-nada","status-publish","has-post-thumbnail","hentry","tag-gorski-kotao"],"acf":[],"yoast_head":"<!-- This site is optimized with the Yoast SEO plugin v27.4 - https:\/\/yoast.com\/product\/yoast-seo-wordpress\/ -->\n<title>Prhka savija\u010da - SDF - Srpski demokratski forum<\/title>\n<meta name=\"robots\" content=\"index, follow, max-snippet:-1, max-image-preview:large, max-video-preview:-1\" \/>\n<link rel=\"canonical\" href=\"https:\/\/sdf.hr\/hr\/nada\/prhka-savijaca\/\" \/>\n<meta property=\"og:locale\" content=\"hr_HR\" \/>\n<meta property=\"og:type\" content=\"article\" \/>\n<meta property=\"og:title\" content=\"Prhka savija\u010da - SDF - Srpski demokratski forum\" \/>\n<meta property=\"og:description\" content=\"U vrijeme blagdana te za razne druge sve\u010danosti tradicionalno se spravljaju kola\u010di poput savija\u010da s dizanim tijestom i nadjevom od oraha, maka ili roga\u010da. Savija\u010de su prhke, a so\u010dne zbog punjenja. O mirisima dok se peku da ne govorimo\" \/>\n<meta property=\"og:url\" content=\"https:\/\/sdf.hr\/hr\/nada\/prhka-savijaca\/\" \/>\n<meta property=\"og:site_name\" content=\"SDF - Srpski demokratski forum\" \/>\n<meta property=\"article:modified_time\" content=\"2023-03-22T16:45:27+00:00\" \/>\n<meta property=\"og:image\" content=\"https:\/\/sdf.hr\/wp-content\/uploads\/2022\/08\/Orahnjaca-scaled.jpeg\" \/>\n\t<meta property=\"og:image:width\" content=\"1244\" \/>\n\t<meta property=\"og:image:height\" content=\"2560\" \/>\n\t<meta property=\"og:image:type\" content=\"image\/jpeg\" \/>\n<meta name=\"twitter:card\" content=\"summary_large_image\" \/>\n<meta name=\"twitter:label1\" content=\"Procijenjeno vrijeme \u010ditanja\" \/>\n\t<meta name=\"twitter:data1\" content=\"3 minute\" \/>\n<script type=\"application\/ld+json\" class=\"yoast-schema-graph\">{\"@context\":\"https:\\\/\\\/schema.org\",\"@graph\":[{\"@type\":\"WebPage\",\"@id\":\"https:\\\/\\\/sdf.hr\\\/hr\\\/nada\\\/prhka-savijaca\\\/\",\"url\":\"https:\\\/\\\/sdf.hr\\\/hr\\\/nada\\\/prhka-savijaca\\\/\",\"name\":\"Prhka savija\u010da - SDF - Srpski demokratski forum\",\"isPartOf\":{\"@id\":\"https:\\\/\\\/sdf.hr\\\/#website\"},\"primaryImageOfPage\":{\"@id\":\"https:\\\/\\\/sdf.hr\\\/hr\\\/nada\\\/prhka-savijaca\\\/#primaryimage\"},\"image\":{\"@id\":\"https:\\\/\\\/sdf.hr\\\/hr\\\/nada\\\/prhka-savijaca\\\/#primaryimage\"},\"thumbnailUrl\":\"https:\\\/\\\/sdf.hr\\\/wp-content\\\/uploads\\\/2022\\\/08\\\/Orahnjaca-scaled.jpeg\",\"datePublished\":\"2022-08-29T11:41:02+00:00\",\"dateModified\":\"2023-03-22T16:45:27+00:00\",\"breadcrumb\":{\"@id\":\"https:\\\/\\\/sdf.hr\\\/hr\\\/nada\\\/prhka-savijaca\\\/#breadcrumb\"},\"inLanguage\":\"hr\",\"potentialAction\":[{\"@type\":\"ReadAction\",\"target\":[\"https:\\\/\\\/sdf.hr\\\/hr\\\/nada\\\/prhka-savijaca\\\/\"]}]},{\"@type\":\"ImageObject\",\"inLanguage\":\"hr\",\"@id\":\"https:\\\/\\\/sdf.hr\\\/hr\\\/nada\\\/prhka-savijaca\\\/#primaryimage\",\"url\":\"https:\\\/\\\/sdf.hr\\\/wp-content\\\/uploads\\\/2022\\\/08\\\/Orahnjaca-scaled.jpeg\",\"contentUrl\":\"https:\\\/\\\/sdf.hr\\\/wp-content\\\/uploads\\\/2022\\\/08\\\/Orahnjaca-scaled.jpeg\",\"width\":1244,\"height\":2560},{\"@type\":\"BreadcrumbList\",\"@id\":\"https:\\\/\\\/sdf.hr\\\/hr\\\/nada\\\/prhka-savijaca\\\/#breadcrumb\",\"itemListElement\":[{\"@type\":\"ListItem\",\"position\":1,\"name\":\"Po\u010detna stranica\",\"item\":\"https:\\\/\\\/sdf.hr\\\/hr\\\/\"},{\"@type\":\"ListItem\",\"position\":2,\"name\":\"Nada\",\"item\":\"https:\\\/\\\/sdf.hr\\\/nada\\\/\"},{\"@type\":\"ListItem\",\"position\":3,\"name\":\"Prhka savija\u010da\"}]},{\"@type\":\"WebSite\",\"@id\":\"https:\\\/\\\/sdf.hr\\\/#website\",\"url\":\"https:\\\/\\\/sdf.hr\\\/\",\"name\":\"SDF - Srpski demokratski forum\",\"description\":\"Srpski demokratski forum\",\"publisher\":{\"@id\":\"https:\\\/\\\/sdf.hr\\\/#organization\"},\"potentialAction\":[{\"@type\":\"SearchAction\",\"target\":{\"@type\":\"EntryPoint\",\"urlTemplate\":\"https:\\\/\\\/sdf.hr\\\/?s={search_term_string}\"},\"query-input\":{\"@type\":\"PropertyValueSpecification\",\"valueRequired\":true,\"valueName\":\"search_term_string\"}}],\"inLanguage\":\"hr\"},{\"@type\":\"Organization\",\"@id\":\"https:\\\/\\\/sdf.hr\\\/#organization\",\"name\":\"SDF - Srpski demokratski forum\",\"url\":\"https:\\\/\\\/sdf.hr\\\/\",\"logo\":{\"@type\":\"ImageObject\",\"inLanguage\":\"hr\",\"@id\":\"https:\\\/\\\/sdf.hr\\\/#\\\/schema\\\/logo\\\/image\\\/\",\"url\":\"https:\\\/\\\/sdf.hr\\\/wp-content\\\/uploads\\\/2021\\\/07\\\/logo-hr.svg\",\"contentUrl\":\"https:\\\/\\\/sdf.hr\\\/wp-content\\\/uploads\\\/2021\\\/07\\\/logo-hr.svg\",\"width\":271,\"height\":100,\"caption\":\"SDF - Srpski demokratski forum\"},\"image\":{\"@id\":\"https:\\\/\\\/sdf.hr\\\/#\\\/schema\\\/logo\\\/image\\\/\"}}]}<\/script>\n<!-- \/ Yoast SEO plugin. -->","yoast_head_json":{"title":"Prhka savija\u010da - SDF - Srpski demokratski forum","robots":{"index":"index","follow":"follow","max-snippet":"max-snippet:-1","max-image-preview":"max-image-preview:large","max-video-preview":"max-video-preview:-1"},"canonical":"https:\/\/sdf.hr\/hr\/nada\/prhka-savijaca\/","og_locale":"hr_HR","og_type":"article","og_title":"Prhka savija\u010da - SDF - Srpski demokratski forum","og_description":"U vrijeme blagdana te za razne druge sve\u010danosti tradicionalno se spravljaju kola\u010di poput savija\u010da s dizanim tijestom i nadjevom od oraha, maka ili roga\u010da. Savija\u010de su prhke, a so\u010dne zbog punjenja. O mirisima dok se peku da ne govorimo","og_url":"https:\/\/sdf.hr\/hr\/nada\/prhka-savijaca\/","og_site_name":"SDF - Srpski demokratski forum","article_modified_time":"2023-03-22T16:45:27+00:00","og_image":[{"width":1244,"height":2560,"url":"https:\/\/sdf.hr\/wp-content\/uploads\/2022\/08\/Orahnjaca-scaled.jpeg","type":"image\/jpeg"}],"twitter_card":"summary_large_image","twitter_misc":{"Procijenjeno vrijeme \u010ditanja":"3 minute"},"schema":{"@context":"https:\/\/schema.org","@graph":[{"@type":"WebPage","@id":"https:\/\/sdf.hr\/hr\/nada\/prhka-savijaca\/","url":"https:\/\/sdf.hr\/hr\/nada\/prhka-savijaca\/","name":"Prhka savija\u010da - SDF - Srpski demokratski forum","isPartOf":{"@id":"https:\/\/sdf.hr\/#website"},"primaryImageOfPage":{"@id":"https:\/\/sdf.hr\/hr\/nada\/prhka-savijaca\/#primaryimage"},"image":{"@id":"https:\/\/sdf.hr\/hr\/nada\/prhka-savijaca\/#primaryimage"},"thumbnailUrl":"https:\/\/sdf.hr\/wp-content\/uploads\/2022\/08\/Orahnjaca-scaled.jpeg","datePublished":"2022-08-29T11:41:02+00:00","dateModified":"2023-03-22T16:45:27+00:00","breadcrumb":{"@id":"https:\/\/sdf.hr\/hr\/nada\/prhka-savijaca\/#breadcrumb"},"inLanguage":"hr","potentialAction":[{"@type":"ReadAction","target":["https:\/\/sdf.hr\/hr\/nada\/prhka-savijaca\/"]}]},{"@type":"ImageObject","inLanguage":"hr","@id":"https:\/\/sdf.hr\/hr\/nada\/prhka-savijaca\/#primaryimage","url":"https:\/\/sdf.hr\/wp-content\/uploads\/2022\/08\/Orahnjaca-scaled.jpeg","contentUrl":"https:\/\/sdf.hr\/wp-content\/uploads\/2022\/08\/Orahnjaca-scaled.jpeg","width":1244,"height":2560},{"@type":"BreadcrumbList","@id":"https:\/\/sdf.hr\/hr\/nada\/prhka-savijaca\/#breadcrumb","itemListElement":[{"@type":"ListItem","position":1,"name":"Po\u010detna stranica","item":"https:\/\/sdf.hr\/hr\/"},{"@type":"ListItem","position":2,"name":"Nada","item":"https:\/\/sdf.hr\/nada\/"},{"@type":"ListItem","position":3,"name":"Prhka savija\u010da"}]},{"@type":"WebSite","@id":"https:\/\/sdf.hr\/#website","url":"https:\/\/sdf.hr\/","name":"SDF - Srpski demokratski forum","description":"Srpski demokratski forum","publisher":{"@id":"https:\/\/sdf.hr\/#organization"},"potentialAction":[{"@type":"SearchAction","target":{"@type":"EntryPoint","urlTemplate":"https:\/\/sdf.hr\/?s={search_term_string}"},"query-input":{"@type":"PropertyValueSpecification","valueRequired":true,"valueName":"search_term_string"}}],"inLanguage":"hr"},{"@type":"Organization","@id":"https:\/\/sdf.hr\/#organization","name":"SDF - Srpski demokratski forum","url":"https:\/\/sdf.hr\/","logo":{"@type":"ImageObject","inLanguage":"hr","@id":"https:\/\/sdf.hr\/#\/schema\/logo\/image\/","url":"https:\/\/sdf.hr\/wp-content\/uploads\/2021\/07\/logo-hr.svg","contentUrl":"https:\/\/sdf.hr\/wp-content\/uploads\/2021\/07\/logo-hr.svg","width":271,"height":100,"caption":"SDF - Srpski demokratski forum"},"image":{"@id":"https:\/\/sdf.hr\/#\/schema\/logo\/image\/"}}]}},"_links":{"self":[{"href":"https:\/\/sdf.hr\/hr\/wp-json\/wp\/v2\/nada\/998","targetHints":{"allow":["GET"]}}],"collection":[{"href":"https:\/\/sdf.hr\/hr\/wp-json\/wp\/v2\/nada"}],"about":[{"href":"https:\/\/sdf.hr\/hr\/wp-json\/wp\/v2\/types\/nada"}],"wp:featuredmedia":[{"embeddable":true,"href":"https:\/\/sdf.hr\/hr\/wp-json\/wp\/v2\/media\/2966"}],"wp:attachment":[{"href":"https:\/\/sdf.hr\/hr\/wp-json\/wp\/v2\/media?parent=998"}],"wp:term":[{"taxonomy":"post_tag","embeddable":true,"href":"https:\/\/sdf.hr\/hr\/wp-json\/wp\/v2\/tags?post=998"},{"taxonomy":"atribut","embeddable":true,"href":"https:\/\/sdf.hr\/hr\/wp-json\/wp\/v2\/atribut?post=998"}],"curies":[{"name":"wp","href":"https:\/\/api.w.org\/{rel}","templated":true}]}}